{"id":63,"date":"2022-03-02T23:11:47","date_gmt":"2022-03-02T22:11:47","guid":{"rendered":"https:\/\/stipet.se\/vic03\/?page_id=63"},"modified":"2022-03-03T15:49:50","modified_gmt":"2022-03-03T14:49:50","slug":"historik","status":"publish","type":"page","link":"https:\/\/folkdansringen.se\/victoria\/om\/historik\/","title":{"rendered":"Historik"},"content":{"rendered":"\n<h2 class=\"wp-block-heading\"><a href=\"https:\/\/victoria.folkdansringen.se\/index.php\/om-victoria\/historia\/3-historik\"><\/a><a href=\"https:\/\/victoria.folkdansringen.se\/index.php\/om-victoria\/historia\/3-historik\">Historik om f\u00f6reningen<\/a><\/h2>\n\n\n<style>#kt-layout-id_9ac897-59 > .kt-row-column-wrap{align-content:start;}:where(#kt-layout-id_9ac897-59 > .kt-row-column-wrap) > .wp-block-kadence-column{justify-content:start;}#kt-layout-id_9ac897-59 > .kt-row-column-wrap{column-gap:var(--global-kb-gap-md, 2rem);row-gap:var(--global-kb-gap-md, 2rem);padding-top:var( --global-kb-row-default-top, 25px );padding-bottom:var( --global-kb-row-default-bottom, 25px );padding-top:var(--global-kb-spacing-sm, 1.5rem);padding-bottom:var(--global-kb-spacing-sm, 1.5rem);grid-template-columns:minmax(0, 1fr);}#kt-layout-id_9ac897-59 > .kt-row-layout-overlay{opacity:0.30;}@media all and (max-width: 1024px){#kt-layout-id_9ac897-59 > .kt-row-column-wrap{grid-template-columns:minmax(0, 1fr);}}@media all and (max-width: 767px){#kt-layout-id_9ac897-59 > .kt-row-column-wrap{grid-template-columns:minmax(0, 1fr);}}<\/style>\n<div class=\"wp-block-kadence-rowlayout alignnone\"><div id=\"kt-layout-id_9ac897-59\" class=\"kt-row-layout-inner kt-layout-id_9ac897-59\"><div class=\"kt-row-column-wrap kt-has-1-columns kt-gutter-default kt-v-gutter-default kt-row-valign-top kt-row-layout-equal kt-tab-layout-inherit kt-m-colapse-left-to-right kt-mobile-layout-row\"><style>.kadence-column_8c844d-0c > .kt-inside-inner-col{border-top-width:0px;border-right-width:0px;border-bottom-width:0px;border-left-width:0px;}.kadence-column_8c844d-0c > .kt-inside-inner-col,.kadence-column_8c844d-0c > .kt-inside-inner-col:before{border-top-left-radius:0px;border-top-right-radius:0px;border-bottom-right-radius:0px;border-bottom-left-radius:0px;}.kadence-column_8c844d-0c > .kt-inside-inner-col{column-gap:var(--global-kb-gap-sm, 1rem);}.kadence-column_8c844d-0c > .kt-inside-inner-col{flex-direction:column;}.kadence-column_8c844d-0c > .kt-inside-inner-col > .aligncenter{width:100%;}.kadence-column_8c844d-0c > .kt-inside-inner-col:before{opacity:0.3;}.kadence-column_8c844d-0c{position:relative;}@media all and (max-width: 1024px){.kadence-column_8c844d-0c > .kt-inside-inner-col{flex-direction:column;justify-content:center;}}@media all and (max-width: 767px){.kadence-column_8c844d-0c > .kt-inside-inner-col{flex-direction:column;justify-content:center;}}<\/style>\n<div class=\"wp-block-kadence-column inner-column-1 kadence-column_8c844d-0c\"><div class=\"kt-inside-inner-col\"><style>#kt-layout-id_b1c316-84 > .kt-row-column-wrap{align-content:start;}:where(#kt-layout-id_b1c316-84 > .kt-row-column-wrap) > .wp-block-kadence-column{justify-content:start;}#kt-layout-id_b1c316-84 > .kt-row-column-wrap{column-gap:var(--global-kb-gap-md, 2rem);row-gap:var(--global-kb-gap-md, 2rem);padding-top:var( --global-kb-row-default-top, 25px );padding-bottom:var( --global-kb-row-default-bottom, 25px );padding-top:var(--global-kb-spacing-sm, 1.5rem);padding-bottom:var(--global-kb-spacing-sm, 1.5rem);grid-template-columns:minmax(0, 1fr);}#kt-layout-id_b1c316-84 > .kt-row-layout-overlay{opacity:0.30;}@media all and (max-width: 1024px){#kt-layout-id_b1c316-84 > .kt-row-column-wrap{grid-template-columns:minmax(0, 1fr);}}@media all and (max-width: 767px){#kt-layout-id_b1c316-84 > .kt-row-column-wrap{grid-template-columns:minmax(0, 1fr);}}<\/style>\n<div class=\"wp-block-kadence-rowlayout alignnone\"><div id=\"kt-layout-id_b1c316-84\" class=\"kt-row-layout-inner kt-layout-id_b1c316-84\"><div class=\"kt-row-column-wrap kt-has-1-columns kt-gutter-default kt-v-gutter-default kt-row-valign-top kt-row-layout-equal kt-tab-layout-inherit kt-m-colapse-left-to-right kt-mobile-layout-row\"><style>.kadence-column_c99758-41 > .kt-inside-inner-col{border-top-width:0px;border-right-width:0px;border-bottom-width:0px;border-left-width:0px;}.kadence-column_c99758-41 > .kt-inside-inner-col,.kadence-column_c99758-41 > .kt-inside-inner-col:before{border-top-left-radius:0px;border-top-right-radius:0px;border-bottom-right-radius:0px;border-bottom-left-radius:0px;}.kadence-column_c99758-41 > .kt-inside-inner-col{column-gap:var(--global-kb-gap-sm, 1rem);}.kadence-column_c99758-41 > .kt-inside-inner-col{flex-direction:column;}.kadence-column_c99758-41 > .kt-inside-inner-col > .aligncenter{width:100%;}.kadence-column_c99758-41 > .kt-inside-inner-col:before{opacity:0.3;}.kadence-column_c99758-41{position:relative;}@media all and (max-width: 1024px){.kadence-column_c99758-41 > .kt-inside-inner-col{flex-direction:column;justify-content:center;}}@media all and (max-width: 767px){.kadence-column_c99758-41 > .kt-inside-inner-col{flex-direction:column;justify-content:center;}}<\/style>\n<div class=\"wp-block-kadence-column inner-column-1 kadence-column_c99758-41\"><div class=\"kt-inside-inner-col\">\n<div class=\"wp-block-media-text alignwide is-stacked-on-mobile\" style=\"grid-template-columns:24% auto\"><figure class=\"wp-block-media-text__media\"><img loading=\"lazy\" decoding=\"async\" width=\"469\" height=\"831\" src=\"https:\/\/folkdansringen.se\/victoria\/wp-content\/uploads\/2022\/03\/VernerHolm.jpg\" alt=\"\" class=\"wp-image-64 size-full\" srcset=\"https:\/\/folkdansringen.se\/victoria\/wp-content\/uploads\/2022\/03\/VernerHolm.jpg 469w, https:\/\/folkdansringen.se\/victoria\/wp-content\/uploads\/2022\/03\/VernerHolm-169x300.jpg 169w\" sizes=\"auto, (max-width: 469px) 100vw, 469px\" \/><\/figure><div class=\"wp-block-media-text__content\">\n<p class=\"has-medium-font-size\">Sedan tidigare fanns&nbsp; nykterhetslogen Victoria. <br>\u00c5r 1917 var det n\u00e5gra medlemmar ur logen, som ville bilda ett folkdanslag. <br>Vid m\u00f6te 24 april 1917 bildades Folkdanss\u00e4llskapet Victoria. <br>I stadgarna som antogs inskrevs f\u00f6reningens \u00e4ndam\u00e5l<em>&nbsp;<\/em><br><em>&#8220;S\u00e4llskapet tog till sin uppgift att till de i f\u00f6reningen anslutna medlemmarne, inl\u00e4ra de gamla allmogedanserna f\u00f6r att sedermera genom uppvisningar bringa allm\u00e4nheten k\u00e4nnedom om dessa\u201d<\/em>.<\/p>\n<\/div><\/div>\n<\/div><\/div>\n<\/div><\/div><\/div>\n<\/div><\/div>\n<\/div><\/div><\/div>\n\n\n\n<div class=\"wp-block-media-text alignwide has-media-on-the-right is-stacked-on-mobile\" style=\"grid-template-columns:auto 24%\"><figure class=\"wp-block-media-text__media\"><img loading=\"lazy\" decoding=\"async\" width=\"522\" height=\"1024\" src=\"https:\/\/folkdansringen.se\/victoria\/wp-content\/uploads\/2022\/03\/MrtaJohanGull-522x1024.jpg\" alt=\"\" class=\"wp-image-65 size-full\" srcset=\"https:\/\/folkdansringen.se\/victoria\/wp-content\/uploads\/2022\/03\/MrtaJohanGull-522x1024.jpg 522w, https:\/\/folkdansringen.se\/victoria\/wp-content\/uploads\/2022\/03\/MrtaJohanGull-153x300.jpg 153w, https:\/\/folkdansringen.se\/victoria\/wp-content\/uploads\/2022\/03\/MrtaJohanGull.jpg 537w\" sizes=\"auto, (max-width: 522px) 100vw, 522px\" \/><\/figure><div class=\"wp-block-media-text__content\">\n<p class=\"has-medium-font-size\">Det var M\u00e4rta Gull, sedan tidigare en flitig dansare, och Verner Holm, som en tid varit ifr\u00e5n dansen men nu \u00e5terkommit som en aktiv dansare, och med ett 10-tal medlemmar fr\u00e5n logen bildade stommen i laget. Den f\u00f6rsta \u00f6vningslokalen var en gul paviljongen i Landalakolonien. Till belysning fr\u00e5n fotogenlampor och med v\u00e4rme fr\u00e5n fotogenkamin h\u00e5lls kylan p\u00e5 utsidan. F\u00f6r \u00f6vrigt hade lokalen inga f\u00f6nster. <br>Vid h\u00f6gtidliga tillf\u00e4llen och vid fester t\u00e4nde man upp med extraljus fr\u00e5n karbidlyktor. Efter en kort tid i paviljongen flyttade man via en lokal p\u00e5 hotell Garni som l\u00e5g vid Skeppsbroplatsen till Godtemplarlokalen p\u00e5 G\u00e5rda. H\u00e4r fanns sedan tidigare G\u00f6teborgs folkdansare av \u00e4ldre n\u00e5gra \u00e4ldre folkdanslag.<\/p>\n<\/div><\/div>\n\n\n\n<h2 class=\"wp-block-heading\">Lagets f\u00f6rsta uppvisning i Lilla Edet<\/h2>\n\n\n<style>#kt-layout-id_1e3db6-ee > .kt-row-column-wrap{align-content:start;}:where(#kt-layout-id_1e3db6-ee > .kt-row-column-wrap) > .wp-block-kadence-column{justify-content:start;}#kt-layout-id_1e3db6-ee > .kt-row-column-wrap{column-gap:var(--global-kb-gap-md, 2rem);row-gap:var(--global-kb-gap-md, 2rem);padding-top:var( --global-kb-row-default-top, 25px );padding-bottom:var( --global-kb-row-default-bottom, 25px );padding-top:var(--global-kb-spacing-sm, 1.5rem);padding-bottom:var(--global-kb-spacing-sm, 1.5rem);grid-template-columns:minmax(0, 1fr);}#kt-layout-id_1e3db6-ee > .kt-row-layout-overlay{opacity:0.30;}@media all and (max-width: 1024px){#kt-layout-id_1e3db6-ee > .kt-row-column-wrap{grid-template-columns:minmax(0, 1fr);}}@media all and (max-width: 767px){#kt-layout-id_1e3db6-ee > .kt-row-column-wrap{grid-template-columns:minmax(0, 1fr);}}<\/style>\n<div class=\"wp-block-kadence-rowlayout alignnone\"><div id=\"kt-layout-id_1e3db6-ee\" class=\"kt-row-layout-inner kt-layout-id_1e3db6-ee\"><div class=\"kt-row-column-wrap kt-has-1-columns kt-gutter-default kt-v-gutter-default kt-row-valign-top kt-row-layout-equal kt-tab-layout-inherit kt-m-colapse-left-to-right kt-mobile-layout-row\"><style>.kadence-column_208c47-19 > .kt-inside-inner-col{border-top-width:0px;border-right-width:0px;border-bottom-width:0px;border-left-width:0px;}.kadence-column_208c47-19 > .kt-inside-inner-col,.kadence-column_208c47-19 > .kt-inside-inner-col:before{border-top-left-radius:0px;border-top-right-radius:0px;border-bottom-right-radius:0px;border-bottom-left-radius:0px;}.kadence-column_208c47-19 > .kt-inside-inner-col{column-gap:var(--global-kb-gap-sm, 1rem);}.kadence-column_208c47-19 > .kt-inside-inner-col{flex-direction:column;}.kadence-column_208c47-19 > .kt-inside-inner-col > .aligncenter{width:100%;}.kadence-column_208c47-19 > .kt-inside-inner-col:before{opacity:0.3;}.kadence-column_208c47-19{position:relative;}@media all and (max-width: 1024px){.kadence-column_208c47-19 > .kt-inside-inner-col{flex-direction:column;justify-content:center;}}@media all and (max-width: 767px){.kadence-column_208c47-19 > .kt-inside-inner-col{flex-direction:column;justify-content:center;}}<\/style>\n<div class=\"wp-block-kadence-column inner-column-1 kadence-column_208c47-19\"><div class=\"kt-inside-inner-col\">\n<div class=\"wp-block-media-text alignwide is-stacked-on-mobile\"><figure class=\"wp-block-media-text__media\"><img loading=\"lazy\" decoding=\"async\" width=\"1024\" height=\"736\" src=\"https:\/\/folkdansringen.se\/victoria\/wp-content\/uploads\/2022\/03\/Victorialillaedet-1024x736.jpg\" alt=\"\" class=\"wp-image-69 size-full\" srcset=\"https:\/\/folkdansringen.se\/victoria\/wp-content\/uploads\/2022\/03\/Victorialillaedet-1024x736.jpg 1024w, https:\/\/folkdansringen.se\/victoria\/wp-content\/uploads\/2022\/03\/Victorialillaedet-300x216.jpg 300w, https:\/\/folkdansringen.se\/victoria\/wp-content\/uploads\/2022\/03\/Victorialillaedet-768x552.jpg 768w, https:\/\/folkdansringen.se\/victoria\/wp-content\/uploads\/2022\/03\/Victorialillaedet.jpg 1314w\" sizes=\"auto, (max-width: 1024px) 100vw, 1024px\" \/><\/figure><div class=\"wp-block-media-text__content\">\n<p class=\"has-medium-font-size\">Lagets f\u00f6rsta uppvisning var&nbsp;i Lilla Edet redan 1917. Uppvisningen blev inte n\u00e5gon framg\u00e5ng. Endast 2 personer s\u00e5g uppvisningen. Man nedslogs inte utan fortsatte med uppvisningar b\u00e5de i sol och m\u00e5nsken eller i duggregn och strilande regn.<\/p>\n<\/div><\/div>\n<\/div><\/div>\n<\/div><\/div><\/div>\n\n\n\n<h2 class=\"wp-block-heading\">De kommande \u00e5ren<\/h2>\n\n\n<style>#kt-layout-id_f216f9-c1 > .kt-row-column-wrap{align-content:start;}:where(#kt-layout-id_f216f9-c1 > .kt-row-column-wrap) > .wp-block-kadence-column{justify-content:start;}#kt-layout-id_f216f9-c1 > .kt-row-column-wrap{column-gap:var(--global-kb-gap-md, 2rem);row-gap:var(--global-kb-gap-md, 2rem);padding-top:var( --global-kb-row-default-top, 25px );padding-bottom:var( --global-kb-row-default-bottom, 25px );padding-top:0px;padding-bottom:0px;grid-template-columns:minmax(0, 1fr);}#kt-layout-id_f216f9-c1 > .kt-row-layout-overlay{opacity:0.30;}@media all and (max-width: 1024px){#kt-layout-id_f216f9-c1 > .kt-row-column-wrap{grid-template-columns:minmax(0, 1fr);}}@media all and (max-width: 767px){#kt-layout-id_f216f9-c1 > .kt-row-column-wrap{grid-template-columns:minmax(0, 1fr);}}<\/style>\n<div class=\"wp-block-kadence-rowlayout alignnone\"><div id=\"kt-layout-id_f216f9-c1\" class=\"kt-row-layout-inner kt-layout-id_f216f9-c1\"><div class=\"kt-row-column-wrap kt-has-1-columns kt-gutter-default kt-v-gutter-default kt-row-valign-top kt-row-layout-equal kt-tab-layout-inherit kt-m-colapse-left-to-right kt-mobile-layout-row\"><style>.kadence-column_d461cd-a4 > .kt-inside-inner-col{border-top-width:0px;border-right-width:0px;border-bottom-width:0px;border-left-width:0px;}.kadence-column_d461cd-a4 > .kt-inside-inner-col,.kadence-column_d461cd-a4 > .kt-inside-inner-col:before{border-top-left-radius:0px;border-top-right-radius:0px;border-bottom-right-radius:0px;border-bottom-left-radius:0px;}.kadence-column_d461cd-a4 > .kt-inside-inner-col{column-gap:var(--global-kb-gap-sm, 1rem);}.kadence-column_d461cd-a4 > .kt-inside-inner-col{flex-direction:column;}.kadence-column_d461cd-a4 > .kt-inside-inner-col > .aligncenter{width:100%;}.kadence-column_d461cd-a4 > .kt-inside-inner-col:before{opacity:0.3;}.kadence-column_d461cd-a4{position:relative;}@media all and (max-width: 1024px){.kadence-column_d461cd-a4 > .kt-inside-inner-col{flex-direction:column;justify-content:center;}}@media all and (max-width: 767px){.kadence-column_d461cd-a4 > .kt-inside-inner-col{flex-direction:column;justify-content:center;}}<\/style>\n<div class=\"wp-block-kadence-column inner-column-1 kadence-column_d461cd-a4 kvs-lg-false kvs-md-false kvs-sm-false\"><div class=\"kt-inside-inner-col\">\n<hr class=\"wp-block-separator is-style-wide\"\/>\n<\/div><\/div>\n<\/div><\/div><\/div>\n\n\n\n<p class=\"has-medium-font-size\">Under \u00e5ren 1920 till 1930 gjordes ett flertal uppvisningar i G\u00f6teborg p\u00e5 olika platser som i Kungsladug\u00e5rd, Majorna, Ullevi, Kik\u00e5s, Lillhagen. Laget var med p\u00e5 Liseberg under invignings\u00e5ret 1923. Man gjorde \u00e4ven resor utanf\u00f6r G\u00f6teborg som till Anneberg, H\u00e4ls\u00f6 och Sj\u00f6vik. Under 1930-talet deltog laget i ett flertal stora arrangemang med st\u00e4mmor i Link\u00f6ping (1935), \u00d6rebro (1937) och Link\u00f6ping (1939) samt nordisk st\u00e4mma i Aalborg (1937). 1935 startades f\u00f6r f\u00f6rsta g\u00e5ngen ett barnlag i f\u00f6reningen. Barnverksamheten har dock inte p\u00e5g\u00e5tt hela tiden. Lagets 20-\u00e5rsjubileum firades med stor fest och jubileumsuppvisning p\u00e5 Konserthuset 1937.<\/p>\n\n\n\n<p class=\"has-medium-font-size\">1940-talet pr\u00e4glades av kriget och f\u00f6rst i slutet p\u00e5 \u00e5rtiondet blev det fler aktiviteter. F\u00f6reningen tillsammans med \u00f6vriga folkdansf\u00f6reningar i G\u00f6teborg ing\u00e5r i G\u00f6teborgs Distrikt som bildades 1920. 1949 hade laget sitt f\u00f6rsta utbyte med utl\u00e4ndskt lag. Ett lag fr\u00e5n Estland g\u00e4stade och det firades med fest i Pixbo. Under 1950-talet tr\u00e4nades det flitigt, f\u00f6rst&nbsp;i en lokal p\u00e5 Husargatan och sedan&nbsp;i en lokal p\u00e5 Sveagatan. Bland st\u00e4mmor kan n\u00e4mnas den i G\u00f6teborg 1952, i Uppsala 1954. 1955 reste delar av laget till Sydafrika. 1962 startade en tradition som kom att forts\u00e4tta i m\u00e5nga \u00e5r, midsommaruppvisningen p\u00e5 Hotell Viktor Rydberg. Under 1950-talet fram till sekelskiftet hade f\u00f6reningen en omfattande uppvisningsverksamhet med midsommaruppvisningar p\u00e5 \u00e4ldreboenden och p\u00e5&nbsp;Lilla Bratt\u00f6n, SKF:s semester\u00f6. Andra \u00e5terkommande inslag har varit uppvisningar i samband med distriktsarrangemang. De sista \u00e5ren hade f\u00f6reningen \u00e5terkommande uppvisningar f\u00f6r internationella s\u00e4llskap.<\/p>\n\n\n\n<p class=\"has-medium-font-size\">Efter mycket arbete av medlemmarna i Folkdansringen i G\u00f6teborg stod v\u00e5r egen f\u00f6reningsg\u00e5rd, Gr\u00e4fsn\u00e4sg\u00e5rden, klar f\u00f6r inflyttning h\u00f6sten 1967.<\/p>\n\n\n<style>#kt-layout-id_f33c9d-c2 > .kt-row-column-wrap{align-content:start;}:where(#kt-layout-id_f33c9d-c2 > .kt-row-column-wrap) > .wp-block-kadence-column{justify-content:start;}#kt-layout-id_f33c9d-c2 > .kt-row-column-wrap{column-gap:var(--global-kb-gap-md, 2rem);row-gap:var(--global-kb-gap-md, 2rem);padding-top:var( --global-kb-row-default-top, 25px );padding-bottom:var( --global-kb-row-default-bottom, 25px );padding-top:var(--global-kb-spacing-sm, 1.5rem);padding-bottom:var(--global-kb-spacing-sm, 1.5rem);grid-template-columns:minmax(0, 1fr);}#kt-layout-id_f33c9d-c2 > .kt-row-layout-overlay{opacity:0.30;}@media all and (max-width: 1024px){#kt-layout-id_f33c9d-c2 > .kt-row-column-wrap{grid-template-columns:minmax(0, 1fr);}}@media all and (max-width: 767px){#kt-layout-id_f33c9d-c2 > .kt-row-column-wrap{grid-template-columns:minmax(0, 1fr);}}<\/style>\n<div class=\"wp-block-kadence-rowlayout alignnone\"><div id=\"kt-layout-id_f33c9d-c2\" class=\"kt-row-layout-inner kt-layout-id_f33c9d-c2\"><div class=\"kt-row-column-wrap kt-has-1-columns kt-gutter-default kt-v-gutter-default kt-row-valign-top kt-row-layout-equal kt-tab-layout-inherit kt-m-colapse-left-to-right kt-mobile-layout-row\"><style>.kadence-column_5d4694-99 > .kt-inside-inner-col{border-top-width:0px;border-right-width:0px;border-bottom-width:0px;border-left-width:0px;}.kadence-column_5d4694-99 > .kt-inside-inner-col,.kadence-column_5d4694-99 > .kt-inside-inner-col:before{border-top-left-radius:0px;border-top-right-radius:0px;border-bottom-right-radius:0px;border-bottom-left-radius:0px;}.kadence-column_5d4694-99 > .kt-inside-inner-col{column-gap:var(--global-kb-gap-sm, 1rem);}.kadence-column_5d4694-99 > .kt-inside-inner-col{flex-direction:column;}.kadence-column_5d4694-99 > .kt-inside-inner-col > .aligncenter{width:100%;}.kadence-column_5d4694-99 > .kt-inside-inner-col:before{opacity:0.3;}.kadence-column_5d4694-99{position:relative;}@media all and (max-width: 1024px){.kadence-column_5d4694-99 > .kt-inside-inner-col{flex-direction:column;justify-content:center;}}@media all and (max-width: 767px){.kadence-column_5d4694-99 > .kt-inside-inner-col{flex-direction:column;justify-content:center;}}<\/style>\n<div class=\"wp-block-kadence-column inner-column-1 kadence-column_5d4694-99\"><div class=\"kt-inside-inner-col\">\n<div class=\"wp-block-media-text alignwide is-stacked-on-mobile\"><figure class=\"wp-block-media-text__media\"><img loading=\"lazy\" decoding=\"async\" width=\"1024\" height=\"789\" src=\"https:\/\/folkdansringen.se\/victoria\/wp-content\/uploads\/2022\/03\/Grfsnsgrden-1024x789.jpg\" alt=\"Gr\u00e4fsn\u00e4sg\u00e5rden\" class=\"wp-image-72 size-full\" srcset=\"https:\/\/folkdansringen.se\/victoria\/wp-content\/uploads\/2022\/03\/Grfsnsgrden-1024x789.jpg 1024w, https:\/\/folkdansringen.se\/victoria\/wp-content\/uploads\/2022\/03\/Grfsnsgrden-300x231.jpg 300w, https:\/\/folkdansringen.se\/victoria\/wp-content\/uploads\/2022\/03\/Grfsnsgrden-768x592.jpg 768w, https:\/\/folkdansringen.se\/victoria\/wp-content\/uploads\/2022\/03\/Grfsnsgrden-1536x1183.jpg 1536w, https:\/\/folkdansringen.se\/victoria\/wp-content\/uploads\/2022\/03\/Grfsnsgrden-2048x1578.jpg 2048w\" sizes=\"auto, (max-width: 1024px) 100vw, 1024px\" \/><\/figure><div class=\"wp-block-media-text__content\">\n<p class=\"has-medium-font-size\">&nbsp;1968 \u00e5terupptog f\u00f6reningen sin barn- och ungdomsverksamhet som legat nere ett antal \u00e5r. In p\u00e5 1980- och 1990-talet var denna verksamhet mycket omfattande med m\u00e5nga grupper. Man hade stort utbyte med lag fr\u00e5n andra nordiska l\u00e4nder. Med 2000-talet minskade tyv\u00e4rr antalet barn- och ungdomsmedlemmar och verksamheten m\u00e5ste \u00e5ter l\u00e4ggas ned.<\/p>\n\n\n\n<p class=\"has-medium-font-size\">Under 1950, -60, -70 och -80-talet deltog f\u00f6reningen i ett antal stora festivaler i Europa.\u00a0<br>En del av de bes\u00f6kta lagen kom p\u00e5 \u00e5terbes\u00f6k.<\/p>\n<\/div><\/div>\n<\/div><\/div>\n<\/div><\/div><\/div>\n","protected":false},"excerpt":{"rendered":"<p>Historik om f\u00f6reningen Sedan tidigare fanns&nbsp; nykterhetslogen Victoria. \u00c5r 1917 var det n\u00e5gra medlemmar ur logen, som ville bilda ett folkdanslag. Vid m\u00f6te 24 april 1917 bildades Folkdanss\u00e4llskapet Victoria. I stadgarna som antogs inskrevs f\u00f6reningens \u00e4ndam\u00e5l&nbsp;&#8220;S\u00e4llskapet tog till sin uppgift att till de i f\u00f6reningen anslutna medlemmarne, inl\u00e4ra de gamla allmogedanserna f\u00f6r att sedermera genom&#8230;<\/p>\n","protected":false},"author":1,"featured_media":0,"parent":12,"menu_order":0,"comment_status":"closed","ping_status":"closed","template":"","meta":{"ngg_post_thumbnail":0,"_kadence_starter_templates_imported_post":false,"_kad_post_transparent":"","_kad_post_title":"hide","_kad_post_layout":"","_kad_post_sidebar_id":"","_kad_post_content_style":"","_kad_post_vertical_padding":"","_kad_post_feature":"","_kad_post_feature_position":"","_kad_post_header":false,"_kad_post_footer":false,"_kad_post_classname":"","footnotes":""},"categories":[],"tags":[],"class_list":["post-63","page","type-page","status-publish","hentry"],"_links":{"self":[{"href":"https:\/\/folkdansringen.se\/victoria\/wp-json\/wp\/v2\/pages\/63","targetHints":{"allow":["GET"]}}],"collection":[{"href":"https:\/\/folkdansringen.se\/victoria\/wp-json\/wp\/v2\/pages"}],"about":[{"href":"https:\/\/folkdansringen.se\/victoria\/wp-json\/wp\/v2\/types\/page"}],"author":[{"embeddable":true,"href":"https:\/\/folkdansringen.se\/victoria\/wp-json\/wp\/v2\/users\/1"}],"replies":[{"embeddable":true,"href":"https:\/\/folkdansringen.se\/victoria\/wp-json\/wp\/v2\/comments?post=63"}],"version-history":[{"count":0,"href":"https:\/\/folkdansringen.se\/victoria\/wp-json\/wp\/v2\/pages\/63\/revisions"}],"up":[{"embeddable":true,"href":"https:\/\/folkdansringen.se\/victoria\/wp-json\/wp\/v2\/pages\/12"}],"wp:attachment":[{"href":"https:\/\/folkdansringen.se\/victoria\/wp-json\/wp\/v2\/media?parent=63"}],"wp:term":[{"taxonomy":"category","embeddable":true,"href":"https:\/\/folkdansringen.se\/victoria\/wp-json\/wp\/v2\/categories?post=63"},{"taxonomy":"post_tag","embeddable":true,"href":"https:\/\/folkdansringen.se\/victoria\/wp-json\/wp\/v2\/tags?post=63"}],"curies":[{"name":"wp","href":"https:\/\/api.w.org\/{rel}","templated":true}]}}