
{"id":992,"date":"2018-06-28T14:33:31","date_gmt":"2018-06-28T12:33:31","guid":{"rendered":"https:\/\/ny.folkdansringen.se\/riksnya\/?page_id=992"},"modified":"2026-03-25T17:01:17","modified_gmt":"2026-03-25T16:01:17","slug":"foreningar-och-distrikt","status":"publish","type":"page","link":"https:\/\/folkdansringen.se\/riks\/kontakt\/foreningar-och-distrikt\/","title":{"rendered":"F\u00f6reningar och distrikt"},"content":{"rendered":"<p>[et_pb_section fb_built=&#8221;1&#8243; module_id=&#8221;fdrSiteWrap&#8221; _builder_version=&#8221;4.16&#8243; global_colors_info=&#8221;{}&#8221;][et_pb_row module_id=&#8221;fdrSiteHeader&#8221; _builder_version=&#8221;4.16&#8243; background_size=&#8221;initial&#8221; background_position=&#8221;top_left&#8221; background_repeat=&#8221;repeat&#8221; custom_padding=&#8221;27px|0px|0|0px|false|false&#8221; global_colors_info=&#8221;{}&#8221;][et_pb_column type=&#8221;4_4&#8243; _builder_version=&#8221;4.16&#8243; custom_padding=&#8221;|||&#8221; global_colors_info=&#8221;{}&#8221; custom_padding__hover=&#8221;|||&#8221;][et_pb_image src=&#8221;https:\/\/folkdansringen.se\/riks\/wp-content\/uploads\/2022\/04\/Langdans-i-blavitt-1517&#215;505-1.jpg&#8221; alt=&#8221;L\u00e5ngdans i bl\u00e5vita kl\u00e4der&#8221; title_text=&#8221;L\u00e5ngdans i bl\u00e5vitt 1517&#215;505&#8243; force_fullwidth=&#8221;on&#8221; align_tablet=&#8221;center&#8221; align_phone=&#8221;&#8221; align_last_edited=&#8221;on|desktop&#8221; module_id=&#8221;frdHeaderImage&#8221; _builder_version=&#8221;4.16&#8243; global_colors_info=&#8221;{}&#8221;][\/et_pb_image][\/et_pb_column][\/et_pb_row][et_pb_row column_structure=&#8221;2_5,3_5&#8243; _builder_version=&#8221;4.16&#8243; global_colors_info=&#8221;{}&#8221;][et_pb_column type=&#8221;2_5&#8243; _builder_version=&#8221;4.16&#8243; custom_padding=&#8221;|||&#8221; global_colors_info=&#8221;{}&#8221; custom_padding__hover=&#8221;|||&#8221;][et_pb_image src=&#8221;https:\/\/folkdansringen.se\/riks\/wp-content\/uploads\/2019\/12\/sverigekarta-svenska-folkdansringens-f\u00f6reningar_.jpeg&#8221; align_tablet=&#8221;center&#8221; align_phone=&#8221;&#8221; align_last_edited=&#8221;on|desktop&#8221; _builder_version=&#8221;4.16&#8243; global_colors_info=&#8221;{}&#8221;][\/et_pb_image][\/et_pb_column][et_pb_column type=&#8221;3_5&#8243; _builder_version=&#8221;4.16&#8243; custom_padding=&#8221;|||&#8221; global_colors_info=&#8221;{}&#8221; custom_padding__hover=&#8221;|||&#8221;][et_pb_text _builder_version=&#8221;4.27.2&#8243; text_font=&#8221;||||||||&#8221; global_colors_info=&#8221;{}&#8221;]<\/p>\n<h1>F\u00f6reningar och distrikt<\/h1>\n<p>Medlem i Svenska Folkdansringen blir du genom att g\u00e5 med i en av v\u00e5ra f\u00f6reningar.<\/p>\n<p>Svenska Folkdansringens f\u00f6reningar tillh\u00f6r olika distrikt. Vilket distrikt en f\u00f6rening tillh\u00f6r styrs geografiskt och i huvudsak f\u00f6ljer distrikten Sveriges landskap, n\u00e5gra undantag finns.<\/p>\n<p>N\u00e4r du klickar p\u00e5 ett omr\u00e5de, i vilket du s\u00f6ker en f\u00f6rening, s\u00e5 kommer du till distriktets egen webbplats. Under &#8221;F\u00f6reningar&#8221; i menyn p\u00e5 distriktets sida hittar du en sammanst\u00e4llning \u00f6ver f\u00f6reningar som finns d\u00e4r.<\/p>\n<p>I de fall d\u00e4r kontaktuppgifter saknas kontakta aktuellt distrikt eller Svenska Folkdansringens rikskansli.<\/p>\n<table border=\"0\" cellspacing=\"0\" cellpadding=\"0\" style=\"height: 239px;\">\n<tbody>\n<tr style=\"height: 24px;\">\n<td style=\"height: 24px; width: 267.177px;\"><a href=\"https:\/\/www.uddevallafolkdans.se\/svenska-folkdansringen-bohuslan-dal\/\" target=\"_blank\" rel=\"noopener noreferrer\"><strong>Bohusl\u00e4n-Dalsland<\/strong><br \/>Folkdansringen Bohusl\u00e4n-Dal<\/a><\/td>\n<td style=\"height: 24px; width: 279.677px;\"><a href=\"http:\/\/folkdansringen-stockholm.se\/\" target=\"_blank\" rel=\"noopener noreferrer\"><strong>Stockholm och Gotland<\/strong><br \/>Folkdansringen Stockholm<\/a><\/td>\n<\/tr>\n<tr style=\"height: 24px;\">\n<td style=\"height: 24px; width: 267.177px;\"><a href=\"https:\/\/www.folkdansringen.se\/dalarne\/\" target=\"_blank\" rel=\"noopener noreferrer\"><strong>Dalarna<\/strong><br \/>Folkdansringen Dalarna<\/a><\/td>\n<td style=\"height: 24px; width: 279.677px;\"><a href=\"https:\/\/www.folkdansringen.se\/sormland\/\" target=\"_blank\" rel=\"noopener noreferrer\"><strong>S\u00f6rmland<\/strong><br \/>S\u00f6rml\u00e4ndska Folkdansringen<\/a><\/td>\n<\/tr>\n<tr style=\"height: 24px;\">\n<td style=\"height: 24px; width: 267.177px;\"><a href=\"https:\/\/www.folkdansringen.se\/gastrikland\/\" target=\"_blank\" rel=\"noopener noreferrer\"><strong>G\u00e4strikland<br \/><\/strong>G\u00e4striklands Folkdansring<\/a><\/td>\n<td style=\"height: 24px; width: 279.677px;\"><a href=\"https:\/\/www.folkdansringen.se\/uppland\/\" target=\"_blank\" rel=\"noopener noreferrer\"><strong>Uppland<\/strong><br \/>Folkdansringen i Uppland<\/a><\/td>\n<\/tr>\n<tr style=\"height: 36.875px;\">\n<td style=\"height: 36px; width: 267.177px;\"><a href=\"http:\/\/www.goteborg.folkdansringen.se\" target=\"_blank\" rel=\"noopener noreferrer\"><strong>G\u00f6teborg<\/strong><br \/>Folkdansringen G\u00f6teborg<\/a><\/td>\n<td style=\"height: 36px; width: 279.677px;\"><a href=\"http:\/\/www.varmlandsringen.se\" target=\"_blank\" rel=\"noopener noreferrer\"><strong>V\u00e4rmland<br \/><\/strong><\/a><a href=\"http:\/\/www.varmlandsringen.se\" target=\"_blank\" rel=\"noopener noreferrer\">V\u00e4rml\u00e4ndska folkdansringen<\/a><\/td>\n<\/tr>\n<tr style=\"height: 13px;\">\n<td style=\"height: 13px; width: 267.177px;\"><a href=\"https:\/\/www.folkdansringen.se\/halland\/\" target=\"_blank\" rel=\"noopener noreferrer\"><strong>Halland<\/strong><br \/>Folkdansringen Halland<\/a><\/td>\n<td style=\"height: 13px; width: 279.677px;\"><a href=\"https:\/\/www.folkdansringen.se\/vastergotland\/\" target=\"_blank\" rel=\"noopener noreferrer\"><strong>V\u00e4sterg\u00f6tland<\/strong><br \/>Folkdansringen V\u00e4sterg\u00f6tland<\/a><\/td>\n<\/tr>\n<tr style=\"height: 24px;\">\n<td style=\"height: 24px; width: 267.177px;\"><a href=\"https:\/\/www.folkdansringen.se\/halsingland\" target=\"_blank\" rel=\"noopener noreferrer\"><strong>H\u00e4lsingland<\/strong><br \/>Folkdansringen H\u00e4lsingland<\/a><\/td>\n<td style=\"height: 24px; width: 279.677px;\"><a href=\"https:\/\/www.folkdansringen.se\/vastmanland\/\" target=\"_blank\" rel=\"noopener noreferrer\"><strong>V\u00e4stmanland<\/strong><br \/>Folkdansringen V\u00e4stmanland<\/a><\/td>\n<\/tr>\n<tr style=\"height: 24px;\">\n<td style=\"height: 24px; width: 267.177px;\"><a href=\"https:\/\/folkdansringen.se\/jamtland\" target=\"_blank\" rel=\"noopener noreferrer\"><strong>J\u00e4mtland-H\u00e4rjedalen<\/strong><br \/>Folkdansringen J\u00e4mtland-H\u00e4rjedalen<\/a><\/td>\n<td style=\"height: 24px; width: 279.677px;\"><a href=\"https:\/\/www.folkdansringen.se\/angermanland\/\" target=\"_blank\" rel=\"noopener noreferrer\"><strong>\u00c5ngermanland<\/strong><br \/>Folkdansringen \u00c5ngermanland<\/a><\/td>\n<\/tr>\n<tr style=\"height: 22px;\">\n<td style=\"height: 22px; width: 267.177px;\"><a href=\"https:\/\/www.facebook.com\/folkdans\" target=\"_blank\" rel=\"noopener noreferrer\"><strong>Medelpad<\/strong><br \/>Svenska Folkdansringen Medelpad<\/a><a href=\"https:\/\/folkdansringen.se\/jamtland\" target=\"_blank\" rel=\"noopener noreferrer\"><strong><\/strong><\/a><\/td>\n<td style=\"height: 22px; width: 279.677px;\"><a href=\"https:\/\/www.folkdansringen.se\/orebro\/\" target=\"_blank\" rel=\"noopener noreferrer\"><strong>\u00d6rebro l\u00e4n<\/strong><br \/>Folkdansringen i \u00d6rebro L\u00e4n<\/a><\/td>\n<\/tr>\n<tr style=\"height: 24px;\">\n<td style=\"height: 24px; width: 267.177px;\"><a href=\"http:\/\/www.skane.folkdansringen.se\/\" target=\"_blank\" rel=\"noopener noreferrer\"><strong>Sk\u00e5ne och Blekinge<\/strong><br \/>Folkdansringen Sk\u00e5ne-Blekinge<\/a><\/td>\n<td style=\"height: 24px; width: 279.677px;\"><a href=\"https:\/\/www.folkdansringen.se\/ostergotland\/\" target=\"_blank\" rel=\"noopener noreferrer\"><strong>\u00d6sterg\u00f6tland-Holaveden<\/strong><br \/>\u00d6sterg\u00f6tland-Holavedens Folkdansring<\/a><\/td>\n<\/tr>\n<tr style=\"height: 24px;\">\n<td style=\"height: 24px; width: 267.177px;\"><a href=\"https:\/\/www.folkdansringen.se\/smaland\/home.php?&amp;CookiesReturn\" target=\"_blank\" rel=\"noopener noreferrer\"><strong>Sm\u00e5land-\u00d6land<\/strong><br \/>Folkdansringen Sm\u00e5land-\u00d6land<\/a><\/td>\n<td style=\"height: 24px; width: 279.677px;\">\n<p><a href=\"https:\/\/folkdansaren.blogspot.com\/\" target=\"_blank\" rel=\"noopener noreferrer\"><strong>\u00d6vre Norrland<\/strong>\u00a0<\/a><a href=\"https:\/\/folkdansaren.blogspot.com\/\" target=\"_blank\" rel=\"noopener noreferrer\"> Folkdansringen \u00d6vre Norrland<\/a><\/p>\n<\/td>\n<\/tr>\n<\/tbody>\n<\/table>\n<div class=\"fastsocialshare_container\">\n<div class=\"fastsocialshare-share-fbl\"><\/div>\n<\/div>\n<p>[\/et_pb_text][et_pb_text _builder_version=&#8221;4.18.0&#8243; text_font=&#8221;||||||||&#8221; global_colors_info=&#8221;{}&#8221;]<\/p>\n<h1>F\u00f6reningar och distrikt<\/h1>\n<p>Medlem i Svenska Folkdansringen blir du genom att g\u00e5 med i en av v\u00e5ra f\u00f6reningar.<\/p>\n<p>Svenska Folkdansringens f\u00f6reningar tillh\u00f6r olika distrikt. Vilket distrikt en f\u00f6rening tillh\u00f6r styrs geografiskt och i huvudsak f\u00f6ljer distrikten Sveriges landskap, n\u00e5gra undantag finns.<\/p>\n<p>N\u00e4r du klickar p\u00e5 ett omr\u00e5de, i vilket du s\u00f6ker en f\u00f6rening, s\u00e5 kommer du till distriktets egen webbplats. Under &#8221;F\u00f6reningar&#8221; i menyn p\u00e5 distriktets sida hittar du en sammanst\u00e4llning \u00f6ver f\u00f6reningar som finns d\u00e4r.<\/p>\n<p>I de fall d\u00e4r kontaktuppgifter saknas kontakta aktuellt distrikt eller Svenska Folkdansringens rikskansli.<\/p>\n<table border=\"0\" cellspacing=\"0\" cellpadding=\"0\" style=\"height: 239px;\">\n<tbody>\n<tr style=\"height: 24px;\">\n<td style=\"height: 24px; width: 267.177px;\"><a href=\"https:\/\/www.uddevallafolkdans.se\/svenska-folkdansringen-bohuslan-dal\/\"><strong>Bohusl\u00e4n-Dalsland<\/strong><\/a><br \/><a href=\"https:\/\/www.uddevallafolkdans.se\/svenska-folkdansringen-bohuslan-dal\/\">Folkdansringen Bohusl\u00e4n-Dal<\/a><\/td>\n<td style=\"height: 24px; width: 279.677px;\"><a href=\"http:\/\/folkdansringen-stockholm.se\/\" target=\"_blank\" rel=\"noopener noreferrer\"><strong>Stockholm och Gotland<\/strong><br \/>Folkdansringen Stockholm<\/a><\/td>\n<\/tr>\n<tr style=\"height: 24px;\">\n<td style=\"height: 24px; width: 267.177px;\"><a href=\"https:\/\/www.folkdansringen.se\/dalarne\/\" target=\"_blank\" rel=\"noopener noreferrer\"><strong>Dalarna<\/strong><br \/>Folkdansringen Dalarna<\/a><\/td>\n<td style=\"height: 24px; width: 279.677px;\"><a href=\"https:\/\/www.folkdansringen.se\/sormland\/\" target=\"_blank\" rel=\"noopener noreferrer\"><strong>S\u00f6rmland<\/strong><br \/>S\u00f6rml\u00e4ndska Folkdansringen<\/a><\/td>\n<\/tr>\n<tr style=\"height: 24px;\">\n<td style=\"height: 24px; width: 267.177px;\"><a href=\"https:\/\/www.folkdansringen.se\/gastrikland\/\" target=\"_blank\" rel=\"noopener noreferrer\"><strong>G\u00e4strikland<br \/><\/strong>G\u00e4striklands Folkdansring<\/a><\/td>\n<td style=\"height: 24px; width: 279.677px;\"><a href=\"https:\/\/www.folkdansringen.se\/uppland\/\" target=\"_blank\" rel=\"noopener noreferrer\"><strong>Uppland<\/strong><br \/>Folkdansringen i Uppland<\/a><\/td>\n<\/tr>\n<tr style=\"height: 36.875px;\">\n<td style=\"height: 36px; width: 267.177px;\"><a href=\"http:\/\/www.goteborg.folkdansringen.se\" target=\"_blank\" rel=\"noopener noreferrer\"><strong>G\u00f6teborg<\/strong><br \/>Folkdansringen G\u00f6teborg<\/a><\/td>\n<td style=\"height: 36px; width: 279.677px;\"><a href=\"http:\/\/www.varmlandsringen.se\" target=\"_blank\" rel=\"noopener noreferrer\"><strong>V\u00e4rmland<br \/><\/strong><\/a><a href=\"http:\/\/www.varmlandsringen.se\" target=\"_blank\" rel=\"noopener noreferrer\">V\u00e4rml\u00e4ndska folkdansringen<\/a><\/td>\n<\/tr>\n<tr style=\"height: 13px;\">\n<td style=\"height: 13px; width: 267.177px;\"><a href=\"https:\/\/www.folkdansringen.se\/halland\/\" target=\"_blank\" rel=\"noopener noreferrer\"><strong>Halland<\/strong><br \/>Folkdansringen Halland<\/a><\/td>\n<td style=\"height: 13px; width: 279.677px;\"><a href=\"https:\/\/www.folkdansringen.se\/vastergotland\/\" target=\"_blank\" rel=\"noopener noreferrer\"><strong>V\u00e4sterg\u00f6tland<\/strong><br \/>Folkdansringen V\u00e4sterg\u00f6tland<\/a><\/td>\n<\/tr>\n<tr style=\"height: 24px;\">\n<td style=\"height: 24px; width: 267.177px;\"><a href=\"https:\/\/www.folkdansringen.se\/halsingland\" target=\"_blank\" rel=\"noopener noreferrer\"><strong>H\u00e4lsingland<\/strong><br \/>Folkdansringen H\u00e4lsingland<\/a><\/td>\n<td style=\"height: 24px; width: 279.677px;\"><a href=\"https:\/\/www.folkdansringen.se\/vastmanland\/\" target=\"_blank\" rel=\"noopener noreferrer\"><strong>V\u00e4stmanland<\/strong><br \/>Folkdansringen V\u00e4stmanland<\/a><\/td>\n<\/tr>\n<tr style=\"height: 24px;\">\n<td style=\"height: 24px; width: 267.177px;\"><a href=\"https:\/\/folkdansringen.se\/jamtland\" target=\"_blank\" rel=\"noopener noreferrer\"><strong>J\u00e4mtland-H\u00e4rjedalen<\/strong><br \/>Folkdansringen J\u00e4mtland-H\u00e4rjedalen<\/a><\/td>\n<td style=\"height: 24px; width: 279.677px;\"><a href=\"https:\/\/www.folkdansringen.se\/angermanland\/\" target=\"_blank\" rel=\"noopener noreferrer\"><strong>\u00c5ngermanland<\/strong><br \/>Folkdansringen \u00c5ngermanland<\/a><\/td>\n<\/tr>\n<tr style=\"height: 22px;\">\n<td style=\"height: 22px; width: 267.177px;\"><a href=\"https:\/\/www.facebook.com\/folkdans\" target=\"_blank\" rel=\"noopener noreferrer\"><strong>Medelpad<\/strong><br \/>Svenska Folkdansringen Medelpad<\/a><a href=\"https:\/\/folkdansringen.se\/jamtland\" target=\"_blank\" rel=\"noopener noreferrer\"><strong><\/strong><\/a><\/td>\n<td style=\"height: 22px; width: 279.677px;\"><a href=\"https:\/\/www.folkdansringen.se\/orebro\/\" target=\"_blank\" rel=\"noopener noreferrer\"><strong>\u00d6rebro l\u00e4n<\/strong><br \/>Folkdansringen i \u00d6rebro L\u00e4n<\/a><\/td>\n<\/tr>\n<tr style=\"height: 24px;\">\n<td style=\"height: 24px; width: 267.177px;\"><a href=\"http:\/\/www.skane.folkdansringen.se\/\" target=\"_blank\" rel=\"noopener noreferrer\"><strong>Sk\u00e5ne och Blekinge<\/strong><br \/>Folkdansringen Sk\u00e5ne-Blekinge<\/a><\/td>\n<td style=\"height: 24px; width: 279.677px;\"><a href=\"https:\/\/www.folkdansringen.se\/ostergotland\/\" target=\"_blank\" rel=\"noopener noreferrer\"><strong>\u00d6sterg\u00f6tland-Holaveden<\/strong><br \/>\u00d6sterg\u00f6tland-Holavedens Folkdansring<\/a><\/td>\n<\/tr>\n<tr style=\"height: 24px;\">\n<td style=\"height: 24px; width: 267.177px;\"><a href=\"https:\/\/www.folkdansringen.se\/smaland\/home.php?&amp;CookiesReturn\" target=\"_blank\" rel=\"noopener noreferrer\"><strong>Sm\u00e5land-\u00d6land<\/strong><br \/>Folkdansringen Sm\u00e5land-\u00d6land<\/a><\/td>\n<td style=\"height: 24px; width: 279.677px;\"><a href=\"https:\/\/folkdansaren.blogspot.com\/\" target=\"_blank\" rel=\"noopener noreferrer\"><strong>\u00d6vre Norrland<\/strong>\u00a0Folkdansringen \u00d6vre Norrland<\/a><\/td>\n<\/tr>\n<\/tbody>\n<\/table>\n<div class=\"fastsocialshare_container\">\n<div class=\"fastsocialshare-share-fbl\"><\/div>\n<\/div>\n<p>[\/et_pb_text][\/et_pb_column][\/et_pb_row][\/et_pb_section]<\/p>\n","protected":false},"excerpt":{"rendered":"<p>F\u00f6reningar och distrikt Medlem i Svenska Folkdansringen blir du genom att g\u00e5 med i en av v\u00e5ra f\u00f6reningar. Svenska Folkdansringens f\u00f6reningar tillh\u00f6r olika distrikt. Vilket distrikt en f\u00f6rening tillh\u00f6r styrs geografiskt och i huvudsak f\u00f6ljer distrikten Sveriges landskap, n\u00e5gra undantag finns. N\u00e4r du klickar p\u00e5 ett omr\u00e5de, i vilket du s\u00f6ker en f\u00f6rening, s\u00e5 kommer [&hellip;]<\/p>\n","protected":false},"author":1,"featured_media":0,"parent":4664,"menu_order":0,"comment_status":"closed","ping_status":"closed","template":"","meta":{"_et_pb_use_builder":"on","_et_pb_old_content":"","_et_gb_content_width":"","footnotes":""},"class_list":["post-992","page","type-page","status-publish","hentry"],"yoast_head":"<!-- This site is optimized with the Yoast SEO plugin v27.5 - https:\/\/yoast.com\/product\/yoast-seo-wordpress\/ -->\n<title>F\u00f6reningar och distrikt &#187; Folkdansringen<\/title>\n<meta name=\"robots\" content=\"index, follow, max-snippet:-1, max-image-preview:large, max-video-preview:-1\" \/>\n<link rel=\"canonical\" href=\"https:\/\/folkdansringen.se\/riks\/kontakt\/foreningar-och-distrikt\/\" \/>\n<meta property=\"og:locale\" content=\"sv_SE\" \/>\n<meta property=\"og:type\" content=\"article\" \/>\n<meta property=\"og:title\" content=\"F\u00f6reningar och distrikt &#187; Folkdansringen\" \/>\n<meta property=\"og:description\" content=\"F\u00f6reningar och distrikt Medlem i Svenska Folkdansringen blir du genom att g\u00e5 med i en av v\u00e5ra f\u00f6reningar. Svenska Folkdansringens f\u00f6reningar tillh\u00f6r olika distrikt. Vilket distrikt en f\u00f6rening tillh\u00f6r styrs geografiskt och i huvudsak f\u00f6ljer distrikten Sveriges landskap, n\u00e5gra undantag finns. N\u00e4r du klickar p\u00e5 ett omr\u00e5de, i vilket du s\u00f6ker en f\u00f6rening, s\u00e5 kommer [&hellip;]\" \/>\n<meta property=\"og:url\" content=\"https:\/\/folkdansringen.se\/riks\/kontakt\/foreningar-och-distrikt\/\" \/>\n<meta property=\"og:site_name\" content=\"Folkdansringen\" \/>\n<meta property=\"article:modified_time\" content=\"2026-03-25T16:01:17+00:00\" \/>\n<meta name=\"twitter:card\" content=\"summary_large_image\" \/>\n<meta name=\"twitter:label1\" content=\"Ber\u00e4knad l\u00e4stid\" \/>\n\t<meta name=\"twitter:data1\" content=\"1 minut\" \/>\n<script type=\"application\/ld+json\" class=\"yoast-schema-graph\">{\"@context\":\"https:\\\/\\\/schema.org\",\"@graph\":[{\"@type\":\"WebPage\",\"@id\":\"https:\\\/\\\/folkdansringen.se\\\/riks\\\/kontakt\\\/foreningar-och-distrikt\\\/\",\"url\":\"https:\\\/\\\/folkdansringen.se\\\/riks\\\/kontakt\\\/foreningar-och-distrikt\\\/\",\"name\":\"F\u00f6reningar och distrikt &#187; Folkdansringen\",\"isPartOf\":{\"@id\":\"https:\\\/\\\/folkdansringen.se\\\/riks\\\/#website\"},\"datePublished\":\"2018-06-28T12:33:31+00:00\",\"dateModified\":\"2026-03-25T16:01:17+00:00\",\"breadcrumb\":{\"@id\":\"https:\\\/\\\/folkdansringen.se\\\/riks\\\/kontakt\\\/foreningar-och-distrikt\\\/#breadcrumb\"},\"inLanguage\":\"sv-SE\",\"potentialAction\":[{\"@type\":\"ReadAction\",\"target\":[\"https:\\\/\\\/folkdansringen.se\\\/riks\\\/kontakt\\\/foreningar-och-distrikt\\\/\"]}]},{\"@type\":\"BreadcrumbList\",\"@id\":\"https:\\\/\\\/folkdansringen.se\\\/riks\\\/kontakt\\\/foreningar-och-distrikt\\\/#breadcrumb\",\"itemListElement\":[{\"@type\":\"ListItem\",\"position\":1,\"name\":\"Hem\",\"item\":\"https:\\\/\\\/folkdansringen.se\\\/riks\\\/\"},{\"@type\":\"ListItem\",\"position\":2,\"name\":\"Kontakt\",\"item\":\"https:\\\/\\\/folkdansringen.se\\\/riks\\\/kontakt\\\/\"},{\"@type\":\"ListItem\",\"position\":3,\"name\":\"F\u00f6reningar och distrikt\"}]},{\"@type\":\"WebSite\",\"@id\":\"https:\\\/\\\/folkdansringen.se\\\/riks\\\/#website\",\"url\":\"https:\\\/\\\/folkdansringen.se\\\/riks\\\/\",\"name\":\"Folkdansringen\",\"description\":\"\",\"potentialAction\":[{\"@type\":\"SearchAction\",\"target\":{\"@type\":\"EntryPoint\",\"urlTemplate\":\"https:\\\/\\\/folkdansringen.se\\\/riks\\\/?s={search_term_string}\"},\"query-input\":{\"@type\":\"PropertyValueSpecification\",\"valueRequired\":true,\"valueName\":\"search_term_string\"}}],\"inLanguage\":\"sv-SE\"}]}<\/script>\n<!-- \/ Yoast SEO plugin. -->","yoast_head_json":{"title":"F\u00f6reningar och distrikt &#187; Folkdansringen","robots":{"index":"index","follow":"follow","max-snippet":"max-snippet:-1","max-image-preview":"max-image-preview:large","max-video-preview":"max-video-preview:-1"},"canonical":"https:\/\/folkdansringen.se\/riks\/kontakt\/foreningar-och-distrikt\/","og_locale":"sv_SE","og_type":"article","og_title":"F\u00f6reningar och distrikt &#187; Folkdansringen","og_description":"F\u00f6reningar och distrikt Medlem i Svenska Folkdansringen blir du genom att g\u00e5 med i en av v\u00e5ra f\u00f6reningar. Svenska Folkdansringens f\u00f6reningar tillh\u00f6r olika distrikt. Vilket distrikt en f\u00f6rening tillh\u00f6r styrs geografiskt och i huvudsak f\u00f6ljer distrikten Sveriges landskap, n\u00e5gra undantag finns. N\u00e4r du klickar p\u00e5 ett omr\u00e5de, i vilket du s\u00f6ker en f\u00f6rening, s\u00e5 kommer [&hellip;]","og_url":"https:\/\/folkdansringen.se\/riks\/kontakt\/foreningar-och-distrikt\/","og_site_name":"Folkdansringen","article_modified_time":"2026-03-25T16:01:17+00:00","twitter_card":"summary_large_image","twitter_misc":{"Ber\u00e4knad l\u00e4stid":"1 minut"},"schema":{"@context":"https:\/\/schema.org","@graph":[{"@type":"WebPage","@id":"https:\/\/folkdansringen.se\/riks\/kontakt\/foreningar-och-distrikt\/","url":"https:\/\/folkdansringen.se\/riks\/kontakt\/foreningar-och-distrikt\/","name":"F\u00f6reningar och distrikt &#187; Folkdansringen","isPartOf":{"@id":"https:\/\/folkdansringen.se\/riks\/#website"},"datePublished":"2018-06-28T12:33:31+00:00","dateModified":"2026-03-25T16:01:17+00:00","breadcrumb":{"@id":"https:\/\/folkdansringen.se\/riks\/kontakt\/foreningar-och-distrikt\/#breadcrumb"},"inLanguage":"sv-SE","potentialAction":[{"@type":"ReadAction","target":["https:\/\/folkdansringen.se\/riks\/kontakt\/foreningar-och-distrikt\/"]}]},{"@type":"BreadcrumbList","@id":"https:\/\/folkdansringen.se\/riks\/kontakt\/foreningar-och-distrikt\/#breadcrumb","itemListElement":[{"@type":"ListItem","position":1,"name":"Hem","item":"https:\/\/folkdansringen.se\/riks\/"},{"@type":"ListItem","position":2,"name":"Kontakt","item":"https:\/\/folkdansringen.se\/riks\/kontakt\/"},{"@type":"ListItem","position":3,"name":"F\u00f6reningar och distrikt"}]},{"@type":"WebSite","@id":"https:\/\/folkdansringen.se\/riks\/#website","url":"https:\/\/folkdansringen.se\/riks\/","name":"Folkdansringen","description":"","potentialAction":[{"@type":"SearchAction","target":{"@type":"EntryPoint","urlTemplate":"https:\/\/folkdansringen.se\/riks\/?s={search_term_string}"},"query-input":{"@type":"PropertyValueSpecification","valueRequired":true,"valueName":"search_term_string"}}],"inLanguage":"sv-SE"}]}},"_links":{"self":[{"href":"https:\/\/folkdansringen.se\/riks\/wp-json\/wp\/v2\/pages\/992","targetHints":{"allow":["GET"]}}],"collection":[{"href":"https:\/\/folkdansringen.se\/riks\/wp-json\/wp\/v2\/pages"}],"about":[{"href":"https:\/\/folkdansringen.se\/riks\/wp-json\/wp\/v2\/types\/page"}],"author":[{"embeddable":true,"href":"https:\/\/folkdansringen.se\/riks\/wp-json\/wp\/v2\/users\/1"}],"replies":[{"embeddable":true,"href":"https:\/\/folkdansringen.se\/riks\/wp-json\/wp\/v2\/comments?post=992"}],"version-history":[{"count":48,"href":"https:\/\/folkdansringen.se\/riks\/wp-json\/wp\/v2\/pages\/992\/revisions"}],"predecessor-version":[{"id":15750,"href":"https:\/\/folkdansringen.se\/riks\/wp-json\/wp\/v2\/pages\/992\/revisions\/15750"}],"up":[{"embeddable":true,"href":"https:\/\/folkdansringen.se\/riks\/wp-json\/wp\/v2\/pages\/4664"}],"wp:attachment":[{"href":"https:\/\/folkdansringen.se\/riks\/wp-json\/wp\/v2\/media?parent=992"}],"curies":[{"name":"wp","href":"https:\/\/api.w.org\/{rel}","templated":true}]}}