{"id":76,"date":"2020-01-14T15:37:41","date_gmt":"2020-01-14T14:37:41","guid":{"rendered":"https:\/\/folkdansringen.se\/orebro-ny\/?page_id=76"},"modified":"2020-01-22T11:25:17","modified_gmt":"2020-01-22T10:25:17","slug":"rapporter","status":"publish","type":"page","link":"https:\/\/folkdansringen.se\/orebro\/rapporter\/","title":{"rendered":"Rapporter"},"content":{"rendered":"\n<h1 class=\"wp-block-heading\">Rapporter<\/h1>\n\n\n\n<div class=\"pt-cv-wrapper\"><div class=\"pt-cv-view pt-cv-grid pt-cv-colsys\" id=\"pt-cv-view-e3847ffz9c\"><div data-id=\"pt-cv-page-1\" class=\"pt-cv-page\" data-cvc=\"1\"><div class=\"col-md-12 col-sm-12 col-xs-12 pt-cv-content-item pt-cv-1-col\" ><div class='pt-cv-ifield'><a href=\"https:\/\/folkdansringen.se\/orebro\/2020\/11\/13\/stod-till-ideella-foreningar-och-studieforbund-med-anledning-av-corona\/\" class=\"_self pt-cv-href-thumbnail pt-cv-thumb-default\" target=\"_self\" ><\/a>\n<h4 class=\"pt-cv-title\"><a href=\"https:\/\/folkdansringen.se\/orebro\/2020\/11\/13\/stod-till-ideella-foreningar-och-studieforbund-med-anledning-av-corona\/\" class=\"_self\" target=\"_self\" >St\u00f6d till ideella f\u00f6reningar och studief\u00f6rbund med anledning av corona<\/a><\/h4>\n<div class=\"pt-cv-content\">\n<h1 class=\"wp-block-heading\">Varianter av denna sida<\/h1>\n\n\n\n<ul class=\"wp-block-list\"><li><a href=\"https:\/\/app.readspeaker.com\/cgi-bin\/rsent?customerid=4869&amp;lang=sv_se&amp;readid=content&amp;url=https:\/\/www.regionorebrolan.se\/stodforeningar\">Lyssna<\/a><\/li><\/ul>\n\n\n\n<p><strong>\u00c4r ni en ideell f\u00f6rening eller studief\u00f6rbund som genomf\u00f6r st\u00f6djande insatser och aktiviteter med anledning av corona? \u00c4r ni i behov av ekonomist st\u00f6d med anledningen av pandemin?<\/strong><\/p>\n\n\n\n<p>Nu har Region \u00d6rebro l\u00e4n tagit fram ytterligare ett st\u00f6d till ideella f\u00f6reningar oh studief\u00f6rbund om totalt 290 000 kronor.<\/p>\n\n\n\n<h2 class=\"wp-block-heading\">Kan vi s\u00f6ka?<\/h2>\n\n\n\n<p>Ideella f\u00f6reningar och studief\u00f6rbund i \u00d6rebro l\u00e4n kan s\u00f6ka.<\/p>\n\n\n\n<h2 class=\"wp-block-heading\">N\u00e4r kan vi s\u00f6ka?<\/h2>\n\n\n\n<p>Vi f\u00f6rst\u00e5r att st\u00f6d beh\u00f6vs s\u00e5 snart som m\u00f6jligt. Ans\u00f6kningsperioden \u00e4r d\u00e4rf\u00f6r kort och st\u00e4nger 25 november. Handl\u00e4ggning genomf\u00f6rs av en referensgrupp best\u00e5ende av utvecklingsledare fr\u00e5n Omr\u00e5de kultur och ideell sektor. Beslut fattas d\u00e4refter av omr\u00e5deschef Kultur och ideell sektor. Uppf\u00f6ljning av hur de f\u00f6rdelade medlen har anv\u00e4nts genomf\u00f6rs tillsammans med aktuella akt\u00f6rer. F\u00f6r kulturskapare s\u00e5v\u00e4l som f\u00f6reningar och studief\u00f6rbund f\u00f6resl\u00e5s uppf\u00f6ljningen ske i form av en kortfattad beskrivning av vad som skapats\/genomf\u00f6rts.<\/p>\n\n\n\n<p>\u201d<\/p>\n\n\n\n<p>L\u00e4s mer och ans\u00f6k:<\/p>\n\n\n\n<figure class=\"wp-block-embed\"><div class=\"wp-block-embed__wrapper\">\nhttps:\/\/www.regionorebrolan.se\/stodforeningar\n<\/div><\/figure>\n<\/div><\/div><\/div><\/div><\/div><\/div>\n","protected":false},"excerpt":{"rendered":"<p>Rapporter<\/p>\n","protected":false},"author":1,"featured_media":0,"parent":0,"menu_order":0,"comment_status":"closed","ping_status":"closed","template":"","meta":{"footnotes":""},"class_list":["post-76","page","type-page","status-publish","hentry"],"yoast_head":"<!-- This site is optimized with the Yoast SEO plugin v26.8 - https:\/\/yoast.com\/product\/yoast-seo-wordpress\/ -->\n<title>Rapporter - Folkdansringen \u00d6rebro<\/title>\n<meta name=\"robots\" content=\"noindex, follow, max-snippet:-1, max-image-preview:large, max-video-preview:-1\" \/>\n<meta property=\"og:locale\" content=\"sv_SE\" \/>\n<meta property=\"og:type\" content=\"article\" \/>\n<meta property=\"og:title\" content=\"Rapporter - Folkdansringen \u00d6rebro\" \/>\n<meta property=\"og:description\" content=\"Rapporter\" \/>\n<meta property=\"og:url\" content=\"https:\/\/folkdansringen.se\/orebro\/rapporter\/\" \/>\n<meta property=\"og:site_name\" content=\"Folkdansringen \u00d6rebro\" \/>\n<meta property=\"article:modified_time\" content=\"2020-01-22T10:25:17+00:00\" \/>\n<meta name=\"twitter:card\" content=\"summary_large_image\" \/>\n<script type=\"application\/ld+json\" class=\"yoast-schema-graph\">{\"@context\":\"https:\/\/schema.org\",\"@graph\":[{\"@type\":\"WebPage\",\"@id\":\"https:\/\/folkdansringen.se\/orebro\/rapporter\/\",\"url\":\"https:\/\/folkdansringen.se\/orebro\/rapporter\/\",\"name\":\"Rapporter - Folkdansringen \u00d6rebro\",\"isPartOf\":{\"@id\":\"https:\/\/folkdansringen.se\/orebro\/#website\"},\"datePublished\":\"2020-01-14T14:37:41+00:00\",\"dateModified\":\"2020-01-22T10:25:17+00:00\",\"breadcrumb\":{\"@id\":\"https:\/\/folkdansringen.se\/orebro\/rapporter\/#breadcrumb\"},\"inLanguage\":\"sv-SE\",\"potentialAction\":[{\"@type\":\"ReadAction\",\"target\":[\"https:\/\/folkdansringen.se\/orebro\/rapporter\/\"]}]},{\"@type\":\"BreadcrumbList\",\"@id\":\"https:\/\/folkdansringen.se\/orebro\/rapporter\/#breadcrumb\",\"itemListElement\":[{\"@type\":\"ListItem\",\"position\":1,\"name\":\"Hem\",\"item\":\"https:\/\/folkdansringen.se\/orebro\/\"},{\"@type\":\"ListItem\",\"position\":2,\"name\":\"Rapporter\"}]},{\"@type\":\"WebSite\",\"@id\":\"https:\/\/folkdansringen.se\/orebro\/#website\",\"url\":\"https:\/\/folkdansringen.se\/orebro\/\",\"name\":\"Folkdansringen \u00d6rebro\",\"description\":\"\",\"publisher\":{\"@id\":\"https:\/\/folkdansringen.se\/orebro\/#organization\"},\"potentialAction\":[{\"@type\":\"SearchAction\",\"target\":{\"@type\":\"EntryPoint\",\"urlTemplate\":\"https:\/\/folkdansringen.se\/orebro\/?s={search_term_string}\"},\"query-input\":{\"@type\":\"PropertyValueSpecification\",\"valueRequired\":true,\"valueName\":\"search_term_string\"}}],\"inLanguage\":\"sv-SE\"},{\"@type\":\"Organization\",\"@id\":\"https:\/\/folkdansringen.se\/orebro\/#organization\",\"name\":\"Folkdansringen \u00d6rebro\",\"url\":\"https:\/\/folkdansringen.se\/orebro\/\",\"logo\":{\"@type\":\"ImageObject\",\"inLanguage\":\"sv-SE\",\"@id\":\"https:\/\/folkdansringen.se\/orebro\/#\/schema\/logo\/image\/\",\"url\":\"https:\/\/folkdansringen.se\/orebro\/wp-content\/uploads\/2020\/01\/cropped-genomskinliglogga.png\",\"contentUrl\":\"https:\/\/folkdansringen.se\/orebro\/wp-content\/uploads\/2020\/01\/cropped-genomskinliglogga.png\",\"width\":600,\"height\":250,\"caption\":\"Folkdansringen \u00d6rebro\"},\"image\":{\"@id\":\"https:\/\/folkdansringen.se\/orebro\/#\/schema\/logo\/image\/\"}}]}<\/script>\n<!-- \/ Yoast SEO plugin. -->","yoast_head_json":{"title":"Rapporter - Folkdansringen \u00d6rebro","robots":{"index":"noindex","follow":"follow","max-snippet":"max-snippet:-1","max-image-preview":"max-image-preview:large","max-video-preview":"max-video-preview:-1"},"og_locale":"sv_SE","og_type":"article","og_title":"Rapporter - Folkdansringen \u00d6rebro","og_description":"Rapporter","og_url":"https:\/\/folkdansringen.se\/orebro\/rapporter\/","og_site_name":"Folkdansringen \u00d6rebro","article_modified_time":"2020-01-22T10:25:17+00:00","twitter_card":"summary_large_image","schema":{"@context":"https:\/\/schema.org","@graph":[{"@type":"WebPage","@id":"https:\/\/folkdansringen.se\/orebro\/rapporter\/","url":"https:\/\/folkdansringen.se\/orebro\/rapporter\/","name":"Rapporter - Folkdansringen \u00d6rebro","isPartOf":{"@id":"https:\/\/folkdansringen.se\/orebro\/#website"},"datePublished":"2020-01-14T14:37:41+00:00","dateModified":"2020-01-22T10:25:17+00:00","breadcrumb":{"@id":"https:\/\/folkdansringen.se\/orebro\/rapporter\/#breadcrumb"},"inLanguage":"sv-SE","potentialAction":[{"@type":"ReadAction","target":["https:\/\/folkdansringen.se\/orebro\/rapporter\/"]}]},{"@type":"BreadcrumbList","@id":"https:\/\/folkdansringen.se\/orebro\/rapporter\/#breadcrumb","itemListElement":[{"@type":"ListItem","position":1,"name":"Hem","item":"https:\/\/folkdansringen.se\/orebro\/"},{"@type":"ListItem","position":2,"name":"Rapporter"}]},{"@type":"WebSite","@id":"https:\/\/folkdansringen.se\/orebro\/#website","url":"https:\/\/folkdansringen.se\/orebro\/","name":"Folkdansringen \u00d6rebro","description":"","publisher":{"@id":"https:\/\/folkdansringen.se\/orebro\/#organization"},"potentialAction":[{"@type":"SearchAction","target":{"@type":"EntryPoint","urlTemplate":"https:\/\/folkdansringen.se\/orebro\/?s={search_term_string}"},"query-input":{"@type":"PropertyValueSpecification","valueRequired":true,"valueName":"search_term_string"}}],"inLanguage":"sv-SE"},{"@type":"Organization","@id":"https:\/\/folkdansringen.se\/orebro\/#organization","name":"Folkdansringen \u00d6rebro","url":"https:\/\/folkdansringen.se\/orebro\/","logo":{"@type":"ImageObject","inLanguage":"sv-SE","@id":"https:\/\/folkdansringen.se\/orebro\/#\/schema\/logo\/image\/","url":"https:\/\/folkdansringen.se\/orebro\/wp-content\/uploads\/2020\/01\/cropped-genomskinliglogga.png","contentUrl":"https:\/\/folkdansringen.se\/orebro\/wp-content\/uploads\/2020\/01\/cropped-genomskinliglogga.png","width":600,"height":250,"caption":"Folkdansringen \u00d6rebro"},"image":{"@id":"https:\/\/folkdansringen.se\/orebro\/#\/schema\/logo\/image\/"}}]}},"_links":{"self":[{"href":"https:\/\/folkdansringen.se\/orebro\/wp-json\/wp\/v2\/pages\/76","targetHints":{"allow":["GET"]}}],"collection":[{"href":"https:\/\/folkdansringen.se\/orebro\/wp-json\/wp\/v2\/pages"}],"about":[{"href":"https:\/\/folkdansringen.se\/orebro\/wp-json\/wp\/v2\/types\/page"}],"author":[{"embeddable":true,"href":"https:\/\/folkdansringen.se\/orebro\/wp-json\/wp\/v2\/users\/1"}],"replies":[{"embeddable":true,"href":"https:\/\/folkdansringen.se\/orebro\/wp-json\/wp\/v2\/comments?post=76"}],"version-history":[{"count":2,"href":"https:\/\/folkdansringen.se\/orebro\/wp-json\/wp\/v2\/pages\/76\/revisions"}],"predecessor-version":[{"id":109,"href":"https:\/\/folkdansringen.se\/orebro\/wp-json\/wp\/v2\/pages\/76\/revisions\/109"}],"wp:attachment":[{"href":"https:\/\/folkdansringen.se\/orebro\/wp-json\/wp\/v2\/media?parent=76"}],"curies":[{"name":"wp","href":"https:\/\/api.w.org\/{rel}","templated":true}]}}