{"id":39,"date":"2020-01-14T14:49:00","date_gmt":"2020-01-14T13:49:00","guid":{"rendered":"https:\/\/folkdansringen.se\/orebro-ny\/?page_id=39"},"modified":"2025-02-08T17:59:32","modified_gmt":"2025-02-08T16:59:32","slug":"foreningar","status":"publish","type":"page","link":"https:\/\/folkdansringen.se\/orebro\/foreningar\/","title":{"rendered":"F\u00f6reningar"},"content":{"rendered":"\n<h1 class=\"wp-block-heading\">Anslutna f\u00f6reningar<\/h1>\n\n\n\n<p>H\u00e4r \u00e4r det meningen att alla f\u00f6reningarna ska presenteras med en egen sida.<br>Den n\u00e5r du genom att klicka p\u00e5 f\u00f6reningens namn.<\/p>\n\n\n\n<p>Hittills finns fem s\u00e5dana presentationer, av Bygdegillet, Nerkia, Norra V\u00e4tterbygden, Kulturella f\u00f6reningen, Wadk\u00f6pings FDG folkdansgille och \u00d6rebro FDG det kommer fler hoppas jag.<\/p>\n\n\n\n<p>En del av f\u00f6reningarna har egna hemsidor. Dem n\u00e5r du via l\u00e4nkarna nedan.<\/p>\n\n\n\n<p>Om du ska anv\u00e4nda e-postadressen m\u00e5ste du kopiera den och ers\u00e4tta &lt;at&gt; med @ Sedan ska det fungera.<br> Jag hoppas p\u00e5 detta s\u00e4tt undvika att e-postadresserna blir avl\u00e4sta av automatiska avs\u00f6kare och inlagda i register f\u00f6r utskick av massreklam.<\/p>\n\n\n\n<figure class=\"wp-block-table\"><table><tbody><tr><td>F\u00f6rening<\/td><td>Hemsida<\/td><td>E-postadresser<\/td><\/tr><tr><td><a href=\"http:\/\/www.bygdegillet.se\/\" target=\"_blank\" rel=\"noreferrer noopener\">Bygdegillet\u00a0Karlskoga<\/a><\/td><td><a href=\"http:\/\/www.bygdegillet.se\/\" target=\"_blank\" rel=\"noreferrer noopener\">www.bygdegillet.se<\/a><\/td><td>styrelsen&lt;at&gt;bygdegillet.se<\/td><\/tr><tr><td>FDGNerkia<\/td><td><a href=\"http:\/\/www.nerkia.se\/\">http:\/\/www.folkdansringen.se\/nerkia<\/a>&nbsp;<\/td><td>solweig.svahlin0&lt;at&gt;outlook.com<\/td><\/tr><tr><td>Fr\u00f6vidansarna<\/td><td>&nbsp;<\/td><td><\/td><\/tr><tr><td><a href=\"http:\/\/www.folkdansringen.se\/kulturellaforeningen\/\" target=\"_blank\" rel=\"noreferrer noopener\">Kulturella f\u00f6reningen<\/a>&nbsp;<\/td><td><a href=\"http:\/\/www.folkdansringen.se\/kulturellaforeningen\/\" target=\"_blank\" rel=\"noreferrer noopener\">www.kulturella.nu<\/a><\/td><td>kf&lt;at&gt;kulturella.nu<\/td><\/tr><tr><td>Lindesbergs FDG<\/td><td><a rel=\"noreferrer noopener\" href=\"http:\/\/www.folkdansringen.se\/lindesberg\/\" target=\"_blank\">https:\/\/folkdansringen.se\/lindesberg<\/a><\/td><td>ingegard.carlsson&lt;at&gt;telia.com<\/td><\/tr><tr><td>Norra V\u00e4tterbygdens FDG<\/td><td><a href=\"http:\/\/www.folkdansaskersund.se\/\" target=\"_blank\" rel=\"noreferrer noopener\">www.folkdansaskersund.se\/<\/a><\/td><td>larsire&lt;at&gt;hotmail.com<\/td><\/tr><tr><td>Wadk\u00f6pings&nbsp;FDG folkdansgille<\/td><td><a href=\"http:\/\/www.iogt.se\/nyttaonoje\" target=\"_blank\" rel=\"noreferrer noopener\">www.iogt.se\/nyttaonoje<\/a><\/td><td>kristina.e.andersson&lt;at&gt;telia.com<\/td><\/tr><tr><td>\u00d6rebro FDG\u200b\u200b<\/td><td><a href=\"http:\/\/www.folkdansringen.se\/ofg\" target=\"_blank\" rel=\"noreferrer noopener\">www.folkdansringen.se\/ofg<\/a><\/td><td>ofg&lt;at&gt;folkdansringen.se\u200b<\/td><\/tr><\/tbody><\/table><\/figure>\n","protected":false},"excerpt":{"rendered":"<p>Anslutna f\u00f6reningar H\u00e4r \u00e4r det meningen att alla f\u00f6reningarna ska presenteras med en egen sida.Den n\u00e5r du genom att klicka p\u00e5 f\u00f6reningens namn. Hittills finns fem s\u00e5dana presentationer, av Bygdegillet, Nerkia, Norra V\u00e4tterbygden, Kulturella f\u00f6reningen, Wadk\u00f6pings FDG folkdansgille och \u00d6rebro FDG det kommer fler hoppas jag. En del av f\u00f6reningarna har egna hemsidor. Dem n\u00e5r &hellip; <\/p>\n<p class=\"link-more\"><a href=\"https:\/\/folkdansringen.se\/orebro\/foreningar\/\" class=\"more-link\">Forts\u00e4tt l\u00e4sa<span class=\"screen-reader-text\"> \u201dF\u00f6reningar\u201d<\/span><\/a><\/p>\n","protected":false},"author":1,"featured_media":0,"parent":0,"menu_order":0,"comment_status":"closed","ping_status":"closed","template":"","meta":{"footnotes":""},"class_list":["post-39","page","type-page","status-publish","hentry"],"yoast_head":"<!-- This site is optimized with the Yoast SEO plugin v26.8 - https:\/\/yoast.com\/product\/yoast-seo-wordpress\/ -->\n<title>F\u00f6reningar - Folkdansringen \u00d6rebro<\/title>\n<meta name=\"robots\" content=\"noindex, follow, max-snippet:-1, max-image-preview:large, max-video-preview:-1\" \/>\n<meta property=\"og:locale\" content=\"sv_SE\" \/>\n<meta property=\"og:type\" content=\"article\" \/>\n<meta property=\"og:title\" content=\"F\u00f6reningar - Folkdansringen \u00d6rebro\" \/>\n<meta property=\"og:description\" content=\"Anslutna f\u00f6reningar H\u00e4r \u00e4r det meningen att alla f\u00f6reningarna ska presenteras med en egen sida.Den n\u00e5r du genom att klicka p\u00e5 f\u00f6reningens namn. Hittills finns fem s\u00e5dana presentationer, av Bygdegillet, Nerkia, Norra V\u00e4tterbygden, Kulturella f\u00f6reningen, Wadk\u00f6pings FDG folkdansgille och \u00d6rebro FDG det kommer fler hoppas jag. En del av f\u00f6reningarna har egna hemsidor. Dem n\u00e5r &hellip; Forts\u00e4tt l\u00e4sa \u201dF\u00f6reningar\u201d\" \/>\n<meta property=\"og:url\" content=\"https:\/\/folkdansringen.se\/orebro\/foreningar\/\" \/>\n<meta property=\"og:site_name\" content=\"Folkdansringen \u00d6rebro\" \/>\n<meta property=\"article:modified_time\" content=\"2025-02-08T16:59:32+00:00\" \/>\n<meta name=\"twitter:card\" content=\"summary_large_image\" \/>\n<meta name=\"twitter:label1\" content=\"Ber\u00e4knad l\u00e4stid\" \/>\n\t<meta name=\"twitter:data1\" content=\"1 minut\" \/>\n<script type=\"application\/ld+json\" class=\"yoast-schema-graph\">{\"@context\":\"https:\/\/schema.org\",\"@graph\":[{\"@type\":\"WebPage\",\"@id\":\"https:\/\/folkdansringen.se\/orebro\/foreningar\/\",\"url\":\"https:\/\/folkdansringen.se\/orebro\/foreningar\/\",\"name\":\"F\u00f6reningar - Folkdansringen \u00d6rebro\",\"isPartOf\":{\"@id\":\"https:\/\/folkdansringen.se\/orebro\/#website\"},\"datePublished\":\"2020-01-14T13:49:00+00:00\",\"dateModified\":\"2025-02-08T16:59:32+00:00\",\"breadcrumb\":{\"@id\":\"https:\/\/folkdansringen.se\/orebro\/foreningar\/#breadcrumb\"},\"inLanguage\":\"sv-SE\",\"potentialAction\":[{\"@type\":\"ReadAction\",\"target\":[\"https:\/\/folkdansringen.se\/orebro\/foreningar\/\"]}]},{\"@type\":\"BreadcrumbList\",\"@id\":\"https:\/\/folkdansringen.se\/orebro\/foreningar\/#breadcrumb\",\"itemListElement\":[{\"@type\":\"ListItem\",\"position\":1,\"name\":\"Hem\",\"item\":\"https:\/\/folkdansringen.se\/orebro\/\"},{\"@type\":\"ListItem\",\"position\":2,\"name\":\"F\u00f6reningar\"}]},{\"@type\":\"WebSite\",\"@id\":\"https:\/\/folkdansringen.se\/orebro\/#website\",\"url\":\"https:\/\/folkdansringen.se\/orebro\/\",\"name\":\"Folkdansringen \u00d6rebro\",\"description\":\"\",\"publisher\":{\"@id\":\"https:\/\/folkdansringen.se\/orebro\/#organization\"},\"potentialAction\":[{\"@type\":\"SearchAction\",\"target\":{\"@type\":\"EntryPoint\",\"urlTemplate\":\"https:\/\/folkdansringen.se\/orebro\/?s={search_term_string}\"},\"query-input\":{\"@type\":\"PropertyValueSpecification\",\"valueRequired\":true,\"valueName\":\"search_term_string\"}}],\"inLanguage\":\"sv-SE\"},{\"@type\":\"Organization\",\"@id\":\"https:\/\/folkdansringen.se\/orebro\/#organization\",\"name\":\"Folkdansringen \u00d6rebro\",\"url\":\"https:\/\/folkdansringen.se\/orebro\/\",\"logo\":{\"@type\":\"ImageObject\",\"inLanguage\":\"sv-SE\",\"@id\":\"https:\/\/folkdansringen.se\/orebro\/#\/schema\/logo\/image\/\",\"url\":\"https:\/\/folkdansringen.se\/orebro\/wp-content\/uploads\/2020\/01\/cropped-genomskinliglogga.png\",\"contentUrl\":\"https:\/\/folkdansringen.se\/orebro\/wp-content\/uploads\/2020\/01\/cropped-genomskinliglogga.png\",\"width\":600,\"height\":250,\"caption\":\"Folkdansringen \u00d6rebro\"},\"image\":{\"@id\":\"https:\/\/folkdansringen.se\/orebro\/#\/schema\/logo\/image\/\"}}]}<\/script>\n<!-- \/ Yoast SEO plugin. -->","yoast_head_json":{"title":"F\u00f6reningar - Folkdansringen \u00d6rebro","robots":{"index":"noindex","follow":"follow","max-snippet":"max-snippet:-1","max-image-preview":"max-image-preview:large","max-video-preview":"max-video-preview:-1"},"og_locale":"sv_SE","og_type":"article","og_title":"F\u00f6reningar - Folkdansringen \u00d6rebro","og_description":"Anslutna f\u00f6reningar H\u00e4r \u00e4r det meningen att alla f\u00f6reningarna ska presenteras med en egen sida.Den n\u00e5r du genom att klicka p\u00e5 f\u00f6reningens namn. Hittills finns fem s\u00e5dana presentationer, av Bygdegillet, Nerkia, Norra V\u00e4tterbygden, Kulturella f\u00f6reningen, Wadk\u00f6pings FDG folkdansgille och \u00d6rebro FDG det kommer fler hoppas jag. En del av f\u00f6reningarna har egna hemsidor. Dem n\u00e5r &hellip; Forts\u00e4tt l\u00e4sa \u201dF\u00f6reningar\u201d","og_url":"https:\/\/folkdansringen.se\/orebro\/foreningar\/","og_site_name":"Folkdansringen \u00d6rebro","article_modified_time":"2025-02-08T16:59:32+00:00","twitter_card":"summary_large_image","twitter_misc":{"Ber\u00e4knad l\u00e4stid":"1 minut"},"schema":{"@context":"https:\/\/schema.org","@graph":[{"@type":"WebPage","@id":"https:\/\/folkdansringen.se\/orebro\/foreningar\/","url":"https:\/\/folkdansringen.se\/orebro\/foreningar\/","name":"F\u00f6reningar - Folkdansringen \u00d6rebro","isPartOf":{"@id":"https:\/\/folkdansringen.se\/orebro\/#website"},"datePublished":"2020-01-14T13:49:00+00:00","dateModified":"2025-02-08T16:59:32+00:00","breadcrumb":{"@id":"https:\/\/folkdansringen.se\/orebro\/foreningar\/#breadcrumb"},"inLanguage":"sv-SE","potentialAction":[{"@type":"ReadAction","target":["https:\/\/folkdansringen.se\/orebro\/foreningar\/"]}]},{"@type":"BreadcrumbList","@id":"https:\/\/folkdansringen.se\/orebro\/foreningar\/#breadcrumb","itemListElement":[{"@type":"ListItem","position":1,"name":"Hem","item":"https:\/\/folkdansringen.se\/orebro\/"},{"@type":"ListItem","position":2,"name":"F\u00f6reningar"}]},{"@type":"WebSite","@id":"https:\/\/folkdansringen.se\/orebro\/#website","url":"https:\/\/folkdansringen.se\/orebro\/","name":"Folkdansringen \u00d6rebro","description":"","publisher":{"@id":"https:\/\/folkdansringen.se\/orebro\/#organization"},"potentialAction":[{"@type":"SearchAction","target":{"@type":"EntryPoint","urlTemplate":"https:\/\/folkdansringen.se\/orebro\/?s={search_term_string}"},"query-input":{"@type":"PropertyValueSpecification","valueRequired":true,"valueName":"search_term_string"}}],"inLanguage":"sv-SE"},{"@type":"Organization","@id":"https:\/\/folkdansringen.se\/orebro\/#organization","name":"Folkdansringen \u00d6rebro","url":"https:\/\/folkdansringen.se\/orebro\/","logo":{"@type":"ImageObject","inLanguage":"sv-SE","@id":"https:\/\/folkdansringen.se\/orebro\/#\/schema\/logo\/image\/","url":"https:\/\/folkdansringen.se\/orebro\/wp-content\/uploads\/2020\/01\/cropped-genomskinliglogga.png","contentUrl":"https:\/\/folkdansringen.se\/orebro\/wp-content\/uploads\/2020\/01\/cropped-genomskinliglogga.png","width":600,"height":250,"caption":"Folkdansringen \u00d6rebro"},"image":{"@id":"https:\/\/folkdansringen.se\/orebro\/#\/schema\/logo\/image\/"}}]}},"_links":{"self":[{"href":"https:\/\/folkdansringen.se\/orebro\/wp-json\/wp\/v2\/pages\/39","targetHints":{"allow":["GET"]}}],"collection":[{"href":"https:\/\/folkdansringen.se\/orebro\/wp-json\/wp\/v2\/pages"}],"about":[{"href":"https:\/\/folkdansringen.se\/orebro\/wp-json\/wp\/v2\/types\/page"}],"author":[{"embeddable":true,"href":"https:\/\/folkdansringen.se\/orebro\/wp-json\/wp\/v2\/users\/1"}],"replies":[{"embeddable":true,"href":"https:\/\/folkdansringen.se\/orebro\/wp-json\/wp\/v2\/comments?post=39"}],"version-history":[{"count":20,"href":"https:\/\/folkdansringen.se\/orebro\/wp-json\/wp\/v2\/pages\/39\/revisions"}],"predecessor-version":[{"id":496,"href":"https:\/\/folkdansringen.se\/orebro\/wp-json\/wp\/v2\/pages\/39\/revisions\/496"}],"wp:attachment":[{"href":"https:\/\/folkdansringen.se\/orebro\/wp-json\/wp\/v2\/media?parent=39"}],"curies":[{"name":"wp","href":"https:\/\/api.w.org\/{rel}","templated":true}]}}