{"id":8,"date":"2022-01-18T11:54:33","date_gmt":"2022-01-18T10:54:33","guid":{"rendered":"https:\/\/folkdansringen.se\/ny-ofg\/?page_id=8"},"modified":"2024-04-19T10:17:49","modified_gmt":"2024-04-19T08:17:49","slug":"hem","status":"publish","type":"page","link":"https:\/\/folkdansringen.se\/ofg\/","title":{"rendered":"Hem"},"content":{"rendered":"\n<h1 class=\"wp-block-heading\" id=\"valkommen-till-var-hemsida\">V\u00e4lkommen till v\u00e5r hemsida<\/h1>\n\n\n\n<div class=\"wp-block-columns is-layout-flex wp-container-core-columns-is-layout-28f84493 wp-block-columns-is-layout-flex\">\n<div class=\"wp-block-column is-layout-flow wp-block-column-is-layout-flow\" style=\"flex-basis:66.66%\">\n<p>Vi \u00e4r ett glatt folkdanslag i \u00d6rebro som dansar och har trevligt minst en g\u00e5ng varje vecka.<\/p>\n\n\n\n<div class=\"wp-block-media-text alignwide is-stacked-on-mobile\"><figure class=\"wp-block-media-text__media\"><img loading=\"lazy\" decoding=\"async\" width=\"1024\" height=\"768\" src=\"https:\/\/folkdansringen.se\/ofg\/wp-content\/uploads\/2022\/01\/langdans_liten-1024x768.gif\" alt=\"\" class=\"wp-image-93 size-full\" srcset=\"https:\/\/folkdansringen.se\/ofg\/wp-content\/uploads\/2022\/01\/langdans_liten-1024x768.gif 1024w, https:\/\/folkdansringen.se\/ofg\/wp-content\/uploads\/2022\/01\/langdans_liten-300x225.gif 300w, https:\/\/folkdansringen.se\/ofg\/wp-content\/uploads\/2022\/01\/langdans_liten-768x576.gif 768w, https:\/\/folkdansringen.se\/ofg\/wp-content\/uploads\/2022\/01\/langdans_liten-1536x1152.gif 1536w, https:\/\/folkdansringen.se\/ofg\/wp-content\/uploads\/2022\/01\/langdans_liten-2048x1536.gif 2048w\" sizes=\"auto, (max-width: 1024px) 100vw, 1024px\" \/><\/figure><div class=\"wp-block-media-text__content\">\n<p>H\u00e4r visar vi en polon\u00e4s i Stadsparken under F\u00f6reningarna dag 2015.<br>Fler bilder under <a href=\"https:\/\/folkdansringen.se\/ofg\/sektioner\/resor-uppvisning\/\" data-type=\"page\" data-id=\"42\">Resor\/Uppvisningar.<\/a><\/p>\n<\/div><\/div>\n\n\n\n<h2 class=\"wp-block-heading\" id=\"danstraning\">Danstr\u00e4ning<\/h2>\n\n\n\n<p class=\"has-text-color\" style=\"color:#000000\">M\u00e5ndagar 18:30 &#8211; 20:30<br>Vi tr\u00e4nar tillsammans med Folkdansgillet Nerkia och Wadk\u00f6pings Folkdansgille<br>p\u00e5 Caf\u00e9 Skogen.<\/p>\n<\/div>\n\n\n\n<div class=\"wp-block-column is-layout-flow wp-block-column-is-layout-flow\" style=\"flex-basis:33.33%\">\n<figure class=\"wp-block-image size-full\"><a href=\"https:\/\/orebroforeningsrad.se\/\" target=\"_blank\" rel=\"noopener\"><img loading=\"lazy\" decoding=\"async\" width=\"481\" height=\"206\" src=\"https:\/\/folkdansringen.se\/ofg\/wp-content\/uploads\/2022\/01\/Foreningsrad.jpg\" alt=\"\" class=\"wp-image-102\" srcset=\"https:\/\/folkdansringen.se\/ofg\/wp-content\/uploads\/2022\/01\/Foreningsrad.jpg 481w, https:\/\/folkdansringen.se\/ofg\/wp-content\/uploads\/2022\/01\/Foreningsrad-300x128.jpg 300w\" sizes=\"auto, (max-width: 481px) 100vw, 481px\" \/><\/a><\/figure>\n\n\n\n<p>Vi \u00e4r medlemmar i \u00d6rebro F\u00f6reningsr\u00e5d. <br>Se F\u00f6reningsr\u00e5dets kurser och aktiviteter!<\/p>\n\n\n\n<figure class=\"wp-block-image size-full\"><a href=\"https:\/\/folkdansringen.se\/riks\/\" target=\"_blank\" rel=\"noopener\"><img loading=\"lazy\" decoding=\"async\" width=\"636\" height=\"265\" src=\"https:\/\/folkdansringen.se\/ofg\/wp-content\/uploads\/2022\/01\/genomskinliglogga.png\" alt=\"\" class=\"wp-image-104\" srcset=\"https:\/\/folkdansringen.se\/ofg\/wp-content\/uploads\/2022\/01\/genomskinliglogga.png 636w, https:\/\/folkdansringen.se\/ofg\/wp-content\/uploads\/2022\/01\/genomskinliglogga-300x125.png 300w\" sizes=\"auto, (max-width: 636px) 100vw, 636px\" \/><\/a><\/figure>\n\n\n\n<p>Vi \u00e4r en del av riksorganisationen Svenska Folkdansringen<\/p>\n\n\n\n<figure class=\"wp-block-image size-large\"><a href=\"https:\/\/folkdansringen.se\/ofg\/aktiviteter\/midssommar\/\"><img loading=\"lazy\" decoding=\"async\" width=\"1024\" height=\"574\" src=\"https:\/\/folkdansringen.se\/ofg\/wp-content\/uploads\/2022\/01\/midsommar-folkdansringen-sommar__bijpg-1024x574.jpg\" alt=\"\" class=\"wp-image-105\" srcset=\"https:\/\/folkdansringen.se\/ofg\/wp-content\/uploads\/2022\/01\/midsommar-folkdansringen-sommar__bijpg-1024x574.jpg 1024w, https:\/\/folkdansringen.se\/ofg\/wp-content\/uploads\/2022\/01\/midsommar-folkdansringen-sommar__bijpg-300x168.jpg 300w, https:\/\/folkdansringen.se\/ofg\/wp-content\/uploads\/2022\/01\/midsommar-folkdansringen-sommar__bijpg-768x431.jpg 768w, https:\/\/folkdansringen.se\/ofg\/wp-content\/uploads\/2022\/01\/midsommar-folkdansringen-sommar__bijpg-1536x861.jpg 1536w, https:\/\/folkdansringen.se\/ofg\/wp-content\/uploads\/2022\/01\/midsommar-folkdansringen-sommar__bijpg.jpg 1908w\" sizes=\"auto, (max-width: 1024px) 100vw, 1024px\" \/><\/a><\/figure>\n\n\n\n<p>Midsommar \u00e4r v\u00e5r stora h\u00f6gtid<\/p>\n<\/div>\n<\/div>\n","protected":false},"excerpt":{"rendered":"<p>V\u00e4lkommen till v\u00e5r hemsida Vi \u00e4r ett glatt folkdanslag i \u00d6rebro som dansar och har trevligt minst en g\u00e5ng varje vecka. H\u00e4r visar vi en polon\u00e4s i Stadsparken under F\u00f6reningarna dag 2015.Fler bilder under Resor\/Uppvisningar. Danstr\u00e4ning M\u00e5ndagar 18:30 &#8211; 20:30Vi tr\u00e4nar tillsammans med Folkdansgillet Nerkia och Wadk\u00f6pings Folkdansgillep\u00e5 Caf\u00e9 Skogen. Vi \u00e4r medlemmar i \u00d6rebro [&hellip;]<\/p>\n","protected":false},"author":1,"featured_media":0,"parent":0,"menu_order":0,"comment_status":"closed","ping_status":"closed","template":"","meta":{"site-sidebar-layout":"default","site-content-layout":"","ast-site-content-layout":"","site-content-style":"default","site-sidebar-style":"default","ast-global-header-display":"","ast-banner-title-visibility":"","ast-main-header-display":"","ast-hfb-above-header-display":"","ast-hfb-below-header-display":"","ast-hfb-mobile-header-display":"","site-post-title":"disabled","ast-breadcrumbs-content":"","ast-featured-img":"","footer-sml-layout":"","theme-transparent-header-meta":"","adv-header-id-meta":"","stick-header-meta":"","header-above-stick-meta":"","header-main-stick-meta":"","header-below-stick-meta":"","astra-migrate-meta-layouts":"default","ast-page-background-enabled":"default","ast-page-background-meta":{"desktop":{"background-color":"var(--ast-global-color-4)","background-image":"","background-repeat":"repeat","background-position":"center center","background-size":"auto","background-attachment":"scroll","background-type":"","background-media":"","overlay-type":"","overlay-color":"","overlay-opacity":"","overlay-gradient":""},"tablet":{"background-color":"","background-image":"","background-repeat":"repeat","background-position":"center center","background-size":"auto","background-attachment":"scroll","background-type":"","background-media":"","overlay-type":"","overlay-color":"","overlay-opacity":"","overlay-gradient":""},"mobile":{"background-color":"","background-image":"","background-repeat":"repeat","background-position":"center center","background-size":"auto","background-attachment":"scroll","background-type":"","background-media":"","overlay-type":"","overlay-color":"","overlay-opacity":"","overlay-gradient":""}},"ast-content-background-meta":{"desktop":{"background-color":"var(--ast-global-color-5)","background-image":"","background-repeat":"repeat","background-position":"center center","background-size":"auto","background-attachment":"scroll","background-type":"","background-media":"","overlay-type":"","overlay-color":"","overlay-opacity":"","overlay-gradient":""},"tablet":{"background-color":"var(--ast-global-color-5)","background-image":"","background-repeat":"repeat","background-position":"center center","background-size":"auto","background-attachment":"scroll","background-type":"","background-media":"","overlay-type":"","overlay-color":"","overlay-opacity":"","overlay-gradient":""},"mobile":{"background-color":"var(--ast-global-color-5)","background-image":"","background-repeat":"repeat","background-position":"center center","background-size":"auto","background-attachment":"scroll","background-type":"","background-media":"","overlay-type":"","overlay-color":"","overlay-opacity":"","overlay-gradient":""}},"footnotes":""},"class_list":["post-8","page","type-page","status-publish","hentry"],"_links":{"self":[{"href":"https:\/\/folkdansringen.se\/ofg\/index.php?rest_route=\/wp\/v2\/pages\/8","targetHints":{"allow":["GET"]}}],"collection":[{"href":"https:\/\/folkdansringen.se\/ofg\/index.php?rest_route=\/wp\/v2\/pages"}],"about":[{"href":"https:\/\/folkdansringen.se\/ofg\/index.php?rest_route=\/wp\/v2\/types\/page"}],"author":[{"embeddable":true,"href":"https:\/\/folkdansringen.se\/ofg\/index.php?rest_route=\/wp\/v2\/users\/1"}],"replies":[{"embeddable":true,"href":"https:\/\/folkdansringen.se\/ofg\/index.php?rest_route=%2Fwp%2Fv2%2Fcomments&post=8"}],"version-history":[{"count":24,"href":"https:\/\/folkdansringen.se\/ofg\/index.php?rest_route=\/wp\/v2\/pages\/8\/revisions"}],"predecessor-version":[{"id":329,"href":"https:\/\/folkdansringen.se\/ofg\/index.php?rest_route=\/wp\/v2\/pages\/8\/revisions\/329"}],"wp:attachment":[{"href":"https:\/\/folkdansringen.se\/ofg\/index.php?rest_route=%2Fwp%2Fv2%2Fmedia&parent=8"}],"curies":[{"name":"wp","href":"https:\/\/api.w.org\/{rel}","templated":true}]}}