{"id":7,"date":"2022-02-06T21:31:30","date_gmt":"2022-02-06T21:31:30","guid":{"rendered":"https:\/\/folkdansringen.se\/nykopingshus\/?page_id=7"},"modified":"2026-04-27T09:09:40","modified_gmt":"2026-04-27T09:09:40","slug":"folkdanslaget-pa-nykopingshus","status":"publish","type":"page","link":"https:\/\/folkdansringen.se\/nykopingshus\/","title":{"rendered":"Hem"},"content":{"rendered":"\n<p>V\u00e4lkommen till v\u00e5r hemsida f\u00f6r Folkdanslaget p\u00e5 Nyk\u00f6pingshus. <\/p>\n\n\n\n<p>Vi dansar p\u00e5 m\u00e5ndagar klockan 18.30-20.30 p\u00e5 Repslagaregatan 43, plan 4 Nyk\u00f6ping.<\/p>\n\n\n\n<p class=\"has-large-font-size\" style=\"font-style:normal;font-weight:600\"><strong>Kom g\u00e4rna och provap\u00e5 att dansa med oss<\/strong><\/p>\n\n\n\n<p>Dans\u00e5ret p\u00e5g\u00e5r fr\u00e5n september till midsommar. Alla som kan dansa gammalt kan vara med. \u00c4r man nyb\u00f6rjare, kontakta oss f\u00f6r information.<\/p>\n\n\n\n<p>Vi har inget krav p\u00e5 folkdr\u00e4kt f\u00f6r att f\u00e5 vara med.<\/p>\n\n\n\n<p>F\u00f6rutom folkdans har vi en systuga d\u00e4r vi syr v\u00e5ra folkdr\u00e4kter med kompetenta ledare. <\/p>\n\n\n\n<p>Vi har utbyte med andra folkdanslag.<\/p>\n\n\n\n<p>V\u00e5rt n\u00e4ra samarbete med <a href=\"https:\/\/nykopingshus-spelmansgille8.webnode.se\/\" target=\"_blank\" rel=\"noreferrer noopener\">Nyk\u00f6pingshus Spelmansgille<\/a> str\u00e4cker sig \u00e4nda tillbaka till 1952.<\/p>\n\n\n\n<p><\/p>\n\n\n\n<p><\/p>\n\n\n\n<div class=\"wp-block-columns is-layout-flex wp-container-core-columns-is-layout-9d6595d7 wp-block-columns-is-layout-flex\">\n<div class=\"wp-block-column is-layout-flow wp-block-column-is-layout-flow\" style=\"flex-basis:100%\"><div class=\"wp-block-image\">\n<figure class=\"aligncenter size-full is-resized\"><img loading=\"lazy\" decoding=\"async\" width=\"399\" height=\"412\" src=\"https:\/\/folkdansringen.se\/nykopingshus\/wp-content\/uploads\/2024\/01\/SV-logga-002-002.jpg\" alt=\"\" class=\"wp-image-387\" style=\"width:90px;height:auto\" srcset=\"https:\/\/folkdansringen.se\/nykopingshus\/wp-content\/uploads\/2024\/01\/SV-logga-002-002.jpg 399w, https:\/\/folkdansringen.se\/nykopingshus\/wp-content\/uploads\/2024\/01\/SV-logga-002-002-291x300.jpg 291w\" sizes=\"auto, (max-width: 399px) 100vw, 399px\" \/><\/figure>\n<\/div><\/div>\n<\/div>\n","protected":false},"excerpt":{"rendered":"<p>V\u00e4lkommen till v\u00e5r hemsida f\u00f6r Folkdanslaget p\u00e5 Nyk\u00f6pingshus. Vi dansar p\u00e5 m\u00e5ndagar klockan 18.30-20.30 p\u00e5 Repslagaregatan 43, plan 4 Nyk\u00f6ping. Kom g\u00e4rna och provap\u00e5 att dansa med oss Dans\u00e5ret p\u00e5g\u00e5r fr\u00e5n september till midsommar. Alla som kan dansa gammalt kan vara med. \u00c4r man nyb\u00f6rjare, kontakta oss f\u00f6r information. Vi har inget krav p\u00e5 folkdr\u00e4kt&hellip; <\/p>\n<div class=\"readmore-wrapper\"><a href=\"https:\/\/folkdansringen.se\/nykopingshus\/\" class=\"more-link\">Forts\u00e4tt l\u00e4sa <\/a><\/div>\n","protected":false},"author":1,"featured_media":0,"parent":0,"menu_order":0,"comment_status":"closed","ping_status":"closed","template":"","meta":{"footnotes":""},"class_list":["post-7","page","type-page","status-publish","hentry"],"_links":{"self":[{"href":"https:\/\/folkdansringen.se\/nykopingshus\/wp-json\/wp\/v2\/pages\/7","targetHints":{"allow":["GET"]}}],"collection":[{"href":"https:\/\/folkdansringen.se\/nykopingshus\/wp-json\/wp\/v2\/pages"}],"about":[{"href":"https:\/\/folkdansringen.se\/nykopingshus\/wp-json\/wp\/v2\/types\/page"}],"author":[{"embeddable":true,"href":"https:\/\/folkdansringen.se\/nykopingshus\/wp-json\/wp\/v2\/users\/1"}],"replies":[{"embeddable":true,"href":"https:\/\/folkdansringen.se\/nykopingshus\/wp-json\/wp\/v2\/comments?post=7"}],"version-history":[{"count":20,"href":"https:\/\/folkdansringen.se\/nykopingshus\/wp-json\/wp\/v2\/pages\/7\/revisions"}],"predecessor-version":[{"id":653,"href":"https:\/\/folkdansringen.se\/nykopingshus\/wp-json\/wp\/v2\/pages\/7\/revisions\/653"}],"wp:attachment":[{"href":"https:\/\/folkdansringen.se\/nykopingshus\/wp-json\/wp\/v2\/media?parent=7"}],"curies":[{"name":"wp","href":"https:\/\/api.w.org\/{rel}","templated":true}]}}