{"id":47,"date":"2021-12-05T12:11:29","date_gmt":"2021-12-05T11:11:29","guid":{"rendered":"https:\/\/folkdansringen.se\/ny-hallstahammar\/?page_id=47"},"modified":"2026-01-14T16:05:35","modified_gmt":"2026-01-14T15:05:35","slug":"uppdateringar","status":"publish","type":"page","link":"https:\/\/folkdansringen.se\/ny-hallstahammar\/index.php\/uppdateringar\/","title":{"rendered":"Uppdateringar"},"content":{"rendered":"\n<figure class=\"wp-block-table alignwide\"><table><tbody><tr><th class=\"has-text-align-left\" data-align=\"left\">Datum<\/th><th class=\"has-text-align-left\" data-align=\"left\">Sida<\/th><th class=\"has-text-align-left\" data-align=\"left\">\u00c4ndring<\/th><\/tr><tr><td class=\"has-text-align-left\" data-align=\"left\">2026-01-14<\/td><td class=\"has-text-align-left\" data-align=\"left\">Kalender<\/td><td class=\"has-text-align-left\" data-align=\"left\">Uppdatering med bland annat datum f\u00f6r distriktsst\u00e4mman.<\/td><\/tr><tr><td class=\"has-text-align-left\" data-align=\"left\">2025-11-19<\/td><td class=\"has-text-align-left\" data-align=\"left\">Kalender<\/td><td class=\"has-text-align-left\" data-align=\"left\">Uppdatering med information om aktiviteter 2026.<\/td><\/tr><tr><td class=\"has-text-align-left\" data-align=\"left\">2025-10-29<\/td><td class=\"has-text-align-left\" data-align=\"left\">Kalender<\/td><td class=\"has-text-align-left\" data-align=\"left\">Uppdatering med upptr\u00e4dande p\u00e5 \u00c4ppelparken den 2\/12 kl 14.15.<\/td><\/tr><tr><td class=\"has-text-align-left\" data-align=\"left\">2025-09-30<\/td><td class=\"has-text-align-left\" data-align=\"left\">Kalender<\/td><td class=\"has-text-align-left\" data-align=\"left\">Uppdatering med resa till Enk\u00f6ping 8\/10 och medlemsm\u00f6te 25\/11.<\/td><\/tr><tr><td class=\"has-text-align-left\" data-align=\"left\">2025-08-23<\/td><td class=\"has-text-align-left\" data-align=\"left\">Kalender<\/td><td class=\"has-text-align-left\" data-align=\"left\">Uppdatering av sidan Kalender med aktiviteter f\u00f6r h\u00f6sten 2025.<\/td><\/tr><tr><td class=\"has-text-align-left\" data-align=\"left\">2025-06-23<\/td><td class=\"has-text-align-left\" data-align=\"left\">Bilder \/ \u00c5r 2025<\/td><td class=\"has-text-align-left\" data-align=\"left\">4-a nya bilder inlagda fr\u00e5n Lisbeth tagna p\u00e5 Strandg\u00e5rden Kolb\u00e4ck 18\/6.<\/td><\/tr><tr><td class=\"has-text-align-left\" data-align=\"left\">2025-06-21<\/td><td class=\"has-text-align-left\" data-align=\"left\">Bilder \/ \u00c5r 2025<\/td><td class=\"has-text-align-left\" data-align=\"left\">Nya bilder inlagda fr\u00e5n \u00c4ppelparken 17\/5 och  Strandg\u00e5rden Kolb\u00e4ck 18\/6.<\/td><\/tr><tr><td class=\"has-text-align-left\" data-align=\"left\">2025-05-22<\/td><td class=\"has-text-align-left\" data-align=\"left\">Kalender<\/td><td class=\"has-text-align-left\" data-align=\"left\">Upptr\u00e4dande \u00c4ppelparken 17\/6 och Strandg\u00e5rden Kolb\u00e4ck 18\/6 inf\u00f6rt.<\/td><\/tr><tr><td class=\"has-text-align-left\" data-align=\"left\">2025-04-04<\/td><td class=\"has-text-align-left\" data-align=\"left\">Kalender<\/td><td class=\"has-text-align-left\" data-align=\"left\">Uppdatering med avslut och med tr\u00e4ningar och uppvisningar till midsommar.<\/td><\/tr><tr><td class=\"has-text-align-left\" data-align=\"left\">2025-01-11<\/td><td class=\"has-text-align-left\" data-align=\"left\">Kalender<\/td><td class=\"has-text-align-left\" data-align=\"left\">Uppdatering med ny tid f\u00f6r styrelsem\u00f6te 21\/1 kl 16.00 och med distriktsst\u00e4mman 9\/3.<\/td><\/tr><tr><td class=\"has-text-align-left\" data-align=\"left\">2024-11-20<\/td><td class=\"has-text-align-left\" data-align=\"left\">Kalender<\/td><td class=\"has-text-align-left\" data-align=\"left\">Tiden f\u00f6r julfesten \u00e4r \u00e4ndrad till kl 19.00.<\/td><\/tr><tr><td class=\"has-text-align-left\" data-align=\"left\">2024-10-30<\/td><td class=\"has-text-align-left\" data-align=\"left\">Kalender<\/td><td class=\"has-text-align-left\" data-align=\"left\">\u00c5rsm\u00f6tesdatum \u00e4ndrat till 25 februari.<\/td><\/tr><tr><td class=\"has-text-align-left\" data-align=\"left\">2024-10-07<\/td><td class=\"has-text-align-left\" data-align=\"left\">Kalender<\/td><td class=\"has-text-align-left\" data-align=\"left\">Info om h\u00f6stpromenad, styrelsem\u00f6te, julfest och f\u00f6r 2025 styrelsem\u00f6te, terminstart och \u00e5rsm\u00f6te inf\u00f6rt.<\/td><\/tr><tr><td class=\"has-text-align-left\" data-align=\"left\">2024-08-21<\/td><td class=\"has-text-align-left\" data-align=\"left\">Bilder \/ \u00c5r 2024<\/td><td class=\"has-text-align-left\" data-align=\"left\">Nya bilder fr\u00e5n Tr\u00e5ngforsdagen 2024-08-18.<\/td><\/tr><tr><td class=\"has-text-align-left\" data-align=\"left\">2024-08-14<\/td><td class=\"has-text-align-left\" data-align=\"left\">Kalender<\/td><td class=\"has-text-align-left\" data-align=\"left\">Uppvisning p\u00e5 Tr\u00e5ngforsddagen 18\/8 kl 12.00 och h\u00f6stterminstart 3\/9 inlagd.<\/td><\/tr><tr><td class=\"has-text-align-left\" data-align=\"left\">2024-06-13<\/td><td class=\"has-text-align-left\" data-align=\"left\">Kalender<\/td><td class=\"has-text-align-left\" data-align=\"left\">Uppvisning \u00c4ppelparken 18\/6 kl 14.00 inlagd.<\/td><\/tr><tr><td class=\"has-text-align-left\" data-align=\"left\">2024-05-11<\/td><td class=\"has-text-align-left\" data-align=\"left\">Ny sida Bilder \/ \u00c5r 2024<\/td><td class=\"has-text-align-left\" data-align=\"left\">Med bilder fr\u00e5n tr\u00e4ningen 2024-04-16 och \u00c5sbydagen 2024-05-11.<\/td><\/tr><tr><td class=\"has-text-align-left\" data-align=\"left\">2024-05-11<\/td><td class=\"has-text-align-left\" data-align=\"left\">Kalender<\/td><td class=\"has-text-align-left\" data-align=\"left\">Uppdaterad med tid f\u00f6r avslut, tr\u00e4ning och uppvisning.<\/td><\/tr><tr><td class=\"has-text-align-left\" data-align=\"left\">2024-03-20<\/td><td class=\"has-text-align-left\" data-align=\"left\">Om oss\/Styrelsen<\/td><td class=\"has-text-align-left\" data-align=\"left\">Ny bild inlagd.<\/td><\/tr><tr><td class=\"has-text-align-left\" data-align=\"left\">2024-03-16<\/td><td class=\"has-text-align-left\" data-align=\"left\">Kalender<\/td><td class=\"has-text-align-left\" data-align=\"left\">V\u00e4lkommen till Dans &amp; Spelmanstr\u00e4ff p\u00e5 \u00c5sby dagarna Skantzen i Hallstahammar 11\/5 kl 11.30.<\/td><\/tr><tr><td class=\"has-text-align-left\" data-align=\"left\">2024-02-21<\/td><td class=\"has-text-align-left\" data-align=\"left\">Kalender<\/td><td class=\"has-text-align-left\" data-align=\"left\">V\u00e4lkommen p\u00e5 promenad 2024-04-18.<\/td><\/tr><tr><td class=\"has-text-align-left\" data-align=\"left\">2024-02-21<\/td><td class=\"has-text-align-left\" data-align=\"left\">Om oss\/Styrelsen<\/td><td class=\"has-text-align-left\" data-align=\"left\">Ny ordf\u00f6rande Roland Grabm\u00fcller vald 2024-02-13.<\/td><\/tr><tr><td class=\"has-text-align-left\" data-align=\"left\">2024-01-26<\/td><td class=\"has-text-align-left\" data-align=\"left\">Kalender<\/td><td class=\"has-text-align-left\" data-align=\"left\">Om inst\u00e4lld tr\u00e4ning Valborgsm\u00e4ssoafton 30\/4.<\/td><\/tr><tr><td class=\"has-text-align-left\" data-align=\"left\">2024-01-18<\/td><td class=\"has-text-align-left\" data-align=\"left\">Kalender<\/td><td class=\"has-text-align-left\" data-align=\"left\">Kallelse till \u00e5rsm\u00f6te 13\/2.<\/td><\/tr><tr><td class=\"has-text-align-left\" data-align=\"left\">2023-12-16<\/td><td class=\"has-text-align-left\" data-align=\"left\">Bilder\/\u00c5r 2023<\/td><td class=\"has-text-align-left\" data-align=\"left\">Bilder fr\u00e5n h\u00f6stavslutningen 2023-12-12.<\/td><\/tr><tr><td class=\"has-text-align-left\" data-align=\"left\">2023-11-02<\/td><td class=\"has-text-align-left\" data-align=\"left\">Kalender<\/td><td class=\"has-text-align-left\" data-align=\"left\">Nya tider f\u00f6r terminsavslut 2023 och terminsstart 2024.<\/td><\/tr><tr><td class=\"has-text-align-left\" data-align=\"left\">2023-10-05<\/td><td class=\"has-text-align-left\" data-align=\"left\">Kalender<\/td><td class=\"has-text-align-left\" data-align=\"left\">Information om ny gammeldanskursen\/forts\u00e4ttningskursen med start 16\/10.<\/td><\/tr><tr><td class=\"has-text-align-left\" data-align=\"left\">2023-05-18<\/td><td class=\"has-text-align-left\" data-align=\"left\">Kalender<\/td><td class=\"has-text-align-left\" data-align=\"left\">Uppdatering med information om gammeldanskursen\/forts\u00e4ttningskursen.<\/td><\/tr><tr><td class=\"has-text-align-left\" data-align=\"left\">2023-05-17<\/td><td class=\"has-text-align-left\" data-align=\"left\">Kalender<\/td><td class=\"has-text-align-left\" data-align=\"left\">Uppdatering med datum f\u00f6r gammeldanskursen\/forts\u00e4ttningskursen.<\/td><\/tr><tr><td class=\"has-text-align-left\" data-align=\"left\">2023-05-13<\/td><td class=\"has-text-align-left\" data-align=\"left\">Kalender<\/td><td class=\"has-text-align-left\" data-align=\"left\">Uppdatering med datum f\u00f6r start av h\u00f6stterminens danstr\u00e4ning.<\/td><\/tr><tr><td class=\"has-text-align-left\" data-align=\"left\">2023-05-05<\/td><td class=\"has-text-align-left\" data-align=\"left\">Kalender<\/td><td class=\"has-text-align-left\" data-align=\"left\">Uppdatering med datum f\u00f6r avslut av v\u00e5rterminens danstr\u00e4ning.<\/td><\/tr><tr><td class=\"has-text-align-left\" data-align=\"left\">2023-04-19<\/td><td class=\"has-text-align-left\" data-align=\"left\">Bilder\/\u00c5r 2023<\/td><td class=\"has-text-align-left\" data-align=\"left\">Ny sida med bilder fr\u00e5n Dingtuna Bygdeg\u00e5rd 2023-03-19.<\/td><\/tr><tr><td class=\"has-text-align-left\" data-align=\"left\">2023-03-23<\/td><td class=\"has-text-align-left\" data-align=\"left\">Startsidan (Hem)<\/td><td class=\"has-text-align-left\" data-align=\"left\">Org.nr och PG konto placerat l\u00e4ngst ner p\u00e5 sidan.<\/td><\/tr><tr><td class=\"has-text-align-left\" data-align=\"left\">2023-02-22<\/td><td class=\"has-text-align-left\" data-align=\"left\">Om oss\/styrelsen<\/td><td class=\"has-text-align-left\" data-align=\"left\">Uppdatering med ny ordf\u00f6rande Jerry Lind.<\/td><\/tr><tr><td class=\"has-text-align-left\" data-align=\"left\">2023-02-22<\/td><td class=\"has-text-align-left\" data-align=\"left\">Kalender<\/td><td class=\"has-text-align-left\" data-align=\"left\">Uppdatering med datum f\u00f6r gammeldanskursen.<\/td><\/tr><tr><td class=\"has-text-align-left\" data-align=\"left\">2022-11-02<\/td><td class=\"has-text-align-left\" data-align=\"left\">Kalender<\/td><td class=\"has-text-align-left\" data-align=\"left\">Uppdatering med datum f\u00f6r upptr\u00e4dande p\u00e5 Skantzen, julfesten, start danstr\u00e4ningen, styrelsem\u00f6te och \u00e5rsm\u00f6te.<\/td><\/tr><tr><td class=\"has-text-align-left\" data-align=\"left\">2022-08-25<\/td><td class=\"has-text-align-left\" data-align=\"left\">Kalender<\/td><td class=\"has-text-align-left\" data-align=\"left\">Uppdaterad med start av danstr\u00e4ning 6\/9.<\/td><\/tr><tr><td class=\"has-text-align-left\" data-align=\"left\">2022-07-12<\/td><td class=\"has-text-align-left\" data-align=\"left\">Videor<\/td><td class=\"has-text-align-left\" data-align=\"left\">Ny sida med 5 videor fr\u00e5n Carmenladan(2), Tr\u00e5ngfors(2) och \u00c4ppelparken.<\/td><\/tr><tr><td class=\"has-text-align-left\" data-align=\"left\">2022-06-09<\/td><td class=\"has-text-align-left\" data-align=\"left\">Kalender<\/td><td class=\"has-text-align-left\" data-align=\"left\">Distriktet ordnar bussresa till till Dans- och spelmansst\u00e4mman i Kungstr\u00e4dg\u00e5rden den 21\/8.<\/td><\/tr><tr><td class=\"has-text-align-left\" data-align=\"left\">2022-06-09<\/td><td class=\"has-text-align-left\" data-align=\"left\">Kalender<\/td><td class=\"has-text-align-left\" data-align=\"left\">Tr\u00e5ngforsdagen den 21\/8 inst\u00e4llt.<\/td><\/tr><tr><td class=\"has-text-align-left\" data-align=\"left\">2022-05-20<\/td><td class=\"has-text-align-left\" data-align=\"left\">Kalender<\/td><td class=\"has-text-align-left\" data-align=\"left\">Datum f\u00f6r avslut 31\/5 inlagt.<\/td><\/tr><tr><td class=\"has-text-align-left\" data-align=\"left\">2022-04-04<\/td><td class=\"has-text-align-left\" data-align=\"left\">Kalender<\/td><td class=\"has-text-align-left\" data-align=\"left\">Datum f\u00f6r upptr\u00e4dande till f\u00f6rm\u00e5n Ukraina korrigerat till 8\/5 inlagt.<\/td><\/tr><tr><td class=\"has-text-align-left\" data-align=\"left\">2022-04-03<\/td><td class=\"has-text-align-left\" data-align=\"left\">Kalender<\/td><td class=\"has-text-align-left\" data-align=\"left\">Datum 8\/4 f\u00f6r upptr\u00e4dande till f\u00f6rm\u00e5n Ukraina inlagt.<\/td><\/tr><tr><td class=\"has-text-align-left\" data-align=\"left\">2022-01-20<\/td><td class=\"has-text-align-left\" data-align=\"left\">Kalender<\/td><td class=\"has-text-align-left\" data-align=\"left\">\u00c5rsm\u00f6te 8\/2 inlagt.<\/td><\/tr><tr><td class=\"has-text-align-left\" data-align=\"left\">2022-01-18<\/td><td class=\"has-text-align-left\" data-align=\"left\">Kalender<\/td><td class=\"has-text-align-left\" data-align=\"left\">Ny start f\u00f6r danstr\u00e4ningen flyttad till 22\/2.<\/td><\/tr><tr><td class=\"has-text-align-left\" data-align=\"left\">2022-01-16<\/td><td class=\"has-text-align-left\" data-align=\"left\">Bilder\/\u00c5r 2016 Aachen<\/td><td class=\"has-text-align-left\" data-align=\"left\">Ny sida med bilder fr\u00e5n Aachen.<\/td><\/tr><tr><td class=\"has-text-align-left\" data-align=\"left\">2022-01-11<\/td><td class=\"has-text-align-left\" data-align=\"left\">Kalendern<\/td><td class=\"has-text-align-left\" data-align=\"left\">Uppdaterad med senaste anm\u00e4lningsdagen till Folkdansringens 100-\u00e5rs fest.<\/td><\/tr><tr><td class=\"has-text-align-left\" data-align=\"left\">2022-01-10<\/td><td class=\"has-text-align-left\" data-align=\"left\">Bilder\/\u00c5r 2016 och \u00e4ldre <\/td><td class=\"has-text-align-left\" data-align=\"left\">Bilder fr\u00e5n Tr\u00e5ngfors 2012-08-19 inlagda. <\/td><\/tr><tr><td class=\"has-text-align-left\" data-align=\"left\">2022-01-10<\/td><td class=\"has-text-align-left\" data-align=\"left\">Bilder\/\u00c5r 2018-2021<\/td><td class=\"has-text-align-left\" data-align=\"left\">Bilder fr\u00e5n Tr\u00e5ngfors 2018-08-19 inlagda.<\/td><\/tr><tr><td class=\"has-text-align-left\" data-align=\"left\">2022-01-07<\/td><td class=\"has-text-align-left\" data-align=\"left\">Om oss\/Styrelsen<\/td><td class=\"has-text-align-left\" data-align=\"left\">Bilder inlagda p\u00e5 alla i styrelse.<\/td><\/tr><tr><td class=\"has-text-align-left\" data-align=\"left\">2022-01-07<\/td><td class=\"has-text-align-left\" data-align=\"left\">Startsidan (Hem)<\/td><td class=\"has-text-align-left\" data-align=\"left\">Bildspel fr\u00e5n Tr\u00e5ngfors 2017-08-20 inlagt.<\/td><\/tr><tr><td class=\"has-text-align-left\" data-align=\"left\">2022-01-04<\/td><td class=\"has-text-align-left\" data-align=\"left\"><\/td><td class=\"has-text-align-left\" data-align=\"left\">Den nya hemsida tas i drift.<\/td><\/tr><\/tbody><\/table><\/figure>\n\n\n\n<p class=\"has-text-align-center\"><strong>Test<\/strong><\/p>\n","protected":false},"excerpt":{"rendered":"<p>Datum Sida \u00c4ndring 2026-01-14 Kalender Uppdatering med bland annat datum f\u00f6r distriktsst\u00e4mman. 2025-11-19 Kalender Uppdatering med information om aktiviteter 2026. 2025-10-29 Kalender Uppdatering med upptr\u00e4dande p\u00e5 \u00c4ppelparken den 2\/12 kl 14.15. 2025-09-30 Kalender Uppdatering med resa till Enk\u00f6ping 8\/10 och medlemsm\u00f6te 25\/11. 2025-08-23 Kalender Uppdatering av sidan Kalender med aktiviteter f\u00f6r h\u00f6sten 2025. 2025-06-23 Bilder&hellip; <a class=\"more-link\" href=\"https:\/\/folkdansringen.se\/ny-hallstahammar\/index.php\/uppdateringar\/\">Forts\u00e4tt l\u00e4sa <span class=\"screen-reader-text\">Uppdateringar<\/span><\/a><\/p>\n","protected":false},"author":1,"featured_media":0,"parent":0,"menu_order":0,"comment_status":"closed","ping_status":"closed","template":"","meta":{"footnotes":""},"class_list":["post-47","page","type-page","status-publish","hentry","entry"],"_links":{"self":[{"href":"https:\/\/folkdansringen.se\/ny-hallstahammar\/index.php\/wp-json\/wp\/v2\/pages\/47","targetHints":{"allow":["GET"]}}],"collection":[{"href":"https:\/\/folkdansringen.se\/ny-hallstahammar\/index.php\/wp-json\/wp\/v2\/pages"}],"about":[{"href":"https:\/\/folkdansringen.se\/ny-hallstahammar\/index.php\/wp-json\/wp\/v2\/types\/page"}],"author":[{"embeddable":true,"href":"https:\/\/folkdansringen.se\/ny-hallstahammar\/index.php\/wp-json\/wp\/v2\/users\/1"}],"replies":[{"embeddable":true,"href":"https:\/\/folkdansringen.se\/ny-hallstahammar\/index.php\/wp-json\/wp\/v2\/comments?post=47"}],"version-history":[{"count":79,"href":"https:\/\/folkdansringen.se\/ny-hallstahammar\/index.php\/wp-json\/wp\/v2\/pages\/47\/revisions"}],"predecessor-version":[{"id":1454,"href":"https:\/\/folkdansringen.se\/ny-hallstahammar\/index.php\/wp-json\/wp\/v2\/pages\/47\/revisions\/1454"}],"wp:attachment":[{"href":"https:\/\/folkdansringen.se\/ny-hallstahammar\/index.php\/wp-json\/wp\/v2\/media?parent=47"}],"curies":[{"name":"wp","href":"https:\/\/api.w.org\/{rel}","templated":true}]}}