{"id":401,"date":"2020-08-18T17:34:46","date_gmt":"2020-08-18T15:34:46","guid":{"rendered":"https:\/\/folkdansringen.se\/luggudegilletny\/?page_id=401"},"modified":"2020-08-18T17:34:46","modified_gmt":"2020-08-18T15:34:46","slug":"elementor-401","status":"publish","type":"page","link":"https:\/\/folkdansringen.se\/luggudegillet\/elementor-401\/","title":{"rendered":"Foton"},"content":{"rendered":"\t\t<div data-elementor-type=\"wp-post\" data-elementor-id=\"401\" class=\"elementor elementor-401\" data-elementor-settings=\"[]\">\n\t\t\t\t\t\t<div class=\"elementor-inner\">\n\t\t\t\t\t\t\t<div class=\"elementor-section-wrap\">\n\t\t\t\t\t\t\t<section class=\"elementor-section elementor-top-section elementor-element elementor-element-5a4e8e8 elementor-section-boxed elementor-section-height-default elementor-section-height-default\" data-id=\"5a4e8e8\" data-element_type=\"section\">\n\t\t\t\t\t\t<div class=\"elementor-container elementor-column-gap-default\">\n\t\t\t\t\t\t\t<div class=\"elementor-row\">\n\t\t\t\t\t<div class=\"elementor-column elementor-col-100 elementor-top-column elementor-element elementor-element-98bae3a\" data-id=\"98bae3a\" data-element_type=\"column\">\n\t\t\t<div class=\"elementor-column-wrap elementor-element-populated\">\n\t\t\t\t\t\t\t<div class=\"elementor-widget-wrap\">\n\t\t\t\t\t\t<div class=\"elementor-element elementor-element-e94b2eb elementor-widget elementor-widget-heading\" data-id=\"e94b2eb\" data-element_type=\"widget\" data-widget_type=\"heading.default\">\n\t\t\t\t<div class=\"elementor-widget-container\">\n\t\t\t<h2 class=\"elementor-heading-title elementor-size-default\">Foton fr\u00e5n v\u00e5r verksamhet<\/h2>\t\t<\/div>\n\t\t\t\t<\/div>\n\t\t\t\t\t\t<\/div>\n\t\t\t\t\t<\/div>\n\t\t<\/div>\n\t\t\t\t\t\t\t\t<\/div>\n\t\t\t\t\t<\/div>\n\t\t<\/section>\n\t\t\t\t<section class=\"elementor-section elementor-top-section elementor-element elementor-element-edda869 elementor-section-boxed elementor-section-height-default elementor-section-height-default\" data-id=\"edda869\" data-element_type=\"section\">\n\t\t\t\t\t\t<div class=\"elementor-container elementor-column-gap-default\">\n\t\t\t\t\t\t\t<div class=\"elementor-row\">\n\t\t\t\t\t<div class=\"elementor-column elementor-col-100 elementor-top-column elementor-element elementor-element-5c1d726\" data-id=\"5c1d726\" data-element_type=\"column\">\n\t\t\t<div class=\"elementor-column-wrap elementor-element-populated\">\n\t\t\t\t\t\t\t<div class=\"elementor-widget-wrap\">\n\t\t\t\t\t\t<div class=\"elementor-element elementor-element-4363adb elementor-widget elementor-widget-heading\" data-id=\"4363adb\" data-element_type=\"widget\" data-widget_type=\"heading.default\">\n\t\t\t\t<div class=\"elementor-widget-container\">\n\t\t\t<h2 class=\"elementor-heading-title elementor-size-medium\">Collage av bilder p\u00e5 sk\u00e4rm, visade p\u00e5 v\u00e5rt 90-\u00e5rsjubileum 2018<\/h2>\t\t<\/div>\n\t\t\t\t<\/div>\n\t\t\t\t<div class=\"elementor-element elementor-element-bc1176f elementor-widget elementor-widget-image\" data-id=\"bc1176f\" data-element_type=\"widget\" data-widget_type=\"image.default\">\n\t\t\t\t<div class=\"elementor-widget-container\">\n\t\t\t\t\t<div class=\"elementor-image\">\n\t\t\t\t\t\t\t\t\t\t<img width=\"1024\" height=\"768\" src=\"https:\/\/folkdansringen.se\/luggudegillet\/wp-content\/uploads\/2020\/08\/P1030807-scaled-1-1024x768.jpg\" class=\"attachment-large size-large\" alt=\"\" loading=\"lazy\" srcset=\"https:\/\/folkdansringen.se\/luggudegillet\/wp-content\/uploads\/2020\/08\/P1030807-scaled-1-1024x768.jpg 1024w, https:\/\/folkdansringen.se\/luggudegillet\/wp-content\/uploads\/2020\/08\/P1030807-scaled-1-300x225.jpg 300w, https:\/\/folkdansringen.se\/luggudegillet\/wp-content\/uploads\/2020\/08\/P1030807-scaled-1-768x576.jpg 768w, https:\/\/folkdansringen.se\/luggudegillet\/wp-content\/uploads\/2020\/08\/P1030807-scaled-1-1536x1152.jpg 1536w, https:\/\/folkdansringen.se\/luggudegillet\/wp-content\/uploads\/2020\/08\/P1030807-scaled-1-2048x1536.jpg 2048w, https:\/\/folkdansringen.se\/luggudegillet\/wp-content\/uploads\/2020\/08\/P1030807-scaled-1-1200x900.jpg 1200w, https:\/\/folkdansringen.se\/luggudegillet\/wp-content\/uploads\/2020\/08\/P1030807-scaled-1-1980x1485.jpg 1980w\" sizes=\"(max-width: 1024px) 100vw, 1024px\" \/>\t\t\t\t\t\t\t\t\t\t\t<\/div>\n\t\t\t\t<\/div>\n\t\t\t\t<\/div>\n\t\t\t\t\t\t<\/div>\n\t\t\t\t\t<\/div>\n\t\t<\/div>\n\t\t\t\t\t\t\t\t<\/div>\n\t\t\t\t\t<\/div>\n\t\t<\/section>\n\t\t\t\t<section class=\"elementor-section elementor-top-section elementor-element elementor-element-8286d75 elementor-section-boxed elementor-section-height-default elementor-section-height-default\" data-id=\"8286d75\" data-element_type=\"section\">\n\t\t\t\t\t\t<div class=\"elementor-container elementor-column-gap-default\">\n\t\t\t\t\t\t\t<div class=\"elementor-row\">\n\t\t\t\t\t<div class=\"elementor-column elementor-col-100 elementor-top-column elementor-element elementor-element-b46a726\" data-id=\"b46a726\" data-element_type=\"column\">\n\t\t\t<div class=\"elementor-column-wrap elementor-element-populated\">\n\t\t\t\t\t\t\t<div class=\"elementor-widget-wrap\">\n\t\t\t\t\t\t<section class=\"elementor-section elementor-inner-section elementor-element elementor-element-29f1103 elementor-section-boxed elementor-section-height-default elementor-section-height-default\" data-id=\"29f1103\" data-element_type=\"section\">\n\t\t\t\t\t\t<div class=\"elementor-container elementor-column-gap-default\">\n\t\t\t\t\t\t\t<div class=\"elementor-row\">\n\t\t\t\t\t<div class=\"elementor-column elementor-col-50 elementor-inner-column elementor-element elementor-element-107c611\" data-id=\"107c611\" data-element_type=\"column\">\n\t\t\t<div class=\"elementor-column-wrap elementor-element-populated\">\n\t\t\t\t\t\t\t<div class=\"elementor-widget-wrap\">\n\t\t\t\t\t\t<div class=\"elementor-element elementor-element-39df260 elementor-widget elementor-widget-heading\" data-id=\"39df260\" data-element_type=\"widget\" data-widget_type=\"heading.default\">\n\t\t\t\t<div class=\"elementor-widget-container\">\n\t\t\t<h2 class=\"elementor-heading-title elementor-size-default\">Blandade foton fr dans mm<\/h2>\t\t<\/div>\n\t\t\t\t<\/div>\n\t\t\t\t<div class=\"elementor-element elementor-element-1223018 elementor-widget elementor-widget-image-gallery\" data-id=\"1223018\" data-element_type=\"widget\" data-widget_type=\"image-gallery.default\">\n\t\t\t\t<div class=\"elementor-widget-container\">\n\t\t\t\t\t<div class=\"elementor-image-gallery\">\n\t\t\t<div id='gallery-1' class='gallery galleryid-401 gallery-columns-3 gallery-size-large'><figure class='gallery-item'>\n\t\t\t<div class='gallery-icon landscape'>\n\t\t\t\t<a data-elementor-open-lightbox=\"yes\" data-elementor-lightbox-slideshow=\"1223018\" data-elementor-lightbox-title=\"01082015\" href='https:\/\/folkdansringen.se\/luggudegillet\/wp-content\/uploads\/2020\/07\/01082015-1403-0045-Redigera-scaled-1.jpg'><img width=\"1024\" height=\"776\" src=\"https:\/\/folkdansringen.se\/luggudegillet\/wp-content\/uploads\/2020\/07\/01082015-1403-0045-Redigera-scaled-1-1024x776.jpg\" class=\"attachment-large size-large\" alt=\"\" loading=\"lazy\" aria-describedby=\"gallery-1-256\" srcset=\"https:\/\/folkdansringen.se\/luggudegillet\/wp-content\/uploads\/2020\/07\/01082015-1403-0045-Redigera-scaled-1-1024x776.jpg 1024w, https:\/\/folkdansringen.se\/luggudegillet\/wp-content\/uploads\/2020\/07\/01082015-1403-0045-Redigera-scaled-1-300x227.jpg 300w, https:\/\/folkdansringen.se\/luggudegillet\/wp-content\/uploads\/2020\/07\/01082015-1403-0045-Redigera-scaled-1-768x582.jpg 768w, https:\/\/folkdansringen.se\/luggudegillet\/wp-content\/uploads\/2020\/07\/01082015-1403-0045-Redigera-scaled-1-1536x1165.jpg 1536w, https:\/\/folkdansringen.se\/luggudegillet\/wp-content\/uploads\/2020\/07\/01082015-1403-0045-Redigera-scaled-1-2048x1553.jpg 2048w, https:\/\/folkdansringen.se\/luggudegillet\/wp-content\/uploads\/2020\/07\/01082015-1403-0045-Redigera-scaled-1-1200x910.jpg 1200w, https:\/\/folkdansringen.se\/luggudegillet\/wp-content\/uploads\/2020\/07\/01082015-1403-0045-Redigera-scaled-1-1980x1501.jpg 1980w\" sizes=\"(max-width: 1024px) 100vw, 1024px\" \/><\/a>\n\t\t\t<\/div>\n\t\t\t\t<figcaption class='wp-caption-text gallery-caption' id='gallery-1-256'>\n\t\t\t\tSk\u00f6rdedansen R\u00e5\u00e5 \u00c4sket 2015\n\t\t\t\t<\/figcaption><\/figure><figure class='gallery-item'>\n\t\t\t<div class='gallery-icon landscape'>\n\t\t\t\t<a data-elementor-open-lightbox=\"yes\" data-elementor-lightbox-slideshow=\"1223018\" data-elementor-lightbox-title=\"T004 2012 06 06_2731\" href='https:\/\/folkdansringen.se\/luggudegillet\/wp-content\/uploads\/2020\/08\/T004-2012-06-06_2731-scaled-1.jpg'><img width=\"1024\" height=\"683\" src=\"https:\/\/folkdansringen.se\/luggudegillet\/wp-content\/uploads\/2020\/08\/T004-2012-06-06_2731-scaled-1-1024x683.jpg\" class=\"attachment-large size-large\" alt=\"\" loading=\"lazy\" aria-describedby=\"gallery-1-440\" srcset=\"https:\/\/folkdansringen.se\/luggudegillet\/wp-content\/uploads\/2020\/08\/T004-2012-06-06_2731-scaled-1-1024x683.jpg 1024w, https:\/\/folkdansringen.se\/luggudegillet\/wp-content\/uploads\/2020\/08\/T004-2012-06-06_2731-scaled-1-300x200.jpg 300w, https:\/\/folkdansringen.se\/luggudegillet\/wp-content\/uploads\/2020\/08\/T004-2012-06-06_2731-scaled-1-768x512.jpg 768w, https:\/\/folkdansringen.se\/luggudegillet\/wp-content\/uploads\/2020\/08\/T004-2012-06-06_2731-scaled-1-1536x1024.jpg 1536w, https:\/\/folkdansringen.se\/luggudegillet\/wp-content\/uploads\/2020\/08\/T004-2012-06-06_2731-scaled-1-2048x1366.jpg 2048w, https:\/\/folkdansringen.se\/luggudegillet\/wp-content\/uploads\/2020\/08\/T004-2012-06-06_2731-scaled-1-1200x800.jpg 1200w, https:\/\/folkdansringen.se\/luggudegillet\/wp-content\/uploads\/2020\/08\/T004-2012-06-06_2731-scaled-1-1980x1320.jpg 1980w\" sizes=\"(max-width: 1024px) 100vw, 1024px\" \/><\/a>\n\t\t\t<\/div>\n\t\t\t\t<figcaption class='wp-caption-text gallery-caption' id='gallery-1-440'>\n\t\t\t\tAllerums kyrka\n\t\t\t\t<\/figcaption><\/figure><figure class='gallery-item'>\n\t\t\t<div class='gallery-icon landscape'>\n\t\t\t\t<a data-elementor-open-lightbox=\"yes\" data-elementor-lightbox-slideshow=\"1223018\" data-elementor-lightbox-title=\"PICT2835\" href='https:\/\/folkdansringen.se\/luggudegillet\/wp-content\/uploads\/2020\/08\/PICT2835.jpg'><img width=\"1024\" height=\"757\" src=\"https:\/\/folkdansringen.se\/luggudegillet\/wp-content\/uploads\/2020\/08\/PICT2835-1024x757.jpg\" class=\"attachment-large size-large\" alt=\"\" loading=\"lazy\" aria-describedby=\"gallery-1-438\" srcset=\"https:\/\/folkdansringen.se\/luggudegillet\/wp-content\/uploads\/2020\/08\/PICT2835-1024x757.jpg 1024w, https:\/\/folkdansringen.se\/luggudegillet\/wp-content\/uploads\/2020\/08\/PICT2835-300x222.jpg 300w, https:\/\/folkdansringen.se\/luggudegillet\/wp-content\/uploads\/2020\/08\/PICT2835-768x568.jpg 768w, https:\/\/folkdansringen.se\/luggudegillet\/wp-content\/uploads\/2020\/08\/PICT2835-1536x1136.jpg 1536w, https:\/\/folkdansringen.se\/luggudegillet\/wp-content\/uploads\/2020\/08\/PICT2835-2048x1515.jpg 2048w, https:\/\/folkdansringen.se\/luggudegillet\/wp-content\/uploads\/2020\/08\/PICT2835-1200x888.jpg 1200w, https:\/\/folkdansringen.se\/luggudegillet\/wp-content\/uploads\/2020\/08\/PICT2835-1980x1464.jpg 1980w\" sizes=\"(max-width: 1024px) 100vw, 1024px\" \/><\/a>\n\t\t\t<\/div>\n\t\t\t\t<figcaption class='wp-caption-text gallery-caption' id='gallery-1-438'>\n\t\t\t\tHollandsbes\u00f6k 2005\n\t\t\t\t<\/figcaption><\/figure><figure class='gallery-item'>\n\t\t\t<div class='gallery-icon landscape'>\n\t\t\t\t<a data-elementor-open-lightbox=\"yes\" data-elementor-lightbox-slideshow=\"1223018\" data-elementor-lightbox-title=\"D61 Prompolon\u00e4s03\" href='https:\/\/folkdansringen.se\/luggudegillet\/wp-content\/uploads\/2020\/07\/D61-Prompolonas03-scaled-1.jpg'><img width=\"1024\" height=\"679\" src=\"https:\/\/folkdansringen.se\/luggudegillet\/wp-content\/uploads\/2020\/07\/D61-Prompolonas03-scaled-1-1024x679.jpg\" class=\"attachment-large size-large\" alt=\"Promenadpolon\u00e4s Brunnsberga\" loading=\"lazy\" aria-describedby=\"gallery-1-257\" srcset=\"https:\/\/folkdansringen.se\/luggudegillet\/wp-content\/uploads\/2020\/07\/D61-Prompolonas03-scaled-1-1024x679.jpg 1024w, https:\/\/folkdansringen.se\/luggudegillet\/wp-content\/uploads\/2020\/07\/D61-Prompolonas03-scaled-1-300x199.jpg 300w, https:\/\/folkdansringen.se\/luggudegillet\/wp-content\/uploads\/2020\/07\/D61-Prompolonas03-scaled-1-768x509.jpg 768w, https:\/\/folkdansringen.se\/luggudegillet\/wp-content\/uploads\/2020\/07\/D61-Prompolonas03-scaled-1-1536x1019.jpg 1536w, https:\/\/folkdansringen.se\/luggudegillet\/wp-content\/uploads\/2020\/07\/D61-Prompolonas03-scaled-1-2048x1358.jpg 2048w, https:\/\/folkdansringen.se\/luggudegillet\/wp-content\/uploads\/2020\/07\/D61-Prompolonas03-scaled-1-1200x796.jpg 1200w, https:\/\/folkdansringen.se\/luggudegillet\/wp-content\/uploads\/2020\/07\/D61-Prompolonas03-scaled-1-1980x1313.jpg 1980w\" sizes=\"(max-width: 1024px) 100vw, 1024px\" \/><\/a>\n\t\t\t<\/div>\n\t\t\t\t<figcaption class='wp-caption-text gallery-caption' id='gallery-1-257'>\n\t\t\t\tPolon\u00e4s i Brunnsberga 2003\n\t\t\t\t<\/figcaption><\/figure><figure class='gallery-item'>\n\t\t\t<div class='gallery-icon landscape'>\n\t\t\t\t<a data-elementor-open-lightbox=\"yes\" data-elementor-lightbox-slideshow=\"1223018\" data-elementor-lightbox-title=\"T006 06 22_2788\" href='https:\/\/folkdansringen.se\/luggudegillet\/wp-content\/uploads\/2020\/08\/T006-06-22_2788-scaled-1.jpg'><img width=\"1024\" height=\"577\" src=\"https:\/\/folkdansringen.se\/luggudegillet\/wp-content\/uploads\/2020\/08\/T006-06-22_2788-scaled-1-1024x577.jpg\" class=\"attachment-large size-large\" alt=\"\" loading=\"lazy\" aria-describedby=\"gallery-1-441\" srcset=\"https:\/\/folkdansringen.se\/luggudegillet\/wp-content\/uploads\/2020\/08\/T006-06-22_2788-scaled-1-1024x577.jpg 1024w, https:\/\/folkdansringen.se\/luggudegillet\/wp-content\/uploads\/2020\/08\/T006-06-22_2788-scaled-1-300x169.jpg 300w, https:\/\/folkdansringen.se\/luggudegillet\/wp-content\/uploads\/2020\/08\/T006-06-22_2788-scaled-1-768x433.jpg 768w, https:\/\/folkdansringen.se\/luggudegillet\/wp-content\/uploads\/2020\/08\/T006-06-22_2788-scaled-1-1536x866.jpg 1536w, https:\/\/folkdansringen.se\/luggudegillet\/wp-content\/uploads\/2020\/08\/T006-06-22_2788-scaled-1-2048x1154.jpg 2048w, https:\/\/folkdansringen.se\/luggudegillet\/wp-content\/uploads\/2020\/08\/T006-06-22_2788-scaled-1-1200x676.jpg 1200w, https:\/\/folkdansringen.se\/luggudegillet\/wp-content\/uploads\/2020\/08\/T006-06-22_2788-scaled-1-1980x1116.jpg 1980w\" sizes=\"(max-width: 1024px) 100vw, 1024px\" \/><\/a>\n\t\t\t<\/div>\n\t\t\t\t<figcaption class='wp-caption-text gallery-caption' id='gallery-1-441'>\n\t\t\t\tMidsommar p\u00e5 Brunnsberga\n\t\t\t\t<\/figcaption><\/figure><figure class='gallery-item'>\n\t\t\t<div class='gallery-icon landscape'>\n\t\t\t\t<a data-elementor-open-lightbox=\"yes\" data-elementor-lightbox-slideshow=\"1223018\" data-elementor-lightbox-title=\"G004 dans\" href='https:\/\/folkdansringen.se\/luggudegillet\/wp-content\/uploads\/2020\/08\/G004-dans.jpg'><img width=\"1024\" height=\"757\" src=\"https:\/\/folkdansringen.se\/luggudegillet\/wp-content\/uploads\/2020\/08\/G004-dans-1024x757.jpg\" class=\"attachment-large size-large\" alt=\"\" loading=\"lazy\" aria-describedby=\"gallery-1-434\" srcset=\"https:\/\/folkdansringen.se\/luggudegillet\/wp-content\/uploads\/2020\/08\/G004-dans-1024x757.jpg 1024w, https:\/\/folkdansringen.se\/luggudegillet\/wp-content\/uploads\/2020\/08\/G004-dans-300x222.jpg 300w, https:\/\/folkdansringen.se\/luggudegillet\/wp-content\/uploads\/2020\/08\/G004-dans-768x568.jpg 768w, https:\/\/folkdansringen.se\/luggudegillet\/wp-content\/uploads\/2020\/08\/G004-dans-1536x1136.jpg 1536w, https:\/\/folkdansringen.se\/luggudegillet\/wp-content\/uploads\/2020\/08\/G004-dans-2048x1515.jpg 2048w, https:\/\/folkdansringen.se\/luggudegillet\/wp-content\/uploads\/2020\/08\/G004-dans-1200x888.jpg 1200w, https:\/\/folkdansringen.se\/luggudegillet\/wp-content\/uploads\/2020\/08\/G004-dans-1980x1464.jpg 1980w\" sizes=\"(max-width: 1024px) 100vw, 1024px\" \/><\/a>\n\t\t\t<\/div>\n\t\t\t\t<figcaption class='wp-caption-text gallery-caption' id='gallery-1-434'>\n\t\t\t\tSkottlandsresan 2003 uppvisning\n\t\t\t\t<\/figcaption><\/figure><figure class='gallery-item'>\n\t\t\t<div class='gallery-icon landscape'>\n\t\t\t\t<a data-elementor-open-lightbox=\"yes\" data-elementor-lightbox-slideshow=\"1223018\" data-elementor-lightbox-title=\"PICT3410\" href='https:\/\/folkdansringen.se\/luggudegillet\/wp-content\/uploads\/2020\/08\/PICT3410.jpg'><img width=\"1024\" height=\"757\" src=\"https:\/\/folkdansringen.se\/luggudegillet\/wp-content\/uploads\/2020\/08\/PICT3410-1024x757.jpg\" class=\"attachment-large size-large\" alt=\"\" loading=\"lazy\" aria-describedby=\"gallery-1-439\" srcset=\"https:\/\/folkdansringen.se\/luggudegillet\/wp-content\/uploads\/2020\/08\/PICT3410-1024x757.jpg 1024w, https:\/\/folkdansringen.se\/luggudegillet\/wp-content\/uploads\/2020\/08\/PICT3410-300x222.jpg 300w, https:\/\/folkdansringen.se\/luggudegillet\/wp-content\/uploads\/2020\/08\/PICT3410-768x568.jpg 768w, https:\/\/folkdansringen.se\/luggudegillet\/wp-content\/uploads\/2020\/08\/PICT3410-1536x1136.jpg 1536w, https:\/\/folkdansringen.se\/luggudegillet\/wp-content\/uploads\/2020\/08\/PICT3410-2048x1515.jpg 2048w, https:\/\/folkdansringen.se\/luggudegillet\/wp-content\/uploads\/2020\/08\/PICT3410-1200x888.jpg 1200w, https:\/\/folkdansringen.se\/luggudegillet\/wp-content\/uploads\/2020\/08\/PICT3410-1980x1464.jpg 1980w\" sizes=\"(max-width: 1024px) 100vw, 1024px\" \/><\/a>\n\t\t\t<\/div>\n\t\t\t\t<figcaption class='wp-caption-text gallery-caption' id='gallery-1-439'>\n\t\t\t\tFredriksdals koloniomr\u00e5de\n\t\t\t\t<\/figcaption><\/figure><figure class='gallery-item'>\n\t\t\t<div class='gallery-icon landscape'>\n\t\t\t\t<a data-elementor-open-lightbox=\"yes\" data-elementor-lightbox-slideshow=\"1223018\" data-elementor-lightbox-title=\"C001-Luggudeg\u00e4nget\" href='https:\/\/folkdansringen.se\/luggudegillet\/wp-content\/uploads\/2020\/08\/C001-Luggudeganget-scaled-1.jpg'><img width=\"1024\" height=\"686\" src=\"https:\/\/folkdansringen.se\/luggudegillet\/wp-content\/uploads\/2020\/08\/C001-Luggudeganget-scaled-1-1024x686.jpg\" class=\"attachment-large size-large\" alt=\"\" loading=\"lazy\" aria-describedby=\"gallery-1-432\" srcset=\"https:\/\/folkdansringen.se\/luggudegillet\/wp-content\/uploads\/2020\/08\/C001-Luggudeganget-scaled-1-1024x686.jpg 1024w, https:\/\/folkdansringen.se\/luggudegillet\/wp-content\/uploads\/2020\/08\/C001-Luggudeganget-scaled-1-300x201.jpg 300w, https:\/\/folkdansringen.se\/luggudegillet\/wp-content\/uploads\/2020\/08\/C001-Luggudeganget-scaled-1-768x515.jpg 768w, https:\/\/folkdansringen.se\/luggudegillet\/wp-content\/uploads\/2020\/08\/C001-Luggudeganget-scaled-1-1536x1029.jpg 1536w, https:\/\/folkdansringen.se\/luggudegillet\/wp-content\/uploads\/2020\/08\/C001-Luggudeganget-scaled-1-2048x1372.jpg 2048w, https:\/\/folkdansringen.se\/luggudegillet\/wp-content\/uploads\/2020\/08\/C001-Luggudeganget-scaled-1-1200x804.jpg 1200w, https:\/\/folkdansringen.se\/luggudegillet\/wp-content\/uploads\/2020\/08\/C001-Luggudeganget-scaled-1-1980x1326.jpg 1980w\" sizes=\"(max-width: 1024px) 100vw, 1024px\" \/><\/a>\n\t\t\t<\/div>\n\t\t\t\t<figcaption class='wp-caption-text gallery-caption' id='gallery-1-432'>\n\t\t\t\tLido de Jesolo 1988\n\t\t\t\t<\/figcaption><\/figure><figure class='gallery-item'>\n\t\t\t<div class='gallery-icon landscape'>\n\t\t\t\t<a data-elementor-open-lightbox=\"yes\" data-elementor-lightbox-slideshow=\"1223018\" data-elementor-lightbox-title=\"L003 Promenadpolon\u00e4s 4\" href='https:\/\/folkdansringen.se\/luggudegillet\/wp-content\/uploads\/2020\/08\/L003-Promenadpolonas-4.jpg'><img width=\"1024\" height=\"757\" src=\"https:\/\/folkdansringen.se\/luggudegillet\/wp-content\/uploads\/2020\/08\/L003-Promenadpolonas-4-1024x757.jpg\" class=\"attachment-large size-large\" alt=\"\" loading=\"lazy\" aria-describedby=\"gallery-1-435\" srcset=\"https:\/\/folkdansringen.se\/luggudegillet\/wp-content\/uploads\/2020\/08\/L003-Promenadpolonas-4-1024x757.jpg 1024w, https:\/\/folkdansringen.se\/luggudegillet\/wp-content\/uploads\/2020\/08\/L003-Promenadpolonas-4-300x222.jpg 300w, https:\/\/folkdansringen.se\/luggudegillet\/wp-content\/uploads\/2020\/08\/L003-Promenadpolonas-4-768x568.jpg 768w, https:\/\/folkdansringen.se\/luggudegillet\/wp-content\/uploads\/2020\/08\/L003-Promenadpolonas-4-1536x1136.jpg 1536w, https:\/\/folkdansringen.se\/luggudegillet\/wp-content\/uploads\/2020\/08\/L003-Promenadpolonas-4-2048x1515.jpg 2048w, https:\/\/folkdansringen.se\/luggudegillet\/wp-content\/uploads\/2020\/08\/L003-Promenadpolonas-4-1200x888.jpg 1200w, https:\/\/folkdansringen.se\/luggudegillet\/wp-content\/uploads\/2020\/08\/L003-Promenadpolonas-4-1980x1464.jpg 1980w\" sizes=\"(max-width: 1024px) 100vw, 1024px\" \/><\/a>\n\t\t\t<\/div>\n\t\t\t\t<figcaption class='wp-caption-text gallery-caption' id='gallery-1-435'>\n\t\t\t\tJulfest p\u00e5 Sj\u00f6crona-parken\n\t\t\t\t<\/figcaption><\/figure><figure class='gallery-item'>\n\t\t\t<div class='gallery-icon landscape'>\n\t\t\t\t<a data-elementor-open-lightbox=\"yes\" data-elementor-lightbox-slideshow=\"1223018\" data-elementor-lightbox-title=\"DIG_2008_622\" href='https:\/\/folkdansringen.se\/luggudegillet\/wp-content\/uploads\/2020\/08\/DIG_2008_622-scaled-1.jpg'><img width=\"1024\" height=\"680\" src=\"https:\/\/folkdansringen.se\/luggudegillet\/wp-content\/uploads\/2020\/08\/DIG_2008_622-scaled-1-1024x680.jpg\" class=\"attachment-large size-large\" alt=\"\" loading=\"lazy\" aria-describedby=\"gallery-1-433\" srcset=\"https:\/\/folkdansringen.se\/luggudegillet\/wp-content\/uploads\/2020\/08\/DIG_2008_622-scaled-1-1024x680.jpg 1024w, https:\/\/folkdansringen.se\/luggudegillet\/wp-content\/uploads\/2020\/08\/DIG_2008_622-scaled-1-300x199.jpg 300w, https:\/\/folkdansringen.se\/luggudegillet\/wp-content\/uploads\/2020\/08\/DIG_2008_622-scaled-1-768x510.jpg 768w, https:\/\/folkdansringen.se\/luggudegillet\/wp-content\/uploads\/2020\/08\/DIG_2008_622-scaled-1-1536x1020.jpg 1536w, https:\/\/folkdansringen.se\/luggudegillet\/wp-content\/uploads\/2020\/08\/DIG_2008_622-scaled-1-2048x1360.jpg 2048w, https:\/\/folkdansringen.se\/luggudegillet\/wp-content\/uploads\/2020\/08\/DIG_2008_622-scaled-1-1200x797.jpg 1200w, https:\/\/folkdansringen.se\/luggudegillet\/wp-content\/uploads\/2020\/08\/DIG_2008_622-scaled-1-1980x1315.jpg 1980w\" sizes=\"(max-width: 1024px) 100vw, 1024px\" \/><\/a>\n\t\t\t<\/div>\n\t\t\t\t<figcaption class='wp-caption-text gallery-caption' id='gallery-1-433'>\n\t\t\t\tDans p\u00e5 Fredriksdal \n\t\t\t\t<\/figcaption><\/figure><figure class='gallery-item'>\n\t\t\t<div class='gallery-icon portrait'>\n\t\t\t\t<a data-elementor-open-lightbox=\"yes\" data-elementor-lightbox-slideshow=\"1223018\" data-elementor-lightbox-title=\"B002-Finlandsbes\u00f6k -83\" href='https:\/\/folkdansringen.se\/luggudegillet\/wp-content\/uploads\/2020\/08\/B002-Finlandsbesok-83-scaled-1.jpg'><img width=\"689\" height=\"1024\" src=\"https:\/\/folkdansringen.se\/luggudegillet\/wp-content\/uploads\/2020\/08\/B002-Finlandsbesok-83-scaled-1-689x1024.jpg\" class=\"attachment-large size-large\" alt=\"\" loading=\"lazy\" aria-describedby=\"gallery-1-430\" srcset=\"https:\/\/folkdansringen.se\/luggudegillet\/wp-content\/uploads\/2020\/08\/B002-Finlandsbesok-83-scaled-1-689x1024.jpg 689w, https:\/\/folkdansringen.se\/luggudegillet\/wp-content\/uploads\/2020\/08\/B002-Finlandsbesok-83-scaled-1-202x300.jpg 202w, https:\/\/folkdansringen.se\/luggudegillet\/wp-content\/uploads\/2020\/08\/B002-Finlandsbesok-83-scaled-1-768x1141.jpg 768w, https:\/\/folkdansringen.se\/luggudegillet\/wp-content\/uploads\/2020\/08\/B002-Finlandsbesok-83-scaled-1-1034x1536.jpg 1034w, https:\/\/folkdansringen.se\/luggudegillet\/wp-content\/uploads\/2020\/08\/B002-Finlandsbesok-83-scaled-1-1378x2048.jpg 1378w, https:\/\/folkdansringen.se\/luggudegillet\/wp-content\/uploads\/2020\/08\/B002-Finlandsbesok-83-scaled-1-1200x1783.jpg 1200w, https:\/\/folkdansringen.se\/luggudegillet\/wp-content\/uploads\/2020\/08\/B002-Finlandsbesok-83-scaled-1.jpg 1723w\" sizes=\"(max-width: 689px) 100vw, 689px\" \/><\/a>\n\t\t\t<\/div>\n\t\t\t\t<figcaption class='wp-caption-text gallery-caption' id='gallery-1-430'>\n\t\t\t\tFinskt bes\u00f6k 1983\n\t\t\t\t<\/figcaption><\/figure><figure class='gallery-item'>\n\t\t\t<div class='gallery-icon landscape'>\n\t\t\t\t<a data-elementor-open-lightbox=\"yes\" data-elementor-lightbox-slideshow=\"1223018\" data-elementor-lightbox-title=\"09J-Luggude i Finland -82\" href='https:\/\/folkdansringen.se\/luggudegillet\/wp-content\/uploads\/2020\/08\/09J-Luggude-i-Finland-82-scaled-1.jpg'><img width=\"1024\" height=\"683\" src=\"https:\/\/folkdansringen.se\/luggudegillet\/wp-content\/uploads\/2020\/08\/09J-Luggude-i-Finland-82-scaled-1-1024x683.jpg\" class=\"attachment-large size-large\" alt=\"\" loading=\"lazy\" aria-describedby=\"gallery-1-427\" srcset=\"https:\/\/folkdansringen.se\/luggudegillet\/wp-content\/uploads\/2020\/08\/09J-Luggude-i-Finland-82-scaled-1-1024x683.jpg 1024w, https:\/\/folkdansringen.se\/luggudegillet\/wp-content\/uploads\/2020\/08\/09J-Luggude-i-Finland-82-scaled-1-300x200.jpg 300w, https:\/\/folkdansringen.se\/luggudegillet\/wp-content\/uploads\/2020\/08\/09J-Luggude-i-Finland-82-scaled-1-768x512.jpg 768w, https:\/\/folkdansringen.se\/luggudegillet\/wp-content\/uploads\/2020\/08\/09J-Luggude-i-Finland-82-scaled-1-1536x1024.jpg 1536w, https:\/\/folkdansringen.se\/luggudegillet\/wp-content\/uploads\/2020\/08\/09J-Luggude-i-Finland-82-scaled-1-2048x1366.jpg 2048w, https:\/\/folkdansringen.se\/luggudegillet\/wp-content\/uploads\/2020\/08\/09J-Luggude-i-Finland-82-scaled-1-1200x800.jpg 1200w, https:\/\/folkdansringen.se\/luggudegillet\/wp-content\/uploads\/2020\/08\/09J-Luggude-i-Finland-82-scaled-1-1980x1320.jpg 1980w\" sizes=\"(max-width: 1024px) 100vw, 1024px\" \/><\/a>\n\t\t\t<\/div>\n\t\t\t\t<figcaption class='wp-caption-text gallery-caption' id='gallery-1-427'>\n\t\t\t\tLG i Helsingfors 1982\n\t\t\t\t<\/figcaption><\/figure><figure class='gallery-item'>\n\t\t\t<div class='gallery-icon landscape'>\n\t\t\t\t<a data-elementor-open-lightbox=\"yes\" data-elementor-lightbox-slideshow=\"1223018\" data-elementor-lightbox-title=\"08Y-Canterbury bes\u00f6k -81\" href='https:\/\/folkdansringen.se\/luggudegillet\/wp-content\/uploads\/2020\/08\/08Y-Canterbury-besok-81-scaled-1.jpg'><img width=\"1024\" height=\"671\" src=\"https:\/\/folkdansringen.se\/luggudegillet\/wp-content\/uploads\/2020\/08\/08Y-Canterbury-besok-81-scaled-1-1024x671.jpg\" class=\"attachment-large size-large\" alt=\"\" loading=\"lazy\" aria-describedby=\"gallery-1-426\" srcset=\"https:\/\/folkdansringen.se\/luggudegillet\/wp-content\/uploads\/2020\/08\/08Y-Canterbury-besok-81-scaled-1-1024x671.jpg 1024w, https:\/\/folkdansringen.se\/luggudegillet\/wp-content\/uploads\/2020\/08\/08Y-Canterbury-besok-81-scaled-1-300x197.jpg 300w, https:\/\/folkdansringen.se\/luggudegillet\/wp-content\/uploads\/2020\/08\/08Y-Canterbury-besok-81-scaled-1-768x503.jpg 768w, https:\/\/folkdansringen.se\/luggudegillet\/wp-content\/uploads\/2020\/08\/08Y-Canterbury-besok-81-scaled-1-1536x1006.jpg 1536w, https:\/\/folkdansringen.se\/luggudegillet\/wp-content\/uploads\/2020\/08\/08Y-Canterbury-besok-81-scaled-1-2048x1342.jpg 2048w, https:\/\/folkdansringen.se\/luggudegillet\/wp-content\/uploads\/2020\/08\/08Y-Canterbury-besok-81-scaled-1-1200x786.jpg 1200w, https:\/\/folkdansringen.se\/luggudegillet\/wp-content\/uploads\/2020\/08\/08Y-Canterbury-besok-81-scaled-1-1980x1297.jpg 1980w\" sizes=\"(max-width: 1024px) 100vw, 1024px\" \/><\/a>\n\t\t\t<\/div>\n\t\t\t\t<figcaption class='wp-caption-text gallery-caption' id='gallery-1-426'>\n\t\t\t\tCanterbury Folk Dance Club p\u00e5 bes\u00f6k 1981\n\t\t\t\t<\/figcaption><\/figure><figure class='gallery-item'>\n\t\t\t<div class='gallery-icon landscape'>\n\t\t\t\t<a data-elementor-open-lightbox=\"yes\" data-elementor-lightbox-slideshow=\"1223018\" data-elementor-lightbox-title=\"05\u00c5-Kulla Gunnarstorp int\u00e5g\" href='https:\/\/folkdansringen.se\/luggudegillet\/wp-content\/uploads\/2020\/08\/05A-Kulla-Gunnarstorp-intag-scaled-1.jpg'><img width=\"1024\" height=\"676\" src=\"https:\/\/folkdansringen.se\/luggudegillet\/wp-content\/uploads\/2020\/08\/05A-Kulla-Gunnarstorp-intag-scaled-1-1024x676.jpg\" class=\"attachment-large size-large\" alt=\"\" loading=\"lazy\" aria-describedby=\"gallery-1-425\" srcset=\"https:\/\/folkdansringen.se\/luggudegillet\/wp-content\/uploads\/2020\/08\/05A-Kulla-Gunnarstorp-intag-scaled-1-1024x676.jpg 1024w, https:\/\/folkdansringen.se\/luggudegillet\/wp-content\/uploads\/2020\/08\/05A-Kulla-Gunnarstorp-intag-scaled-1-300x198.jpg 300w, https:\/\/folkdansringen.se\/luggudegillet\/wp-content\/uploads\/2020\/08\/05A-Kulla-Gunnarstorp-intag-scaled-1-768x507.jpg 768w, https:\/\/folkdansringen.se\/luggudegillet\/wp-content\/uploads\/2020\/08\/05A-Kulla-Gunnarstorp-intag-scaled-1-1536x1014.jpg 1536w, https:\/\/folkdansringen.se\/luggudegillet\/wp-content\/uploads\/2020\/08\/05A-Kulla-Gunnarstorp-intag-scaled-1-2048x1352.jpg 2048w, https:\/\/folkdansringen.se\/luggudegillet\/wp-content\/uploads\/2020\/08\/05A-Kulla-Gunnarstorp-intag-scaled-1-1200x792.jpg 1200w, https:\/\/folkdansringen.se\/luggudegillet\/wp-content\/uploads\/2020\/08\/05A-Kulla-Gunnarstorp-intag-scaled-1-1980x1307.jpg 1980w\" sizes=\"(max-width: 1024px) 100vw, 1024px\" \/><\/a>\n\t\t\t<\/div>\n\t\t\t\t<figcaption class='wp-caption-text gallery-caption' id='gallery-1-425'>\n\t\t\t\tKulla Gunnarstorp, int\u00e5g t NV Kretsens Ting\n\t\t\t\t<\/figcaption><\/figure><figure class='gallery-item'>\n\t\t\t<div class='gallery-icon landscape'>\n\t\t\t\t<a data-elementor-open-lightbox=\"yes\" data-elementor-lightbox-slideshow=\"1223018\" data-elementor-lightbox-title=\"LG ungd-lag Sk\u00f6rdedansen fr C-AoB 10x15\" href='https:\/\/folkdansringen.se\/luggudegillet\/wp-content\/uploads\/2020\/08\/LG-ungd-lag-Skordedansen-fr-C-AoB-10x15-1-scaled-1.jpg'><img width=\"1024\" height=\"724\" src=\"https:\/\/folkdansringen.se\/luggudegillet\/wp-content\/uploads\/2020\/08\/LG-ungd-lag-Skordedansen-fr-C-AoB-10x15-1-scaled-1-1024x724.jpg\" class=\"attachment-large size-large\" alt=\"\" loading=\"lazy\" aria-describedby=\"gallery-1-437\" srcset=\"https:\/\/folkdansringen.se\/luggudegillet\/wp-content\/uploads\/2020\/08\/LG-ungd-lag-Skordedansen-fr-C-AoB-10x15-1-scaled-1-1024x724.jpg 1024w, https:\/\/folkdansringen.se\/luggudegillet\/wp-content\/uploads\/2020\/08\/LG-ungd-lag-Skordedansen-fr-C-AoB-10x15-1-scaled-1-300x212.jpg 300w, https:\/\/folkdansringen.se\/luggudegillet\/wp-content\/uploads\/2020\/08\/LG-ungd-lag-Skordedansen-fr-C-AoB-10x15-1-scaled-1-768x543.jpg 768w, https:\/\/folkdansringen.se\/luggudegillet\/wp-content\/uploads\/2020\/08\/LG-ungd-lag-Skordedansen-fr-C-AoB-10x15-1-scaled-1-1536x1086.jpg 1536w, https:\/\/folkdansringen.se\/luggudegillet\/wp-content\/uploads\/2020\/08\/LG-ungd-lag-Skordedansen-fr-C-AoB-10x15-1-scaled-1-2048x1448.jpg 2048w, https:\/\/folkdansringen.se\/luggudegillet\/wp-content\/uploads\/2020\/08\/LG-ungd-lag-Skordedansen-fr-C-AoB-10x15-1-scaled-1-1200x848.jpg 1200w, https:\/\/folkdansringen.se\/luggudegillet\/wp-content\/uploads\/2020\/08\/LG-ungd-lag-Skordedansen-fr-C-AoB-10x15-1-scaled-1-1980x1400.jpg 1980w\" sizes=\"(max-width: 1024px) 100vw, 1024px\" \/><\/a>\n\t\t\t<\/div>\n\t\t\t\t<figcaption class='wp-caption-text gallery-caption' id='gallery-1-437'>\n\t\t\t\tUngdomslaget sk\u00f6rdedans\n\t\t\t\t<\/figcaption><\/figure><figure class='gallery-item'>\n\t\t\t<div class='gallery-icon landscape'>\n\t\t\t\t<a data-elementor-open-lightbox=\"yes\" data-elementor-lightbox-slideshow=\"1223018\" data-elementor-lightbox-title=\"LG p\u00e5 Gr\u00f6ningen 10x15\" href='https:\/\/folkdansringen.se\/luggudegillet\/wp-content\/uploads\/2020\/08\/LG-pa-Groningen-10x15-1-scaled-1.jpg'><img width=\"1024\" height=\"724\" src=\"https:\/\/folkdansringen.se\/luggudegillet\/wp-content\/uploads\/2020\/08\/LG-pa-Groningen-10x15-1-scaled-1-1024x724.jpg\" class=\"attachment-large size-large\" alt=\"\" loading=\"lazy\" aria-describedby=\"gallery-1-436\" srcset=\"https:\/\/folkdansringen.se\/luggudegillet\/wp-content\/uploads\/2020\/08\/LG-pa-Groningen-10x15-1-scaled-1-1024x724.jpg 1024w, https:\/\/folkdansringen.se\/luggudegillet\/wp-content\/uploads\/2020\/08\/LG-pa-Groningen-10x15-1-scaled-1-300x212.jpg 300w, https:\/\/folkdansringen.se\/luggudegillet\/wp-content\/uploads\/2020\/08\/LG-pa-Groningen-10x15-1-scaled-1-768x543.jpg 768w, https:\/\/folkdansringen.se\/luggudegillet\/wp-content\/uploads\/2020\/08\/LG-pa-Groningen-10x15-1-scaled-1-1536x1087.jpg 1536w, https:\/\/folkdansringen.se\/luggudegillet\/wp-content\/uploads\/2020\/08\/LG-pa-Groningen-10x15-1-scaled-1-2048x1449.jpg 2048w, https:\/\/folkdansringen.se\/luggudegillet\/wp-content\/uploads\/2020\/08\/LG-pa-Groningen-10x15-1-scaled-1-1200x849.jpg 1200w, https:\/\/folkdansringen.se\/luggudegillet\/wp-content\/uploads\/2020\/08\/LG-pa-Groningen-10x15-1-scaled-1-1980x1401.jpg 1980w\" sizes=\"(max-width: 1024px) 100vw, 1024px\" \/><\/a>\n\t\t\t<\/div>\n\t\t\t\t<figcaption class='wp-caption-text gallery-caption' id='gallery-1-436'>\n\t\t\t\tUppvisning Gr\u00f6ningen Eskilsminne\n\t\t\t\t<\/figcaption><\/figure><figure class='gallery-item'>\n\t\t\t<div class='gallery-icon landscape'>\n\t\t\t\t<a data-elementor-open-lightbox=\"yes\" data-elementor-lightbox-slideshow=\"1223018\" data-elementor-lightbox-title=\"A001a Luggude 50-\u00e5rsjubileum 001\" href='https:\/\/folkdansringen.se\/luggudegillet\/wp-content\/uploads\/2020\/08\/A001a-Luggude-50-arsjubileum-001-scaled-1.jpg'><img width=\"1024\" height=\"702\" src=\"https:\/\/folkdansringen.se\/luggudegillet\/wp-content\/uploads\/2020\/08\/A001a-Luggude-50-arsjubileum-001-scaled-1-1024x702.jpg\" class=\"attachment-large size-large\" alt=\"\" loading=\"lazy\" aria-describedby=\"gallery-1-429\" srcset=\"https:\/\/folkdansringen.se\/luggudegillet\/wp-content\/uploads\/2020\/08\/A001a-Luggude-50-arsjubileum-001-scaled-1-1024x702.jpg 1024w, https:\/\/folkdansringen.se\/luggudegillet\/wp-content\/uploads\/2020\/08\/A001a-Luggude-50-arsjubileum-001-scaled-1-300x206.jpg 300w, https:\/\/folkdansringen.se\/luggudegillet\/wp-content\/uploads\/2020\/08\/A001a-Luggude-50-arsjubileum-001-scaled-1-768x526.jpg 768w, https:\/\/folkdansringen.se\/luggudegillet\/wp-content\/uploads\/2020\/08\/A001a-Luggude-50-arsjubileum-001-scaled-1-1536x1052.jpg 1536w, https:\/\/folkdansringen.se\/luggudegillet\/wp-content\/uploads\/2020\/08\/A001a-Luggude-50-arsjubileum-001-scaled-1-2048x1403.jpg 2048w, https:\/\/folkdansringen.se\/luggudegillet\/wp-content\/uploads\/2020\/08\/A001a-Luggude-50-arsjubileum-001-scaled-1-1200x822.jpg 1200w, https:\/\/folkdansringen.se\/luggudegillet\/wp-content\/uploads\/2020\/08\/A001a-Luggude-50-arsjubileum-001-scaled-1-1980x1357.jpg 1980w\" sizes=\"(max-width: 1024px) 100vw, 1024px\" \/><\/a>\n\t\t\t<\/div>\n\t\t\t\t<figcaption class='wp-caption-text gallery-caption' id='gallery-1-429'>\n\t\t\t\t50-\u00e5rs jubileum Raml\u00f6sa W\n\t\t\t\t<\/figcaption><\/figure>\n\t\t<\/div>\n\t\t<\/div>\n\t\t\t\t<\/div>\n\t\t\t\t<\/div>\n\t\t\t\t\t\t<\/div>\n\t\t\t\t\t<\/div>\n\t\t<\/div>\n\t\t\t\t<div class=\"elementor-column elementor-col-50 elementor-inner-column elementor-element elementor-element-d9a83bc\" data-id=\"d9a83bc\" data-element_type=\"column\">\n\t\t\t<div class=\"elementor-column-wrap elementor-element-populated\">\n\t\t\t\t\t\t\t<div class=\"elementor-widget-wrap\">\n\t\t\t\t\t\t<div class=\"elementor-element elementor-element-90fb9b5 elementor-widget elementor-widget-heading\" data-id=\"90fb9b5\" data-element_type=\"widget\" data-widget_type=\"heading.default\">\n\t\t\t\t<div class=\"elementor-widget-container\">\n\t\t\t<h2 class=\"elementor-heading-title elementor-size-default\">G\u00e5rden, resor, samkv\u00e4m, fritid mm<\/h2>\t\t<\/div>\n\t\t\t\t<\/div>\n\t\t\t\t<div class=\"elementor-element elementor-element-5520a20 elementor-widget elementor-widget-image-gallery\" data-id=\"5520a20\" data-element_type=\"widget\" data-widget_type=\"image-gallery.default\">\n\t\t\t\t<div class=\"elementor-widget-container\">\n\t\t\t\t\t<div class=\"elementor-image-gallery\">\n\t\t\t<div id='gallery-2' class='gallery galleryid-401 gallery-columns-4 gallery-size-thumbnail'><figure class='gallery-item'>\n\t\t\t<div class='gallery-icon landscape'>\n\t\t\t\t<a data-elementor-open-lightbox=\"yes\" data-elementor-lightbox-slideshow=\"5520a20\" data-elementor-lightbox-title=\"B-berga fr SV 2020 IMG_5836\" href='https:\/\/folkdansringen.se\/luggudegillet\/wp-content\/uploads\/2020\/07\/B-berga-fr-SV-2020-IMG_5836-scaled-1.jpg'><img width=\"150\" height=\"150\" src=\"https:\/\/folkdansringen.se\/luggudegillet\/wp-content\/uploads\/2020\/07\/B-berga-fr-SV-2020-IMG_5836-scaled-1-150x150.jpg\" class=\"attachment-thumbnail size-thumbnail\" alt=\"\" loading=\"lazy\" aria-describedby=\"gallery-2-231\" \/><\/a>\n\t\t\t<\/div>\n\t\t\t\t<figcaption class='wp-caption-text gallery-caption' id='gallery-2-231'>\n\t\t\t\tBrunnsberga huvudbyggnad\n\t\t\t\t<\/figcaption><\/figure><figure class='gallery-item'>\n\t\t\t<div class='gallery-icon landscape'>\n\t\t\t\t<a data-elementor-open-lightbox=\"yes\" data-elementor-lightbox-slideshow=\"5520a20\" data-elementor-lightbox-title=\"G013 Kanot 010\" href='https:\/\/folkdansringen.se\/luggudegillet\/wp-content\/uploads\/2020\/08\/G013-Kanot-010.jpg'><img width=\"150\" height=\"150\" src=\"https:\/\/folkdansringen.se\/luggudegillet\/wp-content\/uploads\/2020\/08\/G013-Kanot-010-150x150.jpg\" class=\"attachment-thumbnail size-thumbnail\" alt=\"Grytan &quot;Gryt&quot;, kanothelg\" loading=\"lazy\" aria-describedby=\"gallery-2-451\" \/><\/a>\n\t\t\t<\/div>\n\t\t\t\t<figcaption class='wp-caption-text gallery-caption' id='gallery-2-451'>\n\t\t\t\tGrytan &#8221;gryt&#8221;, kanothelg\n\t\t\t\t<\/figcaption><\/figure><figure class='gallery-item'>\n\t\t\t<div class='gallery-icon landscape'>\n\t\t\t\t<a data-elementor-open-lightbox=\"yes\" data-elementor-lightbox-slideshow=\"5520a20\" data-elementor-lightbox-title=\"G013a Kanot 008\" href='https:\/\/folkdansringen.se\/luggudegillet\/wp-content\/uploads\/2020\/08\/G013a-Kanot-008.jpg'><img width=\"150\" height=\"150\" src=\"https:\/\/folkdansringen.se\/luggudegillet\/wp-content\/uploads\/2020\/08\/G013a-Kanot-008-150x150.jpg\" class=\"attachment-thumbnail size-thumbnail\" alt=\"Kanotutflykt\" loading=\"lazy\" aria-describedby=\"gallery-2-452\" \/><\/a>\n\t\t\t<\/div>\n\t\t\t\t<figcaption class='wp-caption-text gallery-caption' id='gallery-2-452'>\n\t\t\t\tKanotutflykt\n\t\t\t\t<\/figcaption><\/figure><figure class='gallery-item'>\n\t\t\t<div class='gallery-icon landscape'>\n\t\t\t\t<a data-elementor-open-lightbox=\"yes\" data-elementor-lightbox-slideshow=\"5520a20\" data-elementor-lightbox-title=\"L004bSofiero spelm\u00e4n1617\" href='https:\/\/folkdansringen.se\/luggudegillet\/wp-content\/uploads\/2020\/08\/L004bSofiero-spelman1617.jpg'><img width=\"150\" height=\"150\" src=\"https:\/\/folkdansringen.se\/luggudegillet\/wp-content\/uploads\/2020\/08\/L004bSofiero-spelman1617-150x150.jpg\" class=\"attachment-thumbnail size-thumbnail\" alt=\"Spelm\u00e4nnen p\u00e5 Sofiero\" loading=\"lazy\" aria-describedby=\"gallery-2-457\" \/><\/a>\n\t\t\t<\/div>\n\t\t\t\t<figcaption class='wp-caption-text gallery-caption' id='gallery-2-457'>\n\t\t\t\tSpelm\u00e4nnen p\u00e5 Sofiero\n\t\t\t\t<\/figcaption><\/figure><figure class='gallery-item'>\n\t\t\t<div class='gallery-icon portrait'>\n\t\t\t\t<a data-elementor-open-lightbox=\"yes\" data-elementor-lightbox-slideshow=\"5520a20\" data-elementor-lightbox-title=\"LG HMK Carl XVI l\u00e4mnar \u00f6ver flagga\" href='https:\/\/folkdansringen.se\/luggudegillet\/wp-content\/uploads\/2020\/08\/LG-HMK-Carl-XVI-lamnar-over-flagga.jpg'><img width=\"150\" height=\"150\" src=\"https:\/\/folkdansringen.se\/luggudegillet\/wp-content\/uploads\/2020\/08\/LG-HMK-Carl-XVI-lamnar-over-flagga-150x150.jpg\" class=\"attachment-thumbnail size-thumbnail\" alt=\"\" loading=\"lazy\" aria-describedby=\"gallery-2-458\" \/><\/a>\n\t\t\t<\/div>\n\t\t\t\t<figcaption class='wp-caption-text gallery-caption' id='gallery-2-458'>\n\t\t\t\tKung Carl XVI o Ordf\u00f6rande 6 juni Sofiero\n\t\t\t\t<\/figcaption><\/figure><figure class='gallery-item'>\n\t\t\t<div class='gallery-icon landscape'>\n\t\t\t\t<a data-elementor-open-lightbox=\"yes\" data-elementor-lightbox-slideshow=\"5520a20\" data-elementor-lightbox-title=\"S\u00f6rg\u00e5rden_2010 03 28_1863\" href='https:\/\/folkdansringen.se\/luggudegillet\/wp-content\/uploads\/2020\/08\/Sorgarden_2010-03-28_1863-scaled-1.jpg'><img width=\"150\" height=\"150\" src=\"https:\/\/folkdansringen.se\/luggudegillet\/wp-content\/uploads\/2020\/08\/Sorgarden_2010-03-28_1863-scaled-1-150x150.jpg\" class=\"attachment-thumbnail size-thumbnail\" alt=\"\" loading=\"lazy\" aria-describedby=\"gallery-2-459\" \/><\/a>\n\t\t\t<\/div>\n\t\t\t\t<figcaption class='wp-caption-text gallery-caption' id='gallery-2-459'>\n\t\t\t\tSilversl\u00f6jd\n\t\t\t\t<\/figcaption><\/figure><figure class='gallery-item'>\n\t\t\t<div class='gallery-icon landscape'>\n\t\t\t\t<a data-elementor-open-lightbox=\"yes\" data-elementor-lightbox-slideshow=\"5520a20\" data-elementor-lightbox-title=\"2009 04 25_0082\" href='https:\/\/folkdansringen.se\/luggudegillet\/wp-content\/uploads\/2020\/08\/2009-04-25_0082-scaled-1.jpg'><img width=\"150\" height=\"150\" src=\"https:\/\/folkdansringen.se\/luggudegillet\/wp-content\/uploads\/2020\/08\/2009-04-25_0082-scaled-1-150x150.jpg\" class=\"attachment-thumbnail size-thumbnail\" alt=\"Reng\u00f6ring p\u00e5 h\u00f6g niv\u00e5\" loading=\"lazy\" aria-describedby=\"gallery-2-460\" \/><\/a>\n\t\t\t<\/div>\n\t\t\t\t<figcaption class='wp-caption-text gallery-caption' id='gallery-2-460'>\n\t\t\t\tReng\u00f6ring p\u00e5 h\u00f6g niv\u00e5\n\t\t\t\t<\/figcaption><\/figure><figure class='gallery-item'>\n\t\t\t<div class='gallery-icon landscape'>\n\t\t\t\t<a data-elementor-open-lightbox=\"yes\" data-elementor-lightbox-slideshow=\"5520a20\" data-elementor-lightbox-title=\"2011 04 10_0191\" href='https:\/\/folkdansringen.se\/luggudegillet\/wp-content\/uploads\/2020\/08\/2011-04-10_0191-scaled-1.jpg'><img width=\"150\" height=\"150\" src=\"https:\/\/folkdansringen.se\/luggudegillet\/wp-content\/uploads\/2020\/08\/2011-04-10_0191-scaled-1-150x150.jpg\" class=\"attachment-thumbnail size-thumbnail\" alt=\"G\u00e5rdsdag\" loading=\"lazy\" aria-describedby=\"gallery-2-461\" \/><\/a>\n\t\t\t<\/div>\n\t\t\t\t<figcaption class='wp-caption-text gallery-caption' id='gallery-2-461'>\n\t\t\t\tG\u00e5rdsdag\n\t\t\t\t<\/figcaption><\/figure><figure class='gallery-item'>\n\t\t\t<div class='gallery-icon landscape'>\n\t\t\t\t<a data-elementor-open-lightbox=\"yes\" data-elementor-lightbox-slideshow=\"5520a20\" data-elementor-lightbox-title=\"Golvslip Ib\" href='https:\/\/folkdansringen.se\/luggudegillet\/wp-content\/uploads\/2020\/08\/Golvslip-Ib.jpg'><img width=\"150\" height=\"150\" src=\"https:\/\/folkdansringen.se\/luggudegillet\/wp-content\/uploads\/2020\/08\/Golvslip-Ib-150x150.jpg\" class=\"attachment-thumbnail size-thumbnail\" alt=\"\" loading=\"lazy\" aria-describedby=\"gallery-2-462\" \/><\/a>\n\t\t\t<\/div>\n\t\t\t\t<figcaption class='wp-caption-text gallery-caption' id='gallery-2-462'>\n\t\t\t\tGolvslipning\n\t\t\t\t<\/figcaption><\/figure><figure class='gallery-item'>\n\t\t\t<div class='gallery-icon landscape'>\n\t\t\t\t<a data-elementor-open-lightbox=\"yes\" data-elementor-lightbox-slideshow=\"5520a20\" data-elementor-lightbox-title=\"B007-Loppis Luggude -86\" href='https:\/\/folkdansringen.se\/luggudegillet\/wp-content\/uploads\/2020\/08\/B007-Loppis-Luggude-86-scaled-1.jpg'><img width=\"150\" height=\"150\" src=\"https:\/\/folkdansringen.se\/luggudegillet\/wp-content\/uploads\/2020\/08\/B007-Loppis-Luggude-86-scaled-1-150x150.jpg\" class=\"attachment-thumbnail size-thumbnail\" alt=\"\" loading=\"lazy\" aria-describedby=\"gallery-2-449\" \/><\/a>\n\t\t\t<\/div>\n\t\t\t\t<figcaption class='wp-caption-text gallery-caption' id='gallery-2-449'>\n\t\t\t\tStans st\u00f6rsta loppis\n\t\t\t\t<\/figcaption><\/figure><figure class='gallery-item'>\n\t\t\t<div class='gallery-icon portrait'>\n\t\t\t\t<a data-elementor-open-lightbox=\"yes\" data-elementor-lightbox-slideshow=\"5520a20\" data-elementor-lightbox-title=\"B008-Loppis R-M\" href='https:\/\/folkdansringen.se\/luggudegillet\/wp-content\/uploads\/2020\/08\/B008-Loppis-R-M-scaled-1.jpg'><img width=\"150\" height=\"150\" src=\"https:\/\/folkdansringen.se\/luggudegillet\/wp-content\/uploads\/2020\/08\/B008-Loppis-R-M-scaled-1-150x150.jpg\" class=\"attachment-thumbnail size-thumbnail\" alt=\"\" loading=\"lazy\" aria-describedby=\"gallery-2-450\" \/><\/a>\n\t\t\t<\/div>\n\t\t\t\t<figcaption class='wp-caption-text gallery-caption' id='gallery-2-450'>\n\t\t\t\tLoppisfynd!?\n\t\t\t\t<\/figcaption><\/figure><figure class='gallery-item'>\n\t\t\t<div class='gallery-icon landscape'>\n\t\t\t\t<a data-elementor-open-lightbox=\"yes\" data-elementor-lightbox-slideshow=\"5520a20\" data-elementor-lightbox-title=\"B005-Helsing\u00f6r runt -84\" href='https:\/\/folkdansringen.se\/luggudegillet\/wp-content\/uploads\/2020\/08\/B005-Helsingor-runt-84-scaled-1.jpg'><img width=\"150\" height=\"150\" src=\"https:\/\/folkdansringen.se\/luggudegillet\/wp-content\/uploads\/2020\/08\/B005-Helsingor-runt-84-scaled-1-150x150.jpg\" class=\"attachment-thumbnail size-thumbnail\" alt=\"\" loading=\"lazy\" aria-describedby=\"gallery-2-447\" \/><\/a>\n\t\t\t<\/div>\n\t\t\t\t<figcaption class='wp-caption-text gallery-caption' id='gallery-2-447'>\n\t\t\t\tHelsing\u00f6r runt\n\t\t\t\t<\/figcaption><\/figure><figure class='gallery-item'>\n\t\t\t<div class='gallery-icon landscape'>\n\t\t\t\t<a data-elementor-open-lightbox=\"yes\" data-elementor-lightbox-slideshow=\"5520a20\" data-elementor-lightbox-title=\"B006-hela laget -84\" href='https:\/\/folkdansringen.se\/luggudegillet\/wp-content\/uploads\/2020\/08\/B006-hela-laget-84-scaled-1.jpg'><img width=\"150\" height=\"150\" src=\"https:\/\/folkdansringen.se\/luggudegillet\/wp-content\/uploads\/2020\/08\/B006-hela-laget-84-scaled-1-150x150.jpg\" class=\"attachment-thumbnail size-thumbnail\" alt=\"\" loading=\"lazy\" aria-describedby=\"gallery-2-448\" \/><\/a>\n\t\t\t<\/div>\n\t\t\t\t<figcaption class='wp-caption-text gallery-caption' id='gallery-2-448'>\n\t\t\t\tHamn-till-hamn 1984\n\t\t\t\t<\/figcaption><\/figure>\n\t\t<\/div>\n\t\t<\/div>\n\t\t\t\t<\/div>\n\t\t\t\t<\/div>\n\t\t\t\t\t\t<\/div>\n\t\t\t\t\t<\/div>\n\t\t<\/div>\n\t\t\t\t\t\t\t\t<\/div>\n\t\t\t\t\t<\/div>\n\t\t<\/section>\n\t\t\t\t\t\t<\/div>\n\t\t\t\t\t<\/div>\n\t\t<\/div>\n\t\t\t\t\t\t\t\t<\/div>\n\t\t\t\t\t<\/div>\n\t\t<\/section>\n\t\t\t\t\t\t<\/div>\n\t\t\t\t\t\t<\/div>\n\t\t\t\t\t<\/div>\n\t\t","protected":false},"excerpt":{"rendered":"<p>Foton fr\u00e5n v\u00e5r verksamhet Collage av bilder p\u00e5 sk\u00e4rm, visade p\u00e5 v\u00e5rt 90-\u00e5rsjubileum 2018 Blandade foton fr dans mm Sk\u00f6rdedansen R\u00e5\u00e5 \u00c4sket 2015 Allerums kyrka Hollandsbes\u00f6k 2005 Polon\u00e4s i Brunnsberga 2003 Midsommar p\u00e5 Brunnsberga Skottlandsresan 2003 uppvisning Fredriksdals koloniomr\u00e5de Lido de Jesolo 1988 Julfest p\u00e5 Sj\u00f6crona-parken Dans p\u00e5 Fredriksdal Finskt bes\u00f6k 1983 LG i Helsingfors &hellip;<\/p>\n<p class=\"read-more\"> <a class=\"\" href=\"https:\/\/folkdansringen.se\/luggudegillet\/elementor-401\/\"> <span class=\"screen-reader-text\">Foton<\/span> L\u00e4s mer &raquo;<\/a><\/p>\n","protected":false},"author":1,"featured_media":0,"parent":0,"menu_order":0,"comment_status":"closed","ping_status":"closed","template":"","meta":[],"_links":{"self":[{"href":"https:\/\/folkdansringen.se\/luggudegillet\/wp-json\/wp\/v2\/pages\/401"}],"collection":[{"href":"https:\/\/folkdansringen.se\/luggudegillet\/wp-json\/wp\/v2\/pages"}],"about":[{"href":"https:\/\/folkdansringen.se\/luggudegillet\/wp-json\/wp\/v2\/types\/page"}],"author":[{"embeddable":true,"href":"https:\/\/folkdansringen.se\/luggudegillet\/wp-json\/wp\/v2\/users\/1"}],"replies":[{"embeddable":true,"href":"https:\/\/folkdansringen.se\/luggudegillet\/wp-json\/wp\/v2\/comments?post=401"}],"version-history":[{"count":0,"href":"https:\/\/folkdansringen.se\/luggudegillet\/wp-json\/wp\/v2\/pages\/401\/revisions"}],"wp:attachment":[{"href":"https:\/\/folkdansringen.se\/luggudegillet\/wp-json\/wp\/v2\/media?parent=401"}],"curies":[{"name":"wp","href":"https:\/\/api.w.org\/{rel}","templated":true}]}}