{"id":358,"date":"2020-08-03T20:26:42","date_gmt":"2020-08-03T18:26:42","guid":{"rendered":"https:\/\/folkdansringen.se\/luggudegilletny\/?page_id=358"},"modified":"2024-04-29T11:29:56","modified_gmt":"2024-04-29T09:29:56","slug":"elementor-358","status":"publish","type":"page","link":"https:\/\/folkdansringen.se\/luggudegillet\/elementor-358\/","title":{"rendered":"Om"},"content":{"rendered":"\t\t<div data-elementor-type=\"wp-page\" data-elementor-id=\"358\" class=\"elementor elementor-358\" data-elementor-settings=\"[]\">\n\t\t\t\t\t\t<div class=\"elementor-inner\">\n\t\t\t\t\t\t\t<div class=\"elementor-section-wrap\">\n\t\t\t\t\t\t\t<section class=\"elementor-section elementor-top-section elementor-element elementor-element-d3e4977 elementor-section-boxed elementor-section-height-default elementor-section-height-default\" data-id=\"d3e4977\" data-element_type=\"section\">\n\t\t\t\t\t\t<div class=\"elementor-container elementor-column-gap-default\">\n\t\t\t\t\t\t\t<div class=\"elementor-row\">\n\t\t\t\t\t<div class=\"elementor-column elementor-col-100 elementor-top-column elementor-element elementor-element-c1d2302\" data-id=\"c1d2302\" data-element_type=\"column\">\n\t\t\t<div class=\"elementor-column-wrap elementor-element-populated\">\n\t\t\t\t\t\t\t<div class=\"elementor-widget-wrap\">\n\t\t\t\t\t\t<section class=\"elementor-section elementor-inner-section elementor-element elementor-element-198e21b elementor-section-boxed elementor-section-height-default elementor-section-height-default\" data-id=\"198e21b\" data-element_type=\"section\">\n\t\t\t\t\t\t<div class=\"elementor-container elementor-column-gap-default\">\n\t\t\t\t\t\t\t<div class=\"elementor-row\">\n\t\t\t\t\t<div class=\"elementor-column elementor-col-50 elementor-inner-column elementor-element elementor-element-2fd95a9\" data-id=\"2fd95a9\" data-element_type=\"column\">\n\t\t\t<div class=\"elementor-column-wrap elementor-element-populated\">\n\t\t\t\t\t\t\t<div class=\"elementor-widget-wrap\">\n\t\t\t\t\t\t<div class=\"elementor-element elementor-element-292898f elementor-widget elementor-widget-heading\" data-id=\"292898f\" data-element_type=\"widget\" data-widget_type=\"heading.default\">\n\t\t\t\t<div class=\"elementor-widget-container\">\n\t\t\t<h2 class=\"elementor-heading-title elementor-size-default\">Om Luggudegillet<\/h2>\t\t<\/div>\n\t\t\t\t<\/div>\n\t\t\t\t<div class=\"elementor-element elementor-element-9db5490 elementor-widget elementor-widget-text-editor\" data-id=\"9db5490\" data-element_type=\"widget\" data-widget_type=\"text-editor.default\">\n\t\t\t\t<div class=\"elementor-widget-container\">\n\t\t\t\t\t<div class=\"elementor-text-editor elementor-clearfix\"><h3>Ur Luggudegillets stadgar:\u00a0<\/h3><p>Luggudegillet har till \u00e4ndam\u00e5l att studera, sprida intresse f\u00f6r och k\u00e4nnedom om, levandeg\u00f6ra samt f\u00f6ra vidare svensk folklig kultur.\u00a0<\/p><p><span style=\"font-size: 15px;\">Verksamheten omfattar huvudsakligen omr\u00e5dena dans, lek, musik, s\u00e5ng, kl\u00e4dskick, hantverk, matkultur, folktro samt seder och bruk.<\/span><\/p><p>Verksamheten skall bedrivas under kamratliga och sunda former, s\u00e5 att kontakterna mellan olika \u00e5ldrar fr\u00e4mjas och att f\u00f6rst\u00e5else skapas f\u00f6r olika folk och deras kultur, b\u00e5de nationellt och internationellt.<\/p><p>F\u00f6reningen \u00e4r en ideell organisation, som \u00e4r religi\u00f6st och partipolitiskt obunden.<\/p><p>\u00a0<\/p><\/div>\n\t\t\t\t<\/div>\n\t\t\t\t<\/div>\n\t\t\t\t<div class=\"elementor-element elementor-element-747fc5b elementor-widget elementor-widget-text-editor\" data-id=\"747fc5b\" data-element_type=\"widget\" data-widget_type=\"text-editor.default\">\n\t\t\t\t<div class=\"elementor-widget-container\">\n\t\t\t\t\t<div class=\"elementor-text-editor elementor-clearfix\"><h3>Luggudegillet<\/h3><p>Vi tillh\u00f6r Svenska Folkdansringen med \u00f6ver 385 f\u00f6reningar och 21 000 medlemmar \u00f6ver hela landet. Inom folkdansringen finns vi i\u00a0<a href=\"http:\/\/skane-blekinge.folkdansringen.se\/\" target=\"_blank\" rel=\"noopener\">Sk\u00e5ne-Blekingedistriktet<\/a>.\u00a0<\/p><p>Vi samverkar med dansf\u00f6reningen <a href=\"https:\/\/www.dfdal.se\/\">Dansa \u00e5h Le<\/a><\/p><p>F\u00f6reningen st\u00f6ds av Kulturn\u00e4mnden i Helsingborgs stad\u00a0<\/p><\/div>\n\t\t\t\t<\/div>\n\t\t\t\t<\/div>\n\t\t\t\t<div class=\"elementor-element elementor-element-57d975d elementor-widget elementor-widget-text-editor\" data-id=\"57d975d\" data-element_type=\"widget\" data-widget_type=\"text-editor.default\">\n\t\t\t\t<div class=\"elementor-widget-container\">\n\t\t\t\t\t<div class=\"elementor-text-editor elementor-clearfix\"><hr \/><hr \/><h3><span style=\"color: #11a7ed;\"><strong>V\u00e5r verksamhet<\/strong><\/span><\/h3><h4>FOLKDANS, GILLESDANS och GAMMALDANS<\/h4><div>Vi dansar folkdanser, gillesdanser och pardanser, b\u00e5de fr\u00e5n den traditionella repertoaren och internationella inslag. Folkdansarna medverkar vid uppvisningar.<\/div><h4>SPELA UKULELE<\/h4><p>Vi har \u00f6vningskv\u00e4llar och v\u00e5r ukuleleorkester &#8221;Happy Strings&#8221; framtr\u00e4der p\u00e5 olika platser, fr\u00e4mst inom staden.\u00a0<\/p><h4>VI V\u00c4VER i f\u00f6reningens v\u00e4vstolar<\/h4><div>\u00a0F\u00f6reningen disponerar\u00a0 egna v\u00e4vstolar p\u00e5 ovanv\u00e5ningen i g\u00e5rdens huvudbyggnad.\u00a0<\/div><div>\u00a0<\/div><h4>Dans f\u00f6r barn\u00a0<\/h4><p>I samverkan med Dansa \u00e5h Le bedriver vi dans f\u00f6r barn mellan 3-6 \u00e5r\u00a0<\/p><div><span style=\"font-size: 1.3em;\">Gemensamma arrangemang<\/span><\/div><div>P\u00e5 sommaren ordnar vi midsommarfirande och musikcaf\u00e9er.\u00a0<br \/>I december ordnar vi julmarkad.\u00a0\u00a0<\/div><div>Vi anordnar gemensamma fester.\u00a0<\/div><div>Vi har \u00e4ven g\u00e5rdsdagar f\u00f6r gemensam sk\u00f6tsel av hus och tr\u00e4dg\u00e5rd.<\/div><div>\u00a0<\/div><\/div>\n\t\t\t\t<\/div>\n\t\t\t\t<\/div>\n\t\t\t\t\t\t<\/div>\n\t\t\t\t\t<\/div>\n\t\t<\/div>\n\t\t\t\t<div class=\"elementor-column elementor-col-50 elementor-inner-column elementor-element elementor-element-7ddd41e\" data-id=\"7ddd41e\" data-element_type=\"column\">\n\t\t\t<div class=\"elementor-column-wrap elementor-element-populated\">\n\t\t\t\t\t\t\t<div class=\"elementor-widget-wrap\">\n\t\t\t\t\t\t<div class=\"elementor-element elementor-element-46f5748 elementor-widget elementor-widget-heading\" data-id=\"46f5748\" data-element_type=\"widget\" data-widget_type=\"heading.default\">\n\t\t\t\t<div class=\"elementor-widget-container\">\n\t\t\t<h2 class=\"elementor-heading-title elementor-size-default\">Om Brunnsberga g\u00e5rd<\/h2>\t\t<\/div>\n\t\t\t\t<\/div>\n\t\t\t\t<div class=\"elementor-element elementor-element-4533498 elementor-widget elementor-widget-image\" data-id=\"4533498\" data-element_type=\"widget\" data-widget_type=\"image.default\">\n\t\t\t\t<div class=\"elementor-widget-container\">\n\t\t\t\t\t<div class=\"elementor-image\">\n\t\t\t\t\t\t\t\t\t\t<img width=\"1024\" height=\"567\" src=\"https:\/\/folkdansringen.se\/luggudegillet\/wp-content\/uploads\/2020\/08\/B-berga-o-Annex-2020-IMG_5835-2-scaled-1-1024x567.jpg\" class=\"attachment-large size-large\" alt=\"\" loading=\"lazy\" srcset=\"https:\/\/folkdansringen.se\/luggudegillet\/wp-content\/uploads\/2020\/08\/B-berga-o-Annex-2020-IMG_5835-2-scaled-1-1024x567.jpg 1024w, https:\/\/folkdansringen.se\/luggudegillet\/wp-content\/uploads\/2020\/08\/B-berga-o-Annex-2020-IMG_5835-2-scaled-1-300x166.jpg 300w, https:\/\/folkdansringen.se\/luggudegillet\/wp-content\/uploads\/2020\/08\/B-berga-o-Annex-2020-IMG_5835-2-scaled-1-768x425.jpg 768w, https:\/\/folkdansringen.se\/luggudegillet\/wp-content\/uploads\/2020\/08\/B-berga-o-Annex-2020-IMG_5835-2-scaled-1-1536x850.jpg 1536w, https:\/\/folkdansringen.se\/luggudegillet\/wp-content\/uploads\/2020\/08\/B-berga-o-Annex-2020-IMG_5835-2-scaled-1-2048x1134.jpg 2048w, https:\/\/folkdansringen.se\/luggudegillet\/wp-content\/uploads\/2020\/08\/B-berga-o-Annex-2020-IMG_5835-2-scaled-1-1200x664.jpg 1200w, https:\/\/folkdansringen.se\/luggudegillet\/wp-content\/uploads\/2020\/08\/B-berga-o-Annex-2020-IMG_5835-2-scaled-1-1980x1096.jpg 1980w\" sizes=\"(max-width: 1024px) 100vw, 1024px\" \/>\t\t\t\t\t\t\t\t\t\t\t<\/div>\n\t\t\t\t<\/div>\n\t\t\t\t<\/div>\n\t\t\t\t<div class=\"elementor-element elementor-element-074d159 elementor-widget elementor-widget-text-editor\" data-id=\"074d159\" data-element_type=\"widget\" data-widget_type=\"text-editor.default\">\n\t\t\t\t<div class=\"elementor-widget-container\">\n\t\t\t\t\t<div class=\"elementor-text-editor elementor-clearfix\"><p><span class=\"xr_tl LG_normal_text xr_s0\"><span class=\"LG_normal_text xr_s0\">Brunnsberga \u00e4r v\u00e5r trivsamma f\u00f6reningsg\u00e5rd, som vi anv\u00e4nder till de <\/span><\/span><span class=\"xr_tl LG_normal_text xr_s0\"><span class=\"LG_normal_text xr_s0\">flesta av v\u00e5ra aktiviteter. Dans- och samlingslokalen ligger p\u00e5 <\/span><\/span><span class=\"xr_tl LG_normal_text xr_s0\"><span class=\"LG_normal_text xr_s0\">bottenv\u00e5ningen och p\u00e5 ovanv\u00e5ningen finns bl a v\u00e4vstolar och sybord f\u00f6r <\/span><\/span><span class=\"xr_tl LG_normal_text xr_s0\"><span class=\"LG_normal_text xr_s0\">v\u00e5r kursverksamhet. Fastighetens mindre byggnad \u201dAnnexet\u201d hyr vi ut <\/span><\/span><span class=\"xr_tl LG_normal_text xr_s0\"><span class=\"LG_normal_text xr_s0\">till PRO Brunnsberga p\u00e5 bottenv\u00e5ningen. Ovanv\u00e5ningen <\/span><\/span><span class=\"xr_tl LG_normal_text xr_s0\"><span class=\"LG_normal_text xr_s0\">inneh\u00e5ller en fritidslokal som vi fr\u00e4mst\u00a0 hyr ut till <\/span><\/span><span class=\"xr_tl LG_normal_text xr_s0\"><span class=\"LG_normal_text xr_s0\">f\u00f6rskola men \u00e4ven\u00a0 f\u00f6reningar och mindre sammankomster i vardagen. <\/span><\/span><span class=\"xr_tl LG_normal_text xr_s0\"><span class=\"LG_normal_text xr_s0\">Brunnsberga \u00e4r den sista kvarlevan av de g\u00e5rdar som f\u00f6r l\u00e4nge sedan <\/span><\/span><span class=\"xr_tl LG_normal_text xr_s0\"><span class=\"LG_normal_text xr_s0\">bildade gamla V\u00e4stra Raml\u00f6sa by. Mang\u00e5rdsbyggnaden uppf\u00f6rdes \u00e5r 1860. Vi \u00e4ger g\u00e5rden sedan 1997 och l\u00e4gger ner stora <\/span><\/span><span class=\"xr_tl LG_normal_text xr_s0\"><span class=\"LG_normal_text xr_s0\">anstr\u00e4ngningar p\u00e5 att bevara huset i s\u00e5 tidstypiskt skick som m\u00f6jligt.\u00a0<\/span><\/span><\/p><\/div>\n\t\t\t\t<\/div>\n\t\t\t\t<\/div>\n\t\t\t\t<div class=\"elementor-element elementor-element-7067bc4 elementor-widget elementor-widget-image\" data-id=\"7067bc4\" data-element_type=\"widget\" data-widget_type=\"image.default\">\n\t\t\t\t<div class=\"elementor-widget-container\">\n\t\t\t\t\t<div class=\"elementor-image\">\n\t\t\t\t\t\t\t\t\t\t<img width=\"640\" height=\"480\" src=\"https:\/\/folkdansringen.se\/luggudegillet\/wp-content\/uploads\/2020\/08\/Garden-005-Exterior-O.jpg\" class=\"attachment-large size-large\" alt=\"\" loading=\"lazy\" srcset=\"https:\/\/folkdansringen.se\/luggudegillet\/wp-content\/uploads\/2020\/08\/Garden-005-Exterior-O.jpg 640w, https:\/\/folkdansringen.se\/luggudegillet\/wp-content\/uploads\/2020\/08\/Garden-005-Exterior-O-300x225.jpg 300w\" sizes=\"(max-width: 640px) 100vw, 640px\" \/>\t\t\t\t\t\t\t\t\t\t\t<\/div>\n\t\t\t\t<\/div>\n\t\t\t\t<\/div>\n\t\t\t\t\t\t<\/div>\n\t\t\t\t\t<\/div>\n\t\t<\/div>\n\t\t\t\t\t\t\t\t<\/div>\n\t\t\t\t\t<\/div>\n\t\t<\/section>\n\t\t\t\t\t\t<\/div>\n\t\t\t\t\t<\/div>\n\t\t<\/div>\n\t\t\t\t\t\t\t\t<\/div>\n\t\t\t\t\t<\/div>\n\t\t<\/section>\n\t\t\t\t<section class=\"elementor-section elementor-top-section elementor-element elementor-element-975a4a6 elementor-section-boxed elementor-section-height-default elementor-section-height-default\" data-id=\"975a4a6\" data-element_type=\"section\">\n\t\t\t\t\t\t<div class=\"elementor-container elementor-column-gap-default\">\n\t\t\t\t\t\t\t<div class=\"elementor-row\">\n\t\t\t\t\t<div class=\"elementor-column elementor-col-100 elementor-top-column elementor-element elementor-element-47a3de1\" data-id=\"47a3de1\" data-element_type=\"column\">\n\t\t\t<div class=\"elementor-column-wrap\">\n\t\t\t\t\t\t\t<div class=\"elementor-widget-wrap\">\n\t\t\t\t\t\t\t\t<\/div>\n\t\t\t\t\t<\/div>\n\t\t<\/div>\n\t\t\t\t\t\t\t\t<\/div>\n\t\t\t\t\t<\/div>\n\t\t<\/section>\n\t\t\t\t\t\t<\/div>\n\t\t\t\t\t\t<\/div>\n\t\t\t\t\t<\/div>\n\t\t","protected":false},"excerpt":{"rendered":"<p>Om Luggudegillet Ur Luggudegillets stadgar:\u00a0 Luggudegillet har till \u00e4ndam\u00e5l att studera, sprida intresse f\u00f6r och k\u00e4nnedom om, levandeg\u00f6ra samt f\u00f6ra vidare svensk folklig kultur.\u00a0 Verksamheten omfattar huvudsakligen omr\u00e5dena dans, lek, musik, s\u00e5ng, kl\u00e4dskick, hantverk, matkultur, folktro samt seder och bruk. Verksamheten skall bedrivas under kamratliga och sunda former, s\u00e5 att kontakterna mellan olika \u00e5ldrar fr\u00e4mjas &hellip;<\/p>\n<p class=\"read-more\"> <a class=\"\" href=\"https:\/\/folkdansringen.se\/luggudegillet\/elementor-358\/\"> <span class=\"screen-reader-text\">Om<\/span> L\u00e4s mer &raquo;<\/a><\/p>\n","protected":false},"author":1,"featured_media":0,"parent":0,"menu_order":0,"comment_status":"closed","ping_status":"closed","template":"","meta":[],"_links":{"self":[{"href":"https:\/\/folkdansringen.se\/luggudegillet\/wp-json\/wp\/v2\/pages\/358"}],"collection":[{"href":"https:\/\/folkdansringen.se\/luggudegillet\/wp-json\/wp\/v2\/pages"}],"about":[{"href":"https:\/\/folkdansringen.se\/luggudegillet\/wp-json\/wp\/v2\/types\/page"}],"author":[{"embeddable":true,"href":"https:\/\/folkdansringen.se\/luggudegillet\/wp-json\/wp\/v2\/users\/1"}],"replies":[{"embeddable":true,"href":"https:\/\/folkdansringen.se\/luggudegillet\/wp-json\/wp\/v2\/comments?post=358"}],"version-history":[{"count":4,"href":"https:\/\/folkdansringen.se\/luggudegillet\/wp-json\/wp\/v2\/pages\/358\/revisions"}],"predecessor-version":[{"id":763,"href":"https:\/\/folkdansringen.se\/luggudegillet\/wp-json\/wp\/v2\/pages\/358\/revisions\/763"}],"wp:attachment":[{"href":"https:\/\/folkdansringen.se\/luggudegillet\/wp-json\/wp\/v2\/media?parent=358"}],"curies":[{"name":"wp","href":"https:\/\/api.w.org\/{rel}","templated":true}]}}