{"id":723,"date":"2021-07-10T15:52:19","date_gmt":"2021-07-10T13:52:19","guid":{"rendered":"https:\/\/folkdansringen.se\/klippan\/?page_id=723"},"modified":"2021-10-18T09:22:49","modified_gmt":"2021-10-18T07:22:49","slug":"bilder-2021","status":"publish","type":"page","link":"https:\/\/folkdansringen.se\/klippan\/bilder-2021\/","title":{"rendered":"Bilder Fr\u00e5n 2021"},"content":{"rendered":"\n<figure class=\"wp-block-image size-large\"><a href=\"https:\/\/folkdansringen.se\/klippan\/wp-content\/uploads\/2021\/10\/Vandring-2021-10-17-1.jpg\"><img loading=\"lazy\" decoding=\"async\" width=\"1024\" height=\"712\" src=\"https:\/\/folkdansringen.se\/klippan\/wp-content\/uploads\/2021\/10\/Vandring-2021-10-17-1-1024x712.jpg\" alt=\"\" class=\"wp-image-794\" srcset=\"https:\/\/folkdansringen.se\/klippan\/wp-content\/uploads\/2021\/10\/Vandring-2021-10-17-1-1024x712.jpg 1024w, https:\/\/folkdansringen.se\/klippan\/wp-content\/uploads\/2021\/10\/Vandring-2021-10-17-1-300x209.jpg 300w, https:\/\/folkdansringen.se\/klippan\/wp-content\/uploads\/2021\/10\/Vandring-2021-10-17-1-768x534.jpg 768w, https:\/\/folkdansringen.se\/klippan\/wp-content\/uploads\/2021\/10\/Vandring-2021-10-17-1.jpg 1306w\" sizes=\"auto, (max-width: 1024px) 100vw, 1024px\" \/><\/a><figcaption>Tack Gunnar Cato f\u00f6r guidningen det var en mycket trevlig och informativ runda l\u00e4ngs Landborgspromenaden i HBG<\/figcaption><\/figure>\n\n\n\n<figure class=\"wp-block-image size-large\"><a href=\"https:\/\/folkdansringen.se\/klippan\/wp-content\/uploads\/2021\/09\/20210908_201718-scaled.jpg\"><img loading=\"lazy\" decoding=\"async\" width=\"1024\" height=\"576\" src=\"https:\/\/folkdansringen.se\/klippan\/wp-content\/uploads\/2021\/09\/20210908_201718-1024x576.jpg\" alt=\"\" class=\"wp-image-769\" srcset=\"https:\/\/folkdansringen.se\/klippan\/wp-content\/uploads\/2021\/09\/20210908_201718-1024x576.jpg 1024w, https:\/\/folkdansringen.se\/klippan\/wp-content\/uploads\/2021\/09\/20210908_201718-300x169.jpg 300w, https:\/\/folkdansringen.se\/klippan\/wp-content\/uploads\/2021\/09\/20210908_201718-768x432.jpg 768w, https:\/\/folkdansringen.se\/klippan\/wp-content\/uploads\/2021\/09\/20210908_201718-1536x864.jpg 1536w, https:\/\/folkdansringen.se\/klippan\/wp-content\/uploads\/2021\/09\/20210908_201718-2048x1152.jpg 2048w\" sizes=\"auto, (max-width: 1024px) 100vw, 1024px\" \/><\/a><figcaption>P\u00e5 \u00c5rsm\u00f6tet 2021 blev Marie Johansson mottagen med 10 \u00e5rs-m\u00e4rket samt  uppvaktades i efterskott med Blommor . Lena mottog 5 \u00e5rs-m\u00e4rket samt  uppvaktades i efterskott med Blommor .<br \/><\/figcaption><\/figure>\n\n\n\n<figure class=\"wp-block-image size-large is-resized\"><img loading=\"lazy\" decoding=\"async\" src=\"http:\/\/folkdansringen.se\/klippan\/wp-content\/uploads\/2021\/07\/IMG_2935-1024x768.jpg\" alt=\"\" class=\"wp-image-710\" width=\"494\" height=\"371\" srcset=\"https:\/\/folkdansringen.se\/klippan\/wp-content\/uploads\/2021\/07\/IMG_2935-1024x768.jpg 1024w, https:\/\/folkdansringen.se\/klippan\/wp-content\/uploads\/2021\/07\/IMG_2935-300x225.jpg 300w, https:\/\/folkdansringen.se\/klippan\/wp-content\/uploads\/2021\/07\/IMG_2935-768x576.jpg 768w, https:\/\/folkdansringen.se\/klippan\/wp-content\/uploads\/2021\/07\/IMG_2935-1536x1152.jpg 1536w, https:\/\/folkdansringen.se\/klippan\/wp-content\/uploads\/2021\/07\/IMG_2935-2048x1536.jpg 2048w\" sizes=\"auto, (max-width: 494px) 100vw, 494px\" \/><\/figure>\n\n\n\n<figure class=\"wp-block-image size-large is-resized is-style-default\"><a href=\"http:\/\/folkdansringen.se\/klippan\/wp-content\/uploads\/2021\/07\/IMG_2936-scaled.jpg\"><img loading=\"lazy\" decoding=\"async\" src=\"http:\/\/folkdansringen.se\/klippan\/wp-content\/uploads\/2021\/07\/IMG_2936-1024x768.jpg\" alt=\"\" class=\"wp-image-711\" width=\"497\" height=\"373\" srcset=\"https:\/\/folkdansringen.se\/klippan\/wp-content\/uploads\/2021\/07\/IMG_2936-1024x768.jpg 1024w, https:\/\/folkdansringen.se\/klippan\/wp-content\/uploads\/2021\/07\/IMG_2936-300x225.jpg 300w, https:\/\/folkdansringen.se\/klippan\/wp-content\/uploads\/2021\/07\/IMG_2936-768x576.jpg 768w, https:\/\/folkdansringen.se\/klippan\/wp-content\/uploads\/2021\/07\/IMG_2936-1536x1152.jpg 1536w, https:\/\/folkdansringen.se\/klippan\/wp-content\/uploads\/2021\/07\/IMG_2936-2048x1536.jpg 2048w\" sizes=\"auto, (max-width: 497px) 100vw, 497px\" \/><\/a><\/figure>\n\n\n\n<p>V\u00e5r S\u00f6ndags promenad i Perstorp <\/p>\n\n\n\n<p>Fotograf Christer Nilsson<\/p>\n","protected":false},"excerpt":{"rendered":"<p>V\u00e5r S\u00f6ndags promenad i Perstorp Fotograf Christer Nilsson<\/p>\n","protected":false},"author":2,"featured_media":0,"parent":0,"menu_order":0,"comment_status":"closed","ping_status":"closed","template":"","meta":{"footnotes":""},"class_list":["post-723","page","type-page","status-publish","hentry"],"_links":{"self":[{"href":"https:\/\/folkdansringen.se\/klippan\/wp-json\/wp\/v2\/pages\/723","targetHints":{"allow":["GET"]}}],"collection":[{"href":"https:\/\/folkdansringen.se\/klippan\/wp-json\/wp\/v2\/pages"}],"about":[{"href":"https:\/\/folkdansringen.se\/klippan\/wp-json\/wp\/v2\/types\/page"}],"author":[{"embeddable":true,"href":"https:\/\/folkdansringen.se\/klippan\/wp-json\/wp\/v2\/users\/2"}],"replies":[{"embeddable":true,"href":"https:\/\/folkdansringen.se\/klippan\/wp-json\/wp\/v2\/comments?post=723"}],"version-history":[{"count":11,"href":"https:\/\/folkdansringen.se\/klippan\/wp-json\/wp\/v2\/pages\/723\/revisions"}],"predecessor-version":[{"id":798,"href":"https:\/\/folkdansringen.se\/klippan\/wp-json\/wp\/v2\/pages\/723\/revisions\/798"}],"wp:attachment":[{"href":"https:\/\/folkdansringen.se\/klippan\/wp-json\/wp\/v2\/media?parent=723"}],"curies":[{"name":"wp","href":"https:\/\/api.w.org\/{rel}","templated":true}]}}